{"id":10278,"date":"2023-05-04T12:26:26","date_gmt":"2023-05-04T04:26:26","guid":{"rendered":"https:\/\/230411wadmp3.adwebcloud.com\/%products_cat%\/calacatta-white-marble-slabs\/"},"modified":"2024-04-06T22:20:24","modified_gmt":"2024-04-06T14:20:24","slug":"calacatta-white-marble-slabs","status":"publish","type":"products","link":"https:\/\/whitemarblegranite.com\/hu\/product\/calacatta-white-marble-slabs\/","title":{"rendered":"Calacatta feh\u00e9r m\u00e1rv\u00e1nylapok"},"content":{"rendered":"<h3><span style=\"font-family: arial, helvetica, sans-serif; font-size: 18pt; color: #000000;\"><strong>Luxus 18 mm-es pol\u00edrozott Calacatta feh\u00e9r m\u00e1rv\u00e1ny lapok j\u00e1rda lapokhoz \u00e9s munkalapokhoz<\/strong><\/span><\/h3>\n<p><span style=\"font-family: arial, helvetica, sans-serif; font-size: 14pt; color: #000000;\">100% term\u00e9szetes Calacatta feh\u00e9r m\u00e1rv\u00e1ny lapok, lapok \u00e9s nyers blokkok Olaszorsz\u00e1gb\u00f3l sz\u00e1rmaznak, \u00e9s korl\u00e1tozott el\u00e9rhet\u0151s\u00e9g\u00fck valamint a vil\u00e1gszerte nagy kereslet miatt nagyon \u00e9rt\u00e9kesek. A lapok nagyon finom szemcs\u00e9sek \u00e9s s\u00falyosabb, er\u0151sebb erekkel rendelkeznek, ami klasszikus megjelen\u00e9st k\u00f6lcs\u00f6n\u00f6z nekik.<\/span><\/p>\n<p><span style=\"font-family: arial, helvetica, sans-serif; font-size: 14pt; color: #000000;\">A Calacatta feh\u00e9r m\u00e1rv\u00e1ny lapok term\u00e9szetess\u00e9ge \u00e9s luxus jellege, magas min\u0151s\u00e9g\u0171 aur\u00e1ja \u00e9s text\u00far\u00e1ja r\u00e9v\u00e9n, a sima \u00e9s \u00e9les sz\u00fcrke vonalak egyszer\u0171 atmoszf\u00e9r\u00e1val, a v\u00e9gtelen feh\u00e9rs\u00e9g k\u00f6rvonalaz\u00e1s\u00e1val, vadonat\u00faj \u00e9s gy\u00f6ny\u00f6r\u0171 k\u00e9pk\u00e9nt, csendes versk\u00e9nt, semmilyen felt\u0171n\u0151 d\u00edsz\u00edt\u00e9ssel nem tark\u00edtva, ink\u00e1bb nemes st\u00edlust mutat, m\u0171v\u00e9szet \u00e9s \u00e9leter\u0151 ragyog\u00f3 otthoni t\u00e9r\u00e9t.<\/span><\/p>\n<p><span style=\"font-family: arial, helvetica, sans-serif; font-size: 14pt; color: #000000;\">A Feh\u00e9r Calacatta m\u00e1rv\u00e1nylapok szabadon p\u00e1ros\u00edthat\u00f3k k\u00fcl\u00f6nb\u00f6z\u0151 terekkel, hogy kiel\u00e9g\u00edts\u00e9k a k\u00fcl\u00f6nb\u00f6z\u0151 csal\u00e1dok \u00e9s ter\u00fcletek ig\u00e9nyeit. Min\u0151s\u00e9gi dekor\u00e1ci\u00f3s hat\u00e1st kelthetnek a t\u00e9rben, interpret\u00e1lva a legvid\u00e1mabb eredetis\u00e9get \u00e9s bemutatva a term\u00e9szetes \u00e9s eredeti komfort\u00e9rzetet.<\/span><\/p>\n<figure id=\"attachment_494733\" aria-describedby=\"caption-attachment-494733\" style=\"width: 1100px\" class=\"wp-caption alignnone\"><img fetchpriority=\"high\" decoding=\"async\" src=\"http:\/\/whitemarblegranite.com\/wp-content\/uploads\/2023\/05\/Calacatta-White-Marble-Bathroom-Projects-Esta-Stone.webp\" alt=\"Calacatta feh\u00e9r m\u00e1rv\u00e1ny luxus f\u00fcrd\u0151szoba projektek-Esta Stone\" width=\"1100\" height=\"600\" class=\"wp-image-494733 size-full\" srcset=\"https:\/\/whitemarblegranite.com\/wp-content\/uploads\/2023\/05\/Calacatta-White-Marble-Bathroom-Projects-Esta-Stone.webp 1100w, https:\/\/whitemarblegranite.com\/wp-content\/uploads\/2023\/05\/Calacatta-White-Marble-Bathroom-Projects-Esta-Stone-300x164.webp 300w, https:\/\/whitemarblegranite.com\/wp-content\/uploads\/2023\/05\/Calacatta-White-Marble-Bathroom-Projects-Esta-Stone-1024x559.webp 1024w, https:\/\/whitemarblegranite.com\/wp-content\/uploads\/2023\/05\/Calacatta-White-Marble-Bathroom-Projects-Esta-Stone-768x419.webp 768w, https:\/\/whitemarblegranite.com\/wp-content\/uploads\/2023\/05\/Calacatta-White-Marble-Bathroom-Projects-Esta-Stone-18x10.webp 18w\" sizes=\"(max-width: 1100px) 100vw, 1100px\" \/><figcaption id=\"caption-attachment-494733\" class=\"wp-caption-text\">Calacatta feh\u00e9r m\u00e1rv\u00e1ny luxus f\u00fcrd\u0151szoba projektek-Esta Stone<\/figcaption><\/figure>\n<p><span style=\"font-family: arial, helvetica, sans-serif; font-size: 14pt; color: #000000;\">Ha olyan term\u00e9szetes k\u00f6vet keres, amely \u00f6r\u00f6k\u00f6s pomp\u00e1t \u00e9s luxust adhat az ingatlan\u00e1nak, akkor a Calacatta feh\u00e9r m\u00e1rv\u00e1ny az Esta STONE-t\u00f3l egy kiemelked\u0151 v\u00e1laszt\u00e1s. Ez a k\u00fcl\u00f6nleges m\u00e1rv\u00e1nyfajta prec\u00edz szerkezet\u00e9r\u0151l, term\u00e9szetes megjelen\u00e9s\u00e9r\u0151l \u00e9s text\u00far\u00e1j\u00e1r\u00f3l ismert, \u00e9s sz\u00e9les k\u00f6rben haszn\u00e1lj\u00e1k \u00e9p\u00edt\u00e9szek \u00e9s tervez\u0151k vil\u00e1gszerte.\u00a0<\/span><\/p>\n<table style=\"width: 100%; border-collapse: collapse; border-style: none; border-color: #ffffff; background-color: #ffffff;\">\n<tbody>\n<tr>\n<td style=\"width: 50%; border-style: none; border-color: #ffffff; background-color: #ffffff;\"><span style=\"font-family: arial, helvetica, sans-serif; font-size: 14pt; color: #000000;\"><strong>\u0170rhaj\u00f3z\u00e1si alkalmaz\u00e1s<\/strong><\/span><\/p>\n<p><span style=\"font-family: arial, helvetica, sans-serif; font-size: 14pt; color: #000000;\">\u25cfHotel (lobby)<\/span><\/p>\n<p><span style=\"font-family: arial, helvetica, sans-serif; font-size: 14pt; color: #000000;\">\u25cf Liftes szoba l\u00e9pcs\u0151je<\/span><\/p>\n<p><span style=\"font-family: arial, helvetica, sans-serif; font-size: 14pt; color: #000000;\">\u25cfHotel (lakoszt\u00e1ly)<\/span><\/p>\n<p><span style=\"font-family: arial, helvetica, sans-serif; font-size: 14pt; color: #000000;\">\u25cf \u00c9tterem \u00e9tterem<\/span><\/p>\n<p><span style=\"font-family: arial, helvetica, sans-serif; font-size: 14pt; color: #000000;\">\u25cfMall sz\u00f3rakoz\u00e1s (KTV, mozi, supermarket)<\/span><\/p>\n<p><span style=\"font-family: arial, helvetica, sans-serif; font-size: 14pt; color: #000000;\">\u25cf Bej\u00e1rati csarnok<\/span><\/p>\n<p><span style=\"font-family: arial, helvetica, sans-serif; font-size: 14pt; color: #000000;\">\u25cf \u00dczleti iroda\u00e9p\u00fclet<\/span><\/p>\n<p><span style=\"font-family: arial, helvetica, sans-serif; font-size: 14pt; color: #000000;\">\u25cf K\u00f3rh\u00e1zak\/gy\u00e1rak\/iskol\u00e1k\/rakt\u00e1rak<\/span><\/p>\n<p><span style=\"font-family: arial, helvetica, sans-serif; font-size: 14pt; color: #000000;\">\u25cf Nappali\/el\u0151szoba<\/span><\/p>\n<p><span style=\"font-family: arial, helvetica, sans-serif; font-size: 14pt; color: #000000;\">\u25cf Nyilv\u00e1nos f\u00fcrd\u0151szoba<\/span><\/p>\n<p><span style=\"font-family: arial, helvetica, sans-serif; font-size: 14pt; color: #000000;\">\u25cfEl\u0151szoba\/konyha<\/span><\/p>\n<p><span style=\"font-family: arial, helvetica, sans-serif; font-size: 14pt; color: #000000;\">\u25cf erk\u00e9ly\/f\u00fcrd\u0151szoba<\/span><\/td>\n<td style=\"width: 50%; border-style: none; border-color: #ffffff; background-color: #ffffff;\">\n<p><figure id=\"attachment_494730\" aria-describedby=\"caption-attachment-494730\" style=\"width: 500px\" class=\"wp-caption alignnone\"><img decoding=\"async\" src=\"http:\/\/whitemarblegranite.com\/wp-content\/uploads\/2023\/05\/Calacatta-White-Marble-Slabs.webp\" alt=\"Calacatta feh\u00e9r m\u00e1rv\u00e1nylapok\" width=\"500\" height=\"500\" class=\"wp-image-494730\" srcset=\"https:\/\/whitemarblegranite.com\/wp-content\/uploads\/2023\/05\/Calacatta-White-Marble-Slabs.webp 800w, https:\/\/whitemarblegranite.com\/wp-content\/uploads\/2023\/05\/Calacatta-White-Marble-Slabs-300x300.webp 300w, https:\/\/whitemarblegranite.com\/wp-content\/uploads\/2023\/05\/Calacatta-White-Marble-Slabs-150x150.webp 150w, https:\/\/whitemarblegranite.com\/wp-content\/uploads\/2023\/05\/Calacatta-White-Marble-Slabs-768x768.webp 768w, https:\/\/whitemarblegranite.com\/wp-content\/uploads\/2023\/05\/Calacatta-White-Marble-Slabs-12x12.webp 12w\" sizes=\"(max-width: 500px) 100vw, 500px\" \/><figcaption id=\"caption-attachment-494730\" class=\"wp-caption-text\">Calacatta feh\u00e9r m\u00e1rv\u00e1nylapok<\/figcaption><\/figure><\/td>\n<\/tr>\n<\/tbody>\n<\/table>\n<p><span style=\"font-family: arial, helvetica, sans-serif; font-size: 14pt; color: #000000;\">A Calacatta feh\u00e9r m\u00e1rv\u00e1ny egy olyan term\u00e9szetes k\u0151, amelyet Olaszorsz\u00e1gban b\u00e1ny\u00e1sznak \u00e9s a k\u00ednai Esta STSTONE gy\u00e1rban feldolgoznak, a fejlett olasz technol\u00f3gia seg\u00edts\u00e9g\u00e9vel. Ez az olasz Calacatta m\u00e1rv\u00e1nyfajta enyhe feh\u00e9r sz\u00ednnel rendelkezik, amely konvencion\u00e1lis m\u00e1rv\u00e1ny megjelen\u00e9st teremt tiszta, l\u00e1gy t\u00f3nusaival. Emellett s\u00f6t\u00e9tsz\u00fcrke \u00e9s fekete t\u00f3nus\u00fa erekkel rendelkezik a feh\u00e9r alapon, ami egyed\u00fcl\u00e1ll\u00f3 jellemz\u0151je ennek a 100% term\u00e9szetes Calacatta m\u00e1rv\u00e1nynak, amely term\u00e9szetes harm\u00f3ni\u00e1t teremt a fel\u00fcleten. Ez a kombin\u00e1ci\u00f3 a l\u00e1gy \u00e9s s\u00f6t\u00e9t t\u00f3nusok k\u00f6z\u00f6tt teszi a Calacatta feh\u00e9r m\u00e1rv\u00e1nyt egy sokoldal\u00fa luxus \u00e9p\u00edt\u0151k\u0151v\u00e9, amely sok exkluz\u00edv diz\u00e1jn st\u00edlusban haszn\u00e1lhat\u00f3.<\/span><\/p>\n<div class=\"adweb-template\">\n<div class=\"adweb-template adweb-template-3\">\n<h5 class=\"adweb-border-black-light\"><strong>Calacatta feh\u00e9r m\u00e1rv\u00e1ny lapok \u00e9s lapok standard m\u00e9retei<\/strong><\/h5>\n<\/div>\n<\/div>\n<p>&nbsp;<\/p>\n<p><span style=\"font-family: arial, helvetica, sans-serif; font-size: 14pt; color: #000000;\">A Calacatta m\u00e1rv\u00e1ny lapok \u00e9s lapok aj\u00e1nlottak k\u00fcl\u00f6nb\u00f6z\u0151 belt\u00e9ri alkalmaz\u00e1sokhoz, ahol elegancia k\u00edv\u00e1natos, bele\u00e9rtve a munkalapokat \u00e9s a h\u00e1tfalakat a konyh\u00e1ban. A Calacatta m\u00e1rv\u00e1ny munkalap lapok megtal\u00e1lhat\u00f3k a vezet\u0151i t\u00e1rgyal\u00f3kban \u00e9s a mai otthonokban.<\/span><\/p>\n<table width=\"100%\" border=\"2px\" cellspacing=\"0\" cellpadding=\"0\" class=\"table\" style=\"height: 200px; width: 100%; border-style: solid; border-color: #000000; background-color: #ffffff;\">\n<tbody>\n<tr class=\"firstRow\">\n<td valign=\"center\" style=\"border-style: solid; border-color: #000000; background-color: #ffffff;\"><span style=\"font-family: arial, helvetica, sans-serif; font-size: 14pt; color: #000000;\">A term\u00e9k neve:<\/span><\/td>\n<td valign=\"center\" style=\"border-style: solid; border-color: #000000; background-color: #ffffff;\"><span style=\"font-family: arial, helvetica, sans-serif; font-size: 14pt; color: #000000;\">Calacatta feh\u00e9r m\u00e1rv\u00e1ny lapok \u00e9s lapok luxus projektekhez<\/span><\/td>\n<\/tr>\n<tr>\n<td valign=\"center\" style=\"border-style: solid; border-color: #000000; background-color: #ffffff;\"><span style=\"font-family: arial, helvetica, sans-serif; font-size: 14pt; color: #000000;\">Anyag:<\/span><\/td>\n<td valign=\"center\" style=\"border-style: solid; border-color: #000000; background-color: #ffffff;\"><span style=\"font-family: arial, helvetica, sans-serif; font-size: 14pt; color: #000000;\">Calacatta feh\u00e9r m\u00e1rv\u00e1ny, Calacatta m\u00e1rv\u00e1ny, olasz feh\u00e9r m\u00e1rv\u00e1ny<\/span><\/td>\n<\/tr>\n<tr>\n<td valign=\"center\" style=\"border-style: solid; border-color: #000000; background-color: #ffffff;\"><span style=\"font-family: arial, helvetica, sans-serif; font-size: 14pt; color: #000000;\">Sz\u00edn:<\/span><\/td>\n<td valign=\"center\" style=\"border-style: solid; border-color: #000000; background-color: #ffffff;\"><span style=\"font-family: arial, helvetica, sans-serif; font-size: 14pt; color: #000000;\">Feh\u00e9r \u00e9s s\u00f6t\u00e9t sz\u00fcrke erek<\/span><\/td>\n<\/tr>\n<tr>\n<td valign=\"center\" rowspan=\"3\" style=\"border-style: solid; border-color: #000000; background-color: #ffffff;\"><span style=\"font-family: arial, helvetica, sans-serif; font-size: 14pt; color: #000000;\">M\u00e9ret:<\/span><\/td>\n<td valign=\"center\" style=\"border-style: solid; border-color: #000000; background-color: #ffffff;\"><span style=\"text-decoration: none; font-family: arial, helvetica, sans-serif; font-size: 14pt; color: #000000;\">El\u00e9rhet\u0151 csempe<\/span><br \/>\n<span style=\"font-family: arial, helvetica, sans-serif; font-size: 14pt; color: #000000;\">1212\u2032 12\u2033, \u201c4 24\u2032 24\u201d, \u201c2 12\u2032 24\u2033,\u201d stb <\/span><br \/>\n<span style=\"font-family: arial, helvetica, sans-serif; font-size: 14pt; color: #000000;\">300x300mm,300x600mm,400x400mm,600x600mm,600\u00d71200,800\u00d7800,etc<\/span><\/td>\n<\/tr>\n<tr>\n<td valign=\"center\" style=\"border-style: solid; border-color: #000000; background-color: #ffffff;\"><span style=\"text-decoration: none; font-family: arial, helvetica, sans-serif; font-size: 14pt; color: #000000;\">Nagy t\u00e1bla el\u00e9rhet\u0151 <\/span><br \/>\n<span style=\"font-family: arial, helvetica, sans-serif; font-size: 14pt; color: #000000;\">240cmUpx120UP<\/span><\/td>\n<\/tr>\n<tr>\n<td valign=\"center\" style=\"border-style: solid; border-color: #000000; background-color: #ffffff;\"><span style=\"font-family: arial, helvetica, sans-serif; font-size: 14pt; color: #000000;\">Egyedi specifik\u00e1ci\u00f3k \u00e1llnak rendelkez\u00e9sre<\/span><\/td>\n<\/tr>\n<tr>\n<td valign=\"center\" style=\"border-style: solid; border-color: #000000; background-color: #ffffff;\"><span style=\"font-family: arial, helvetica, sans-serif; font-size: 14pt; color: #000000;\">Vastags\u00e1gt\u0171r\u00e9s:<\/span><\/td>\n<td valign=\"center\" style=\"border-style: solid; border-color: #000000; background-color: #ffffff;\"><span style=\"font-family: arial, helvetica, sans-serif; font-size: 14pt; color: #000000;\">\u00b10\u00b10,05mm,\u00b11mm,\u00b11,5mm,\u00b12mm, a megrendel\u0151 min\u0151s\u00e9gi k\u00f6vetelm\u00e9nyei szerint<\/span><\/td>\n<\/tr>\n<tr>\n<td valign=\"center\" style=\"border-style: solid; border-color: #000000; background-color: #ffffff;\"><span style=\"font-family: arial, helvetica, sans-serif; font-size: 14pt; color: #000000;\">Fel\u00fclet:<\/span><\/td>\n<td valign=\"center\" style=\"border-style: solid; border-color: #000000; background-color: #ffffff;\"><span style=\"font-family: arial, helvetica, sans-serif; font-size: 14pt; color: #000000;\">pol\u00edrozott<\/span><\/td>\n<\/tr>\n<tr>\n<td valign=\"center\" style=\"border-style: solid; border-color: #000000; background-color: #ffffff;\"><span style=\"font-family: arial, helvetica, sans-serif; font-size: 14pt; color: #000000;\">\u00c9lfeldolgoz\u00e1s:<\/span><\/td>\n<td valign=\"center\" style=\"border-style: solid; border-color: #000000; background-color: #ffffff;\"><span style=\"font-family: arial, helvetica, sans-serif; font-size: 14pt; color: #000000;\">Lecsatolt, lekerek\u00edtett, f\u00e9l bika orr, teljes bika orr, ceruza \u00e9le, ogee, r\u00e1diusz, stb<\/span><\/td>\n<\/tr>\n<tr>\n<td valign=\"center\" style=\"border-style: solid; border-color: #000000; background-color: #ffffff;\"><span style=\"font-family: arial, helvetica, sans-serif; font-size: 14pt; color: #000000;\">Csomagol\u00e1s:<\/span><\/td>\n<td valign=\"center\" style=\"border-style: solid; border-color: #000000; background-color: #ffffff;\"><span style=\"font-family: arial, helvetica, sans-serif; font-size: 14pt; color: #000000;\">Tenger\u00e1ll\u00f3 fa raklapok, fa k\u00f6tegek \u00e9s fa l\u00e1d\u00e1k<\/span><\/td>\n<\/tr>\n<tr>\n<td valign=\"center\" style=\"border-style: solid; border-color: #000000; background-color: #ffffff;\"><span style=\"font-family: arial, helvetica, sans-serif; font-size: 14pt; color: #000000;\">Alkalmaz\u00e1s:<\/span><\/td>\n<td valign=\"center\" style=\"border-style: solid; border-color: #000000; background-color: #ffffff;\"><span style=\"font-family: arial, helvetica, sans-serif; font-size: 14pt; color: #000000;\">Haszn\u00e1lhat\u00f3 padl\u00f3hoz, mint\u00e1hoz, falhoz, l\u00e9pcs\u0151h\u00f6z, f\u00fcrd\u0151szob\u00e1hoz, munkalapokhoz, mosd\u00f3pultokhoz, bels\u0151 d\u00edsz\u00edt\u00e9shez, stb<\/span><\/td>\n<\/tr>\n<tr>\n<td valign=\"center\" style=\"border-style: solid; border-color: #000000; background-color: #ffffff;\"><span style=\"font-family: arial, helvetica, sans-serif; font-size: 14pt; color: #000000;\">Sz\u00e1ll\u00edt\u00e1si id\u0151:<\/span><\/td>\n<td valign=\"center\" style=\"border-style: solid; border-color: #000000; background-color: #ffffff;\"><span style=\"font-family: arial, helvetica, sans-serif; font-size: 14pt; color: #000000;\">15-20 nap norm\u00e1l m\u00e9ret eset\u00e9n<\/span><\/td>\n<\/tr>\n<tr>\n<td valign=\"center\" style=\"border-style: solid; border-color: #000000; background-color: #ffffff;\"><span style=\"font-family: arial, helvetica, sans-serif; font-size: 14pt; color: #000000;\">Tan\u00fas\u00edtv\u00e1ny:<\/span><\/td>\n<td valign=\"center\" style=\"border-style: solid; border-color: #000000; background-color: #ffffff;\"><span style=\"font-family: arial, helvetica, sans-serif; font-size: 14pt; color: #000000;\">CE, SGS<\/span><\/td>\n<\/tr>\n<tr>\n<td valign=\"center\" style=\"border-style: solid; border-color: #000000; background-color: #ffffff;\"><span style=\"font-family: arial, helvetica, sans-serif; font-size: 14pt; color: #000000;\">Fizet\u00e9si felt\u00e9telek:<\/span><\/td>\n<td valign=\"center\" style=\"border-style: solid; border-color: #000000; background-color: #ffffff;\"><span style=\"font-family: arial, helvetica, sans-serif; font-size: 14pt; color: #000000;\">T\/T, L\/C, D\/P<\/span><\/td>\n<\/tr>\n<tr>\n<td valign=\"center\" style=\"border-style: solid; border-color: #000000; background-color: #ffffff;\"><span style=\"font-family: arial, helvetica, sans-serif; font-size: 14pt; color: #000000;\">Min\u0151s\u00e9g- \u00e9s sz\u00e1ll\u00edt\u00e1sbiztos\u00edt\u00e1s :<\/span><\/td>\n<td valign=\"center\" style=\"border-style: solid; border-color: #000000; background-color: #ffffff;\"><span style=\"font-family: arial, helvetica, sans-serif; font-size: 14pt; color: #000000;\">A gy\u00e1rt\u00e1si folyamat sor\u00e1n, az anyagv\u00e1laszt\u00e1st\u00f3l a gy\u00e1rt\u00e1sig \u00e9s a csomagol\u00e1sig, QC-szolg\u00e1latunk szigor\u00faan ellen\u0151rzi minden darabot \u00e9s minden folyamatot, hogy biztos\u00edtsa a min\u0151s\u00e9gi szabv\u00e1nyokat \u00e9s a hat\u00e1rid\u0151re t\u00f6rt\u00e9n\u0151 sz\u00e1ll\u00edt\u00e1st.<\/span><\/td>\n<\/tr>\n<\/tbody>\n<\/table>\n<p>&nbsp;<\/p>\n<div class=\"adweb-template\">\n<div class=\"adweb-template adweb-template-3\">\n<h5 class=\"adweb-border-black-light\"><strong>Pol\u00edrozott 18 mm vastags\u00e1g\u00fa Calacatta feh\u00e9r m\u00e1rv\u00e1ny lapok rakt\u00e1rakban | Esta Stone<\/strong><\/h5>\n<\/div>\n<\/div>\n<p>&nbsp;<\/p>\n<p><span style=\"font-family: arial, helvetica, sans-serif; font-size: 14pt; color: #000000;\">A Feh\u00e9r Calacatta m\u00e1rv\u00e1ny egyik legfontosabb tulajdons\u00e1ga a tart\u00f3ss\u00e1ga. Ez<strong><a href=\"https:\/\/whitemarblegranite.com\/hu\/luxury-marble\/\"> luxus m\u00e1rv\u00e1ny<\/a><\/strong> k\u0151 ak\u00e1r t\u00f6bb ezer \u00e9vig is kitart, ahogy azt a Mediterr\u00e1neum t\u00e9rs\u00e9g\u00e9ben tal\u00e1lhat\u00f3 t\u00f6rt\u00e9nelmi \u00e9p\u00fcletek is bizony\u00edtj\u00e1k, amelyek ma is \u00e1llnak. Ez teszi a Calacatta m\u00e1rv\u00e1ny lapokat \u00e9s lapokat \u00e9rz\u00e9keny befektet\u00e9snek azoknak a tulajdonosoknak, akik szeretn\u00e9k fokozni h\u00e1zaik k\u00f6lts\u00e9g\u00e9t \u00e9s sz\u00e9ps\u00e9g\u00e9t.<\/span><\/p>\n<ul>\n<li>\n<h4><strong><span style=\"font-family: arial, helvetica, sans-serif; font-size: 14pt; color: #000000;\">Calacatta feh\u00e9r m\u00e1rv\u00e1ny belt\u00e9ri \u00e9s k\u00fclt\u00e9ri csomagol\u00e1sai<\/span><\/strong><\/h4>\n<\/li>\n<\/ul>\n<p><span style=\"font-family: arial, helvetica, sans-serif; font-size: 14pt; color: #000000;\">A Calacatta feh\u00e9r m\u00e1rv\u00e1ny lapok \u00e9s lapok belt\u00e9ri \u00e9s k\u00fclt\u00e9ri csomagol\u00e1sokhoz is haszn\u00e1lhat\u00f3k. Mint homlokzat \u00e9s v\u00e9d\u0151ruha, ez a luxus feh\u00e9r m\u00e1rv\u00e1nyk\u0151 sok egyedi padl\u00f3 \u00e9s fel\u00fclet eset\u00e9ben haszn\u00e1lhat\u00f3. A Calacatta feh\u00e9r m\u00e1rv\u00e1ny lapok egy remek v\u00e1gya a padl\u00f3knak \u00e9s burkolatoknak belt\u00e9ri alkalmaz\u00e1sokhoz. A gy\u00f3gyn\u00f6v\u00e9nyes text\u00far\u00e1j\u00fa \u00e9s sima fel\u00fclete teszi a legjobb v\u00e1laszt\u00e1st a nappalikhoz, vend\u00e9gszob\u00e1khoz \u00e9s m\u00e1s ingatlan ter\u00fcletekhez, amelyek egy kis sz\u00e9ps\u00e9gre \u00e9s rangra v\u00e1gynak. Ezenk\u00edv\u00fcl v\u00edz\u00e1ll\u00f3 szerkezete miatt padl\u00f3lapokk\u00e9nt \u00e9s falburkolati anyagk\u00e9nt is haszn\u00e1lhat\u00f3 a mosd\u00f3khoz, f\u00fcrd\u0151kh\u00f6z \u00e9s konyhapadl\u00f3khoz.<\/span><\/p>\n<table style=\"width: 100%; border-collapse: collapse; border-style: none; border-color: #ffffff; background-color: #ffffff;\">\n<tbody>\n<tr>\n<td style=\"width: 50%; border-style: none; border-color: #ffffff; background-color: #ffffff;\">\n<p><figure id=\"attachment_494731\" aria-describedby=\"caption-attachment-494731\" style=\"width: 500px\" class=\"wp-caption alignnone\"><img decoding=\"async\" src=\"http:\/\/whitemarblegranite.com\/wp-content\/uploads\/2023\/05\/Italian-Calacatta-Marble-Slabs.webp\" alt=\"Calacatta feh\u00e9r m\u00e1rv\u00e1ny pol\u00edrozott lapok\" width=\"500\" height=\"500\" class=\"wp-image-494731\" srcset=\"https:\/\/whitemarblegranite.com\/wp-content\/uploads\/2023\/05\/Italian-Calacatta-Marble-Slabs.webp 800w, https:\/\/whitemarblegranite.com\/wp-content\/uploads\/2023\/05\/Italian-Calacatta-Marble-Slabs-300x300.webp 300w, https:\/\/whitemarblegranite.com\/wp-content\/uploads\/2023\/05\/Italian-Calacatta-Marble-Slabs-150x150.webp 150w, https:\/\/whitemarblegranite.com\/wp-content\/uploads\/2023\/05\/Italian-Calacatta-Marble-Slabs-768x768.webp 768w, https:\/\/whitemarblegranite.com\/wp-content\/uploads\/2023\/05\/Italian-Calacatta-Marble-Slabs-12x12.webp 12w\" sizes=\"(max-width: 500px) 100vw, 500px\" \/><figcaption id=\"caption-attachment-494731\" class=\"wp-caption-text\">Calacatta feh\u00e9r m\u00e1rv\u00e1ny pol\u00edrozott lapok<\/figcaption><\/figure><\/td>\n<td style=\"width: 50%; border-style: none; border-color: #ffffff; background-color: #ffffff;\">\n<p><figure id=\"attachment_494729\" aria-describedby=\"caption-attachment-494729\" style=\"width: 500px\" class=\"wp-caption alignnone\"><img loading=\"lazy\" decoding=\"async\" src=\"http:\/\/whitemarblegranite.com\/wp-content\/uploads\/2023\/05\/Calacatta-Marble-Polished-Slabs.webp\" alt=\"Pol\u00edrozott Calacatta m\u00e1rv\u00e1ny lapok\" width=\"500\" height=\"500\" class=\"wp-image-494729\" srcset=\"https:\/\/whitemarblegranite.com\/wp-content\/uploads\/2023\/05\/Calacatta-Marble-Polished-Slabs.webp 800w, https:\/\/whitemarblegranite.com\/wp-content\/uploads\/2023\/05\/Calacatta-Marble-Polished-Slabs-300x300.webp 300w, https:\/\/whitemarblegranite.com\/wp-content\/uploads\/2023\/05\/Calacatta-Marble-Polished-Slabs-150x150.webp 150w, https:\/\/whitemarblegranite.com\/wp-content\/uploads\/2023\/05\/Calacatta-Marble-Polished-Slabs-768x768.webp 768w, https:\/\/whitemarblegranite.com\/wp-content\/uploads\/2023\/05\/Calacatta-Marble-Polished-Slabs-12x12.webp 12w\" sizes=\"(max-width: 500px) 100vw, 500px\" \/><figcaption id=\"caption-attachment-494729\" class=\"wp-caption-text\">Pol\u00edrozott Calacatta m\u00e1rv\u00e1ny lapok<\/figcaption><\/figure><\/td>\n<\/tr>\n<\/tbody>\n<\/table>\n<p><span style=\"font-family: arial, helvetica, sans-serif; font-size: 14pt; color: #000000;\">A belt\u00e9ri programok mellett a Calacatta feh\u00e9r m\u00e1rv\u00e1ny k\u00fclt\u00e9ri feladatokra is haszn\u00e1lhat\u00f3. A strapab\u00edr\u00f3s\u00e1ga \u00e9s az id\u0151j\u00e1r\u00e1si \u00e9s h\u0151m\u00e9rs\u00e9kleti v\u00e1ltoz\u00e1sokkal szembeni ellen\u00e1ll\u00e1sa teszi a Calacatta pol\u00edrozott m\u00e1rv\u00e1nyt t\u00f6k\u00e9letess\u00e9 k\u00fclt\u00e9ri padl\u00f3khoz \u00e9s falburkolati rendszerekhez. Haszn\u00e1lhat\u00f3 ajt\u00f3khoz, teraszokhoz, utakhoz, erk\u00e9lyekhez \u00e9s m\u00e1s olyan ter\u00fcletekre, ahol term\u00e9szetes, divatos megjelen\u00e9st szeretn\u00e9nk teremteni.<\/span><\/p>\n<table style=\"width: 100%; border-collapse: collapse; border-style: none; border-color: #ffffff; background-color: #ffffff;\">\n<tbody>\n<tr>\n<td style=\"width: 50%; border-style: none; border-color: #ffffff; background-color: #ffffff;\">\n<ul>\n<li>\n<h4><strong><span style=\"font-family: arial, helvetica, sans-serif; font-size: 14pt; color: #000000;\">Calacatta feh\u00e9r m\u00e1rv\u00e1ny lapok \u00e9s lapok m\u00e9retei \u00e9s vastags\u00e1gai<\/span><\/strong><\/h4>\n<\/li>\n<\/ul>\n<p><span style=\"font-family: arial, helvetica, sans-serif; font-size: 14pt; color: #000000;\">A Calacatta feh\u00e9r m\u00e1rv\u00e1ny lapok \u00e9s csempe sz\u00e1mos m\u00e9retben \u00e9s vastags\u00e1gban kaphat\u00f3k, hogy illeszkedjenek egyedi ig\u00e9nyeikhez. A lapok \u00e1ltal\u00e1ban 2 cm \u00e9s 3 cm vastags\u00e1g\u00faak, \u00e9s a kiv\u00e1lasztott hosszra szabhat\u00f3k. A csemp\u00e9k standard m\u00e9retekben kaphat\u00f3k: 12\u2033x \u201c2\u201d, \u201c12\u201dx \u201c4\u201d, \u201c18\u201dx \u201c8\u201d, valamint 24\u2033x \u201d4\u201c. A csemp\u00e9k vastags\u00e1ga 3\/8\u2033\u2013t\u00f3l n\u00e9h\u00e1ny\/4\u2033-ig v\u00e1ltozhat. Ez a m\u00e9ret- \u00e9s vastags\u00e1gv\u00e1laszt\u00e1s lehet\u0151v\u00e9 teszi, hogy pontosan megtal\u00e1lj\u00e1k a megfelel\u0151 darabot a tervez\u00e9si munk\u00e1juk sor\u00e1n, legyen az egy kis mosd\u00f3 vagy egy nagy ajt\u00f3ter\u00fclet.<\/span><\/p>\n<ul>\n<li>\n<h4><strong><span style=\"font-family: arial, helvetica, sans-serif; font-size: 14pt; color: #000000;\">Hogyan kell gondozni a Calacatta feh\u00e9r m\u00e1rv\u00e1nyt<\/span><\/strong><\/h4>\n<\/li>\n<\/ul>\n<p><span style=\"font-family: arial, helvetica, sans-serif; font-size: 14pt; color: #000000;\">A Calacatta feh\u00e9r m\u00e1rv\u00e1ny term\u00e9szetes k\u0151, amelynek karbantart\u00e1sa bizonyos fel\u00faj\u00edt\u00e1st ig\u00e9nyel, \u00e9s rendk\u00edv\u00fcli. A foltok \u00e9s karcol\u00e1sok elker\u00fcl\u00e9se \u00e9rdek\u00e9ben javasolt, hogy a padl\u00f3t haszn\u00e1lat el\u0151tt bevonj\u00e1k v\u00edzz\u00e1r\u00f3 anyaggal. Fontos tov\u00e1bb\u00e1, hogy a ki\u00f6ml\u00f6tt folyad\u00e9kokat \u00e9s foltokat min\u00e9l hamarabb elt\u00e1vol\u00edts\u00e1k, enyhe tiszt\u00edt\u00f3szappal \u00e9s meleg v\u00edzzel kevert oldattal. Ker\u00fclj\u00fck a savas vagy kop\u00e1sra hajlamos tiszt\u00edt\u00f3szereket, mert ezek k\u00e1ros\u00edthatj\u00e1k a m\u00e1rv\u00e1ny padl\u00f3t. Megfelel\u0151 gondoz\u00e1s \u00e9s fel\u00faj\u00edt\u00e1s eset\u00e9n a Calacatta feh\u00e9r m\u00e1rv\u00e1ny \u00e9vtizedeken \u00e1t meg\u0151rizheti term\u00e9szetes sz\u00e9ps\u00e9g\u00e9t \u00e9s eleganci\u00e1j\u00e1t.<\/span><\/td>\n<td style=\"width: 50%; border-style: none; border-color: #ffffff; background-color: #ffffff;\">\n<p><figure id=\"attachment_494732\" aria-describedby=\"caption-attachment-494732\" style=\"width: 500px\" class=\"wp-caption alignnone\"><img loading=\"lazy\" decoding=\"async\" src=\"http:\/\/whitemarblegranite.com\/wp-content\/uploads\/2023\/05\/White-Calacatta-Marble-Polished-Slabs.webp\" alt=\"Pol\u00edrozott Calacatta m\u00e1rv\u00e1ny lapok\" width=\"500\" height=\"500\" class=\"wp-image-494732\" srcset=\"https:\/\/whitemarblegranite.com\/wp-content\/uploads\/2023\/05\/White-Calacatta-Marble-Polished-Slabs.webp 800w, https:\/\/whitemarblegranite.com\/wp-content\/uploads\/2023\/05\/White-Calacatta-Marble-Polished-Slabs-300x300.webp 300w, https:\/\/whitemarblegranite.com\/wp-content\/uploads\/2023\/05\/White-Calacatta-Marble-Polished-Slabs-150x150.webp 150w, https:\/\/whitemarblegranite.com\/wp-content\/uploads\/2023\/05\/White-Calacatta-Marble-Polished-Slabs-768x768.webp 768w, https:\/\/whitemarblegranite.com\/wp-content\/uploads\/2023\/05\/White-Calacatta-Marble-Polished-Slabs-12x12.webp 12w\" sizes=\"(max-width: 500px) 100vw, 500px\" \/><figcaption id=\"caption-attachment-494732\" class=\"wp-caption-text\">Pol\u00edrozott Calacatta m\u00e1rv\u00e1ny lapok<\/figcaption><\/figure><\/td>\n<\/tr>\n<\/tbody>\n<\/table>\n<p>&nbsp;<\/p>\n<p>Milyen luxus feh\u00e9r m\u00e1rv\u00e1nyt lehet v\u00e1s\u00e1rolni az Esta Stone-n\u00e1l<\/p>\n<table style=\"height: 18px; width: 100%; border-collapse: collapse; border-style: none; border-color: #ffffff; background-color: #ffffff;\">\n<tbody>\n<tr style=\"height: 18px;\">\n<td style=\"width: 50%; height: 18px; border-style: none; border-color: #ffffff; background-color: #ffffff;\">\n<figure id=\"attachment_493940\" aria-describedby=\"caption-attachment-493940\" style=\"width: 500px\" class=\"wp-caption alignnone\"><a href=\"https:\/\/whitemarblegranite.com\/hu\/product\/calacatta-viola-marble\/\"><img loading=\"lazy\" decoding=\"async\" src=\"https:\/\/data.adwebcloud.com\/public\/material\/230411wadmp3\/product\/ViolaCalacattaStone1_1697444161220.jpg\" alt=\"Calacatta Viola m\u00e1rv\u00e1ny\" width=\"500\" height=\"375\" class=\"wp-image-493940\" \/><\/a><figcaption id=\"caption-attachment-493940\" class=\"wp-caption-text\">Calacatta Viola m\u00e1rv\u00e1ny<\/figcaption><\/figure>\n<p><span style=\"font-family: arial, helvetica, sans-serif; font-size: 14pt; color: #000000;\"><a href=\"https:\/\/whitemarblegranite.com\/hu\/product\/calacatta-viola-marble\/\">Calacatta Viola marble<\/a> leny\u0171g\u00f6z\u0151 term\u00e9szetes k\u0151, amely eleganci\u00e1t \u00e9s kifinomults\u00e1got sug\u00e1roz. Jellemz\u0151 tulajdons\u00e1gai miatt nagyon keresett az enteri\u0151rtervez\u00e9s \u00e9s az \u00e9p\u00edt\u00e9szet ter\u00fclet\u00e9n. Ez a kiv\u00e1l\u00f3 lila Calacatta m\u00e1rv\u00e1ny jellemz\u0151je a f\u00e9ny\u0171z\u0151, kr\u00e9mfeh\u00e9r alap, amelyet er\u0151teljes, lila, b\u00edbor \u00e9s arany \u00e1rnyalat\u00fa erek sz\u0151nek \u00e1t. Az erek gyakran vastagok \u00e9s dr\u00e1maiak, \u00edgy mark\u00e1ns kontrasztot alkotnak a makul\u00e1tlan feh\u00e9r alappal. \u00a0<\/span><\/td>\n<td style=\"width: 50%; height: 18px; border-style: none; border-color: #ffffff; background-color: #ffffff;\">\n<figure id=\"attachment_494720\" aria-describedby=\"caption-attachment-494720\" style=\"width: 500px\" class=\"wp-caption alignnone\"><a href=\"https:\/\/whitemarblegranite.com\/hu\/product\/calacatta-statuario-marble\/\"><img loading=\"lazy\" decoding=\"async\" src=\"http:\/\/whitemarblegranite.com\/wp-content\/uploads\/2023\/05\/Polished-Statuario-Marble-Slabs.webp\" alt=\"Statuario feh\u00e9r m\u00e1rv\u00e1nylapok \" width=\"500\" height=\"500\" class=\"wp-image-494720\" srcset=\"https:\/\/whitemarblegranite.com\/wp-content\/uploads\/2023\/05\/Polished-Statuario-Marble-Slabs.webp 800w, https:\/\/whitemarblegranite.com\/wp-content\/uploads\/2023\/05\/Polished-Statuario-Marble-Slabs-300x300.webp 300w, https:\/\/whitemarblegranite.com\/wp-content\/uploads\/2023\/05\/Polished-Statuario-Marble-Slabs-150x150.webp 150w, https:\/\/whitemarblegranite.com\/wp-content\/uploads\/2023\/05\/Polished-Statuario-Marble-Slabs-768x768.webp 768w, https:\/\/whitemarblegranite.com\/wp-content\/uploads\/2023\/05\/Polished-Statuario-Marble-Slabs-12x12.webp 12w\" sizes=\"(max-width: 500px) 100vw, 500px\" \/><\/a><figcaption id=\"caption-attachment-494720\" class=\"wp-caption-text\">Statuario feh\u00e9r m\u00e1rv\u00e1nylapok<\/figcaption><\/figure>\n<p><span style=\"font-family: arial, helvetica, sans-serif; font-size: 14pt; color: #000000;\"><a href=\"https:\/\/whitemarblegranite.com\/hu\/product\/calacatta-statuario-marble\/\">Calacatta Statuario m\u00e1rv\u00e1ny<\/a> sz\u00e1mos k\u00fcl\u00f6nf\u00e9le fel\u00fcletkezel\u00e9ssel kaphat\u00f3, bele\u00e9rtve a pol\u00edrozottat, a csiszoltat, a k\u00f6nyv-p\u00e1ros\u00edtottat vagy az ereken \u00e1tfut\u00f3 (ereken p\u00e1ros\u00edtott) fel\u00fcletet. A Statuario feh\u00e9r m\u00e1rv\u00e1ny f\u00e9nyes fel\u00fcletv\u00e1laszt\u00e1sai letisztult megjelen\u00e9st ny\u00fajtanak, \u00edgy alkalmasok a pultokhoz, padl\u00f3khoz \u00e9s v\u00e1laszfalakhoz is.<\/span><br \/>\n<span style=\"font-family: arial, helvetica, sans-serif; font-size: 14pt; color: #000000;\">Ha megpr\u00f3b\u00e1lja \u00f6ssze\u00e1ll\u00edtani a Calacatta Statuario m\u00e1rv\u00e1nyt, van n\u00e9h\u00e1ny t\u00e9ma, amit nem szabad elfelejteni. Vegye figyelembe annak a ter\u00fcletnek a m\u00e9ret\u00e9t \u00e9s alakj\u00e1t, ahov\u00e1 a m\u00e1rv\u00e1nyt esetleg felszerelik. A Calacatta Statuario m\u00e1rv\u00e1ny k\u00fcl\u00f6nf\u00e9le m\u00e9retekben kaphat\u00f3, \u00edgy csak az \u00e1lmainak megfelel\u0151t v\u00e1laszthatja ki.<\/span><\/td>\n<\/tr>\n<\/tbody>\n<\/table>\n<p>&nbsp;<\/p>\n<div class=\"adweb-template\">\n<div class=\"adweb-template adweb-template-3\">\n<h5 class=\"adweb-border-black-light\"><strong>K\u00ednai vezet\u0151 Calacatta feh\u00e9r m\u00e1rv\u00e1nylapok \u00e9s m\u00e9retre v\u00e1gott csempe besz\u00e1ll\u00edt\u00f3 | Esta Stone<\/strong><\/h5>\n<\/div>\n<\/div>\n<p>&nbsp;<\/p>\n<p><span style=\"font-family: arial, helvetica, sans-serif; font-size: 14pt; color: #000000;\"><img decoding=\"async\" src=\"http:\/\/whitemarblegranite.com\/wp-content\/uploads\/2023\/product\/06\/202103171731465343e39244aa44028ba655a5ce5ecf8c.jpg\" alt=\"41\" \/><\/span><\/p>\n<p><span style=\"font-family: arial, helvetica, sans-serif; font-size: 14pt; color: #000000;\">1. k\u00e9rd\u00e9s: Mi az a Calacatta m\u00e1rv\u00e1ny?<\/span><\/p>\n<p><span style=\"font-family: arial, helvetica, sans-serif; font-size: 14pt; color: #000000;\">A: A Calacatta m\u00e1rv\u00e1ny Olaszorsz\u00e1gb\u00f3l sz\u00e1rmazik, \u00e9s korl\u00e1tozott el\u00e9rhet\u0151s\u00e9ge valamint a vil\u00e1gszerte magas kereslete miatt nagyon \u00e9rt\u00e9kes. A lapok gy\u00f6ny\u00f6r\u0171 rajzolat\u00faak, s\u00falyosabb, er\u0151teljesebb erekkel \u00e9s klasszikus megjelen\u00e9ssel.<\/span><\/p>\n<p><span style=\"font-family: arial, helvetica, sans-serif; font-size: 14pt; color: #000000;\">2. k\u00e9rd\u00e9s: Honnan sz\u00e1rmazik a Calacatta m\u00e1rv\u00e1ny?<\/span><\/p>\n<p><span style=\"font-family: arial, helvetica, sans-serif; font-size: 14pt; color: #000000;\">A: A Calacatta feh\u00e9r m\u00e1rv\u00e1ny Olaszorsz\u00e1gb\u00f3l sz\u00e1rmazik, \u00e9s korl\u00e1tozott el\u00e9rhet\u0151s\u00e9ge valamint a vil\u00e1gszerte magas kereslete miatt nagyon \u00e9rt\u00e9kes. A lapok nagyon finom rajzolat\u00faak \u00e9s s\u00falyosabb, er\u0151teljesebb erekkel rendelkeznek, ami klasszikus megjelen\u00e9st k\u00f6lcs\u00f6n\u00f6z nekik.<\/span><\/p>\n<p><span style=\"font-family: arial, helvetica, sans-serif; font-size: 14pt; color: #000000;\">3. k\u00e9rd\u00e9s: Mi a legjobb m\u00e1rv\u00e1ny a f\u00fcrd\u0151szobai munkalapokhoz?<\/span><\/p>\n<p><span style=\"font-family: arial, helvetica, sans-serif; font-size: 14pt; color: #000000;\">A: Klasszikus, id\u0151tlen megjelen\u00e9se miatt a Calacatta m\u00e1rv\u00e1ny \u00e9vek \u00f3ta meghat\u00e1roz\u00f3 elem a f\u00fcrd\u0151szob\u00e1kban \u00e9s a konyhapultokn\u00e1l. Ha szereti a term\u00e9szetes k\u0151ben a dr\u00e1maibb ereket, akkor a Calacatta lehet a megfelel\u0151 v\u00e1laszt\u00e1s. A Carrara m\u00e1rv\u00e1ny a f\u00fcrd\u0151szoba dekor\u00e1ci\u00f3ja tekintet\u00e9ben az egyik legkifinomultabb v\u00e1laszt\u00e1s.<\/span><\/p>\n<p>&nbsp;<\/p>\n<figure id=\"attachment_494721\" aria-describedby=\"caption-attachment-494721\" style=\"width: 1100px\" class=\"wp-caption alignnone\"><img loading=\"lazy\" decoding=\"async\" src=\"http:\/\/whitemarblegranite.com\/wp-content\/uploads\/2023\/05\/Chinese-Leading-Natural-Marble-Tiles-Granite-Slabs-Quartz-Countertops-and-Slate-Pavers-Factory-Esta-Stone.jpg\" alt=\"K\u00ednai vezet\u0151 term\u00e9szetes Calacatta feh\u00e9r m\u00e1rv\u00e1nylapok, gr\u00e1nitlapok, kvarts pultok \u00e9s pal\u00e1b\u00f3l k\u00e9sz\u00fclt t\u00e9rk\u00f6vek gy\u00e1ra \u2013 Esta Stone\" width=\"1100\" height=\"511\" class=\"wp-image-494721 size-full\" srcset=\"https:\/\/whitemarblegranite.com\/wp-content\/uploads\/2023\/05\/Chinese-Leading-Natural-Marble-Tiles-Granite-Slabs-Quartz-Countertops-and-Slate-Pavers-Factory-Esta-Stone.jpg 1100w, https:\/\/whitemarblegranite.com\/wp-content\/uploads\/2023\/05\/Chinese-Leading-Natural-Marble-Tiles-Granite-Slabs-Quartz-Countertops-and-Slate-Pavers-Factory-Esta-Stone-300x139.jpg 300w, https:\/\/whitemarblegranite.com\/wp-content\/uploads\/2023\/05\/Chinese-Leading-Natural-Marble-Tiles-Granite-Slabs-Quartz-Countertops-and-Slate-Pavers-Factory-Esta-Stone-1024x476.jpg 1024w, https:\/\/whitemarblegranite.com\/wp-content\/uploads\/2023\/05\/Chinese-Leading-Natural-Marble-Tiles-Granite-Slabs-Quartz-Countertops-and-Slate-Pavers-Factory-Esta-Stone-768x357.jpg 768w, https:\/\/whitemarblegranite.com\/wp-content\/uploads\/2023\/05\/Chinese-Leading-Natural-Marble-Tiles-Granite-Slabs-Quartz-Countertops-and-Slate-Pavers-Factory-Esta-Stone-18x8.jpg 18w\" sizes=\"(max-width: 1100px) 100vw, 1100px\" \/><figcaption id=\"caption-attachment-494721\" class=\"wp-caption-text\">K\u00ednai vezet\u0151 term\u00e9szetes Calacatta feh\u00e9r m\u00e1rv\u00e1nylapok, gr\u00e1nitlapok, kvarts pultok \u00e9s pal\u00e1b\u00f3l k\u00e9sz\u00fclt t\u00e9rk\u00f6vek gy\u00e1ra \u2013 Esta Stone<\/figcaption><\/figure>\n<p>&nbsp;<\/p>","protected":false},"excerpt":{"rendered":"<p><span style=\"font-family: arial, helvetica, sans-serif; font-size: 12pt; color: #000000;\">Az elegancia \u00e9s a luxus cs\u00facsa az \u00e9vek \u00f3ta term\u00e9szetes olasz m\u00e1rv\u00e1ny, a Calacatta feh\u00e9r m\u00e1rv\u00e1ny az Esta Stone-n\u00e1l olyan id\u0151tlen diz\u00e1jnt k\u00edn\u00e1l, amely minden kereskedelmi \u00e9p\u00fcletbe \u00e9s luxus mag\u00e1n ingatlanba sug\u00e1rzik, ahov\u00e1 csak \u00e9rkezik. A Calacatta m\u00e1rv\u00e1nyt kontrasztos sz\u00fcrke erek jellemzik egy \u00e9l\u00e9nkfeh\u00e9r alapon, amely f\u00e9nyt \u00e9s \u00e9leter\u0151t hoz b\u00e1rmilyen tervez\u00e9shez. \u00c9leteken \u00e1t aktu\u00e1lis maradva, a Calacatta feh\u00e9r m\u00e1rv\u00e1ny ide\u00e1lis arra, hogy pazar hangulatot teremtsen a legexkluz\u00edvabb tereken. A Calacatta t\u00f6k\u00e9letes kifinomult konyh\u00e1k, f\u00fcrd\u0151szob\u00e1k \u00e9s hangs\u00falyos falak l\u00e9trehoz\u00e1s\u00e1ra.<\/span><\/p>\n<ul>\n<li><span style=\"font-family: arial, helvetica, sans-serif; font-size: 12pt; color: #000000;\">M\u00e1rv\u00e1ny anyag: olasz luxus Calacatta feh\u00e9r m\u00e1rv\u00e1ny pol\u00edrozott lapok padl\u00f3lapokhoz \u00e9s f\u00fcrd\u0151szoba munkalapokhoz<\/span><\/li>\n<li><span style=\"font-family: arial, helvetica, sans-serif; font-size: 12pt; color: #000000;\">Feh\u00e9r m\u00e1rv\u00e1nylapok m\u00e9rete: 2400-2600\u00d71200-1400\u00d716\/18\/20\/30 mm<\/span><\/li>\n<li><span style=\"font-family: arial, helvetica, sans-serif; font-size: 12pt; color: #000000;\">Fel\u00fclet: Calacatta feh\u00e9r m\u00e1rv\u00e1nyhoz a legjobbak a pol\u00edrozott m\u00e1rv\u00e1nyok.<\/span><\/li>\n<li><span style=\"font-family: arial, helvetica, sans-serif; font-size: 12pt; color: #000000;\">M\u00e1rv\u00e1ny alkalmaz\u00e1s: F\u00fcgg\u0151 fal, konyhai munkalapok, f\u00fcrd\u0151szobai falburkolat<\/span><\/li>\n<li><span style=\"font-family: arial, helvetica, sans-serif; font-size: 12pt; color: #000000;\">MOQ :100 NM<\/span><\/li>\n<li><span style=\"font-family: arial, helvetica, sans-serif; font-size: 12pt; color: #000000;\">Term\u00e9szetes m\u00e1rv\u00e1ny padl\u00f3 \u00e9s fali csempe Factory: Esta Stone<\/span><\/li>\n<li><span style=\"font-family: arial, helvetica, sans-serif; font-size: 12pt; color: #000000;\">M\u00e1rv\u00e1ny eredeti: Olaszorsz\u00e1g<\/span><\/li>\n<li><span style=\"font-family: arial, helvetica, sans-serif; font-size: 12pt; color: #000000;\">M\u00e1rv\u00e1ny alkalmaz\u00e1sa: 60+ term\u00e9szetes feh\u00e9r m\u00e1rv\u00e1ny az Esta Stone M\u00e1rv\u00e1nygy\u00e1rban ide\u00e1lis lak\u00f3h\u00e1zakhoz, kereskedelmi \u00e9p\u00fcletekhez, luxushotelekhez, bev\u00e1s\u00e1rl\u00f3k\u00f6zpontokhoz, irodahelyis\u00e9gekhez \u00e9s t\u00f6rt\u00e9nelmi restaur\u00e1l\u00e1sokhoz.<\/span><\/li>\n<\/ul>","protected":false},"featured_media":494730,"template":"","adweb_product_categories":[88],"adweb_product_tags":[1088,30603,30606,1258,30600,30602,30605,30604,30436,30601],"class_list":["post-10278","products","type-products","status-publish","has-post-thumbnail","hentry","adweb_product_cat-marble-slabs","adweb_product_tag-calacatta-marble-slab","adweb_product_tag-calacatta-marbl","adweb_product_tag-calacatta-polished-marble","adweb_product_tag-calacatta-white-marble","adweb_product_tag-calacatta-white-marble-slab","adweb_product_tag-italian-calacatta-marble","adweb_product_tag-luxury-marble","adweb_product_tag-white-calacatta-marbl","adweb_product_tag-white-marble","adweb_product_tag-whit-calacatta-marbl-tils"],"gallery":[10282,10584,10585,494731,494730,494729,494732],"order":"0","acf":[],"_links":{"self":[{"href":"https:\/\/whitemarblegranite.com\/hu\/wp-json\/wp\/v2\/adweb_products\/10278","targetHints":{"allow":["GET"]}}],"collection":[{"href":"https:\/\/whitemarblegranite.com\/hu\/wp-json\/wp\/v2\/adweb_products"}],"about":[{"href":"https:\/\/whitemarblegranite.com\/hu\/wp-json\/wp\/v2\/types\/products"}],"wp:featuredmedia":[{"embeddable":true,"href":"https:\/\/whitemarblegranite.com\/hu\/wp-json\/wp\/v2\/media\/494730"}],"wp:attachment":[{"href":"https:\/\/whitemarblegranite.com\/hu\/wp-json\/wp\/v2\/media?parent=10278"}],"wp:term":[{"taxonomy":"adweb_product_cat","embeddable":true,"href":"https:\/\/whitemarblegranite.com\/hu\/wp-json\/wp\/v2\/adweb_product_categories?post=10278"},{"taxonomy":"adweb_product_tag","embeddable":true,"href":"https:\/\/whitemarblegranite.com\/hu\/wp-json\/wp\/v2\/adweb_product_tags?post=10278"}],"curies":[{"name":"wp","href":"https:\/\/api.w.org\/{rel}","templated":true}]}}