{"id":15225,"date":"2023-05-22T13:28:36","date_gmt":"2023-05-22T05:28:36","guid":{"rendered":"https:\/\/230411wadmp3.adwebcloud.com\/product\/white-quartz-island-countertop-2\/"},"modified":"2024-05-01T23:03:11","modified_gmt":"2024-05-01T15:03:11","slug":"white-quartz-island-countertop","status":"publish","type":"products","link":"https:\/\/whitemarblegranite.com\/hu\/product\/white-quartz-island-countertop\/","title":{"rendered":"Feh\u00e9r kvarc sziget munkalap"},"content":{"rendered":"<p><span style=\"font-family: arial, helvetica, sans-serif; font-size: 18px; color: #000000;\"><input type=\"hidden\" id=\"productID\" name=\"productID\" value=\"142495078\" \/><\/span><\/p>\n<h2 style=\"font-size: 20px;\"><span style=\"font-family: arial, helvetica, sans-serif; font-size: 24px; color: #000000;\"><strong>Sz\u00fcrke erekkel rendelkez\u0151 Calacatta feh\u00e9r kvarc sziget munkalap lak\u00f3h\u00e1zak konyhai projektekhez<\/strong><\/span><\/h2>\n<p><span style=\"font-family: arial, helvetica, sans-serif; font-size: 14pt; color: #000000;\">Amikor az eszt\u00e9tika \u00f6sszefut a praktikuss\u00e1ggal, gyakran valami l\u00e1tv\u00e1nyosat hoz l\u00e9tre, mint p\u00e9ld\u00e1ul egy feh\u00e9r kvarc munkalappal ell\u00e1tott konyhasziget. A term\u00e9szetes feh\u00e9r m\u00e1rv\u00e1ny anyagokkal ellent\u00e9tben a feh\u00e9r kvarc sziget munkalap vonz\u00f3, alacsony karbantart\u00e1st ig\u00e9nyl\u0151 v\u00e1laszt\u00e1st ny\u00fajt a h\u00e1ztulajdonosoknak, k\u00f6sz\u00f6nhet\u0151en nem por\u00f3zus fel\u00fclet\u00e9nek, amely v\u00edz- \u00e9s folt\u00e1ll\u00f3v\u00e1 teszi. B\u00e1r nincs h\u0151\u00e1ll\u00f3s\u00e1ga, tart\u00f3ss\u00e1ga \u00e9s tiszt\u00edthat\u00f3s\u00e1ga miatt a legt\u00f6bb bels\u0151\u00e9p\u00edt\u00e9szeti projektben el\u0151ny\u00f6s v\u00e1laszt\u00e1s.<\/span><\/p>\n<p><span style=\"font-family: arial, helvetica, sans-serif; font-size: 14pt; color: #000000;\">A f\u00fcrd\u0151szob\u00e1t\u00f3l a konyh\u00e1ig a kvarc k\u00f6ves fel\u00fcleteket elismerik az\u00e9rt, hogy b\u00e1rmilyen bels\u0151\u00e9p\u00edt\u00e9szeti st\u00edlusba z\u00f6kken\u0151mentesen illeszkednek. A Prefab Kvarc K\u00f6ves Topok sokoldal\u00fas\u00e1ga a fel\u00fclet\u00e9n el\u00e9rhet\u0151 sz\u00ednvari\u00e1ci\u00f3kt\u00f3l kezdve a pigment\u00e1l\u00e1son \u00e1t eg\u00e9szen a hib\u00e1tlan erezetig \u00e9s mint\u00e1zatig terjed. Nem csoda, hogy a Calacatta Feh\u00e9r Kvarc Sziget Munkalap olyan n\u00e9pszer\u0171v\u00e9 v\u00e1lt.<\/span><\/p>\n<figure id=\"attachment_494844\" aria-describedby=\"caption-attachment-494844\" style=\"width: 1100px\" class=\"wp-caption alignnone\"><img fetchpriority=\"high\" decoding=\"async\" title=\"Calacatta feh\u00e9r kvarc konyhai sziget munkalapok projektek Esta Stone\" src=\"http:\/\/whitemarblegranite.com\/wp-content\/uploads\/2023\/05\/Calacatta-White-Quartz-Kitchen-Island-Countertops-Projects-Esta-Stone.jpg\" alt=\"Calacatta feh\u00e9r kvarc konyhai sziget munkalapok projektek Esta Stone\" width=\"1100\" height=\"635\" class=\"size-full wp-image-494844\" srcset=\"https:\/\/whitemarblegranite.com\/wp-content\/uploads\/2023\/05\/Calacatta-White-Quartz-Kitchen-Island-Countertops-Projects-Esta-Stone.jpg 1100w, https:\/\/whitemarblegranite.com\/wp-content\/uploads\/2023\/05\/Calacatta-White-Quartz-Kitchen-Island-Countertops-Projects-Esta-Stone-300x173.jpg 300w, https:\/\/whitemarblegranite.com\/wp-content\/uploads\/2023\/05\/Calacatta-White-Quartz-Kitchen-Island-Countertops-Projects-Esta-Stone-1024x591.jpg 1024w, https:\/\/whitemarblegranite.com\/wp-content\/uploads\/2023\/05\/Calacatta-White-Quartz-Kitchen-Island-Countertops-Projects-Esta-Stone-768x443.jpg 768w, https:\/\/whitemarblegranite.com\/wp-content\/uploads\/2023\/05\/Calacatta-White-Quartz-Kitchen-Island-Countertops-Projects-Esta-Stone-18x10.jpg 18w\" sizes=\"(max-width: 1100px) 100vw, 1100px\" \/><figcaption id=\"caption-attachment-494844\" class=\"wp-caption-text\">Calacatta feh\u00e9r kvarc konyhai sziget munkalapok projektek Esta Stone<\/figcaption><\/figure>\n<ul>\n<li>\n<h4><strong><span style=\"font-family: arial, helvetica, sans-serif; font-size: 14pt; color: #000000;\">1. Mi\u00e9rt olyan elterjedtek a Feh\u00e9r Kvarc Sziget Munkalapok \u00e9s munkafel\u00fcletek az amerikai piacokon?<\/span><\/strong><\/h4>\n<\/li>\n<\/ul>\n<p><span style=\"font-family: arial, helvetica, sans-serif; font-size: 14pt; color: #000000;\">A Calacatta n\u00e9pszer\u0171s\u00e9g\u00e9nek n\u00f6veked\u00e9se a kvarc sziget munkalapokkal a lak\u00f3h\u00e1zakban az Egyes\u00fclt \u00c1llamokban \u00e9s Kanad\u00e1ban annak a t\u00f6k\u00e9letes form\u00e1k \u00e9s funkci\u00f3k elegy\u00e9nek a bizony\u00edt\u00e9ka \u2013 ezek a fel\u00fcletek vonzereje azokban a gy\u00f6ny\u00f6r\u0171 eszt\u00e9tik\u00e1ban, sokoldal\u00fas\u00e1gban \u00e9s a konyhai projektekben ny\u00fajtott praktikus el\u0151ny\u00f6kben rejlik.<\/span><\/p>\n<p>&nbsp;<\/p>\n<p>&nbsp;<\/p>\n<p><iframe width=\"1600\" height=\"897\" src=\"\/\/www.youtube.com\/embed\/XlRtl2nbB0s\" allowfullscreen=\"allowfullscreen\"><\/iframe><\/p>\n<p><span style=\"font-family: arial, helvetica, sans-serif; font-size: 14pt; color: #000000;\">Kezdve az eszt\u00e9tik\u00e1val, a kvarc tervez\u00e9si sokoldal\u00fas\u00e1ga ide\u00e1lis v\u00e1laszt\u00e1st jelent sz\u00e1mos otthon bels\u0151\u00e9p\u00edt\u00e9s\u00e9re. A kvarc m\u00e9rn\u00f6ki term\u00e9szete lehet\u0151v\u00e9 teszi a sz\u00ednv\u00e1ltozatok nagy t\u00e1rh\u00e1z\u00e1t. A k\u00e9sz\u00edt\u00e9s sor\u00e1n valamely ponton bekeverett pigmentekkel a feh\u00e9r Calacatta kvarc sziget munkalap sz\u00e1mos sz\u00edn- \u00e9s mintavari\u00e1ci\u00f3val \u00e1ll\u00edthat\u00f3 el\u0151. Azok sz\u00e1m\u00e1ra, akik tiszta, friss \u00e9s minimalista megjelen\u00e9st keresnek, egy feh\u00e9r kvarc cs\u00facs\u00fa konyhasziget kort\u00e1rs eleganci\u00e1t ny\u00fajt, amely z\u00f6kken\u0151mentesen illeszkedik a modern vagy hagyom\u00e1nyos bels\u0151\u00e9p\u00edt\u00e9szeti st\u00edlusokhoz.\u00a0<\/span><\/p>\n<figure id=\"attachment_494845\" aria-describedby=\"caption-attachment-494845\" style=\"width: 1100px\" class=\"wp-caption alignnone\"><img decoding=\"async\" title=\"Feh\u00e9r Calacatta Kvarts K\u0151 Szigetlap Projektek \u2013 Esta Stone 1\" src=\"http:\/\/whitemarblegranite.com\/wp-content\/uploads\/2023\/05\/White-Calacatta-Quartz-Stone-Island-Tops-Projects-Esta-Stone-1.jpg\" alt=\"Calacatta Feh\u00e9r Kvarts Szigetpult \u00e9s asztali fel\u00fclet projekt \u2013 Esta Stone \" width=\"1100\" height=\"635\" class=\"wp-image-494845 size-full\" srcset=\"https:\/\/whitemarblegranite.com\/wp-content\/uploads\/2023\/05\/White-Calacatta-Quartz-Stone-Island-Tops-Projects-Esta-Stone-1.jpg 1100w, https:\/\/whitemarblegranite.com\/wp-content\/uploads\/2023\/05\/White-Calacatta-Quartz-Stone-Island-Tops-Projects-Esta-Stone-1-300x173.jpg 300w, https:\/\/whitemarblegranite.com\/wp-content\/uploads\/2023\/05\/White-Calacatta-Quartz-Stone-Island-Tops-Projects-Esta-Stone-1-1024x591.jpg 1024w, https:\/\/whitemarblegranite.com\/wp-content\/uploads\/2023\/05\/White-Calacatta-Quartz-Stone-Island-Tops-Projects-Esta-Stone-1-768x443.jpg 768w, https:\/\/whitemarblegranite.com\/wp-content\/uploads\/2023\/05\/White-Calacatta-Quartz-Stone-Island-Tops-Projects-Esta-Stone-1-18x10.jpg 18w\" sizes=\"(max-width: 1100px) 100vw, 1100px\" \/><figcaption id=\"caption-attachment-494845\" class=\"wp-caption-text\">Calacatta Feh\u00e9r Kvarc Sziget Munkalap \u00e9s padlap projekt \u2013 Esta Stone<\/figcaption><\/figure>\n<p><span style=\"font-family: arial, helvetica, sans-serif; font-size: 18px; color: #000000;\"><span style=\"font-family: arial, helvetica, sans-serif; font-size: 14pt; color: #000000;\">Emellett a Feh\u00e9r Kvarc Sziget Top seg\u00edts\u00e9g\u00e9vel el\u00e9rhet\u0151 makul\u00e1tlan erezet \u00e9s mint\u00e1zat ut\u00e1nozhatja a term\u00e9szetes feh\u00e9r k\u00f6vek id\u0151t\u00e1ll\u00f3 sz\u00e9ps\u00e9g\u00e9t, mint a m\u00e1rv\u00e1ny \u00e9s a gr\u00e1nit, \u00edgy l\u00e9trehozva a Calacatta kvarc konyhasziget megjelen\u00e9s\u00e9t, amely r\u00e9g\u00f3ta kedvelt a h\u00e1zi bels\u0151\u00e9p\u00edt\u00e9sben.<\/span><\/span><\/p>\n<div class=\"adweb-template-3\">\n<h5 class=\"adweb-border-blue\"><strong class=\"adweb-blue\">Calacatta Feh\u00e9r Kvarc Sziget Munkalap \u00e9s lap m\u00e9retei<\/strong><\/h5>\n<\/div>\n<p>&nbsp;<\/p>\n<table border=\"2\" cellspacing=\"0\" cellpadding=\"2px\" class=\"table\" style=\"border-collapse: collapse; width: 100%; height: 200px; border-color: #000000; border-style: solid;\">\n<tbody>\n<tr class=\"firstRow\">\n<td><span style=\"font-family: arial, helvetica, sans-serif; font-size: 18px; color: #000000;\">Term\u00e9k neve<\/span><\/td>\n<td><span style=\"font-family: arial, helvetica, sans-serif; font-size: 18px; color: #000000;\">Magas min\u0151s\u00e9g\u0171, feh\u00e9r m\u00e1rv\u00e1ny kin\u00e9zet\u0171 mesters\u00e9ges calacatta kvarc lap \u00e1ra<\/span><\/td>\n<\/tr>\n<tr>\n<td><span style=\"font-family: arial, helvetica, sans-serif; font-size: 18px; color: #000000;\">Anyagok<\/span><\/td>\n<td><span style=\"font-family: arial, helvetica, sans-serif; font-size: 18px; color: #000000;\">94% kvarckrist\u00e1ly, 5% gyanta, sz\u00ednpigmentek \u00e9s egy\u00e9b anyagok.<\/span><\/td>\n<\/tr>\n<tr>\n<td><span style=\"font-family: arial, helvetica, sans-serif; font-size: 18px; color: #000000;\">Sz\u00ednes<\/span><\/td>\n<td><span style=\"font-family: arial, helvetica, sans-serif; font-size: 18px; color: #000000;\">Feh\u00e9r<\/span><\/td>\n<\/tr>\n<tr>\n<td rowspan=\"5\" colspan=\"1\"><span style=\"font-family: arial, helvetica, sans-serif; font-size: 18px; color: #000000;\">Specifik\u00e1ci\u00f3<\/span><\/td>\n<td><span style=\"font-family: arial, helvetica, sans-serif; font-size: 18px; color: #000000;\">Lapok m\u00e9rete: 3200x1600 mm; 3000\u00d71400 mm; 2440x760 mm stb.<\/span><\/td>\n<\/tr>\n<tr>\n<td style=\"word-break: break-all;\"><span style=\"font-family: arial, helvetica, sans-serif; font-size: 18px; color: #000000;\">M\u00e9retre v\u00e1gott: 600x600 mm, 300x300 mm, 600x300 mm stb.<\/span><\/td>\n<\/tr>\n<tr>\n<td><span style=\"font-family: arial, helvetica, sans-serif; font-size: 18px; color: #000000;\">Munkalap: 48*26\u2033. 70*26\u2033, 78*26\u2033, 96\u2033x26\u2033, 108\u2033x26\u2033<\/span><\/td>\n<\/tr>\n<tr>\n<td><span style=\"font-family: arial, helvetica, sans-serif; font-size: 18px; color: #000000;\">F\u00fcrd\u0151szoba munkalap: 22\u2033x25\u2033, 22\u2033x31\u2033, 22\u2033x37\u2033, 22\u2033x49\u2033, 22\u2033x61\u2033, 22\u2033x73\u2033<\/span><\/td>\n<\/tr>\n<tr>\n<td><span style=\"font-family: arial, helvetica, sans-serif; font-size: 18px; color: #000000;\">Sziget: 72\u2033x36\u2033, 96\u2033x36\u2033, 96\u2033x40\u2033, 108\u2033x44\u2033<\/span><\/td>\n<\/tr>\n<tr>\n<td><span style=\"font-family: arial, helvetica, sans-serif; font-size: 18px; color: #000000;\">Vastags\u00e1g<\/span><\/td>\n<td><span style=\"font-family: arial, helvetica, sans-serif; font-size: 18px; color: #000000;\">15mm, 18mm, 20mm, 30mm, 30mm<\/span><\/td>\n<\/tr>\n<tr>\n<td><span style=\"font-family: arial, helvetica, sans-serif; font-size: 18px; color: #000000;\">Fel\u00fclet<\/span><\/td>\n<td><span style=\"font-family: arial, helvetica, sans-serif; font-size: 18px; color: #000000;\">Pol\u00edrozott vagy testreszabott<\/span><\/td>\n<\/tr>\n<tr>\n<td><span style=\"font-family: arial, helvetica, sans-serif; font-size: 18px; color: #000000;\">Min\u0151s\u00e9gellen\u0151rz\u00e9s<\/span><\/td>\n<td><span style=\"font-family: arial, helvetica, sans-serif; font-size: 18px; color: #000000;\">Sz\u00edn\u00e1rnyalat-ellen\u0151rz\u00e9s, biztons\u00e1gos csomagol\u00e1s.<\/span><\/td>\n<\/tr>\n<tr>\n<td><span style=\"font-family: arial, helvetica, sans-serif; font-size: 18px; color: #000000;\">Alkalmaz\u00e1s<\/span><\/td>\n<td><span style=\"font-family: arial, helvetica, sans-serif; font-size: 18px; color: #000000;\">munkalapok, f\u00fcrd\u0151szoba munkalapok, konyhai munkalapok, mos\u00f3konyha, asztallapok, szigetek,<\/span><br \/>\n<span style=\"font-family: arial, helvetica, sans-serif; font-size: 18px; color: #000000;\">b\u00e1rpultok, zuhanykabinok, k\u00e1dak burkolata, falburkolatok, l\u00e9pcs\u0151k<\/span><\/td>\n<\/tr>\n<tr>\n<td><span style=\"font-family: arial, helvetica, sans-serif; font-size: 18px; color: #000000;\">Csomagol\u00e1s<\/span><\/td>\n<td><span style=\"font-family: arial, helvetica, sans-serif; font-size: 18px; color: #000000;\">Tenger\u00e1ll\u00f3 fa l\u00e1da, raklap<\/span><\/td>\n<\/tr>\n<\/tbody>\n<\/table>\n<div class=\"adweb-template-3\">\n<h5 class=\"adweb-border-blue\"><strong class=\"adweb-blue\">Prefab Calacatta Feh\u00e9r Kvarc Sziget Munkalap \u00e9s Padlap az USA piacra<\/strong><\/h5>\n<\/div>\n<p>&nbsp;<\/p>\n<p><span style=\"font-family: arial, helvetica, sans-serif; font-size: 14pt; color: #000000;\">Tov\u00e1bb\u00e1 a feh\u00e9r kvarc v\u00edzes\u00e9s munkalap, egy m\u00e1sik egyre n\u00e9pszer\u0171bb v\u00e1laszt\u00e1s, luxust \u00e9s klasszicit csemp\u00e9sz a konyhaszigetekbe. \u00d6nt\u00f6z\u0151d\u0151 tervez\u00e9se folyamatosan k\u00f6veti a kvarc \u00e1raml\u00e1s\u00e1t a munkalap tetej\u00e9t\u0151l eg\u00e9szen a padl\u00f3ig, l\u00e9trehozva egy leny\u0171g\u00f6z\u0151 f\u00f3kuszpontot, amely kiemeli a feh\u00e9r kvarc sziget cs\u00facs\u00e1nak sz\u00e9ps\u00e9g\u00e9t.<\/span><\/p>\n<table style=\"width: 100%; border-collapse: collapse; border-style: none; border-color: #ffffff; background-color: #ffffff;\">\n<tbody>\n<tr>\n<td style=\"width: 50%; border-style: none; border-color: #ffffff; background-color: #ffffff;\"><span style=\"font-family: arial, helvetica, sans-serif; font-size: 14pt; color: #000000;\">A funkcionalit\u00e1s a feh\u00e9r kvarc sziget munkalapok n\u00e9pszer\u0171s\u00e9g\u00e9nek m\u00e1sik oka. A m\u00e9rn\u00f6ki kvarc fel\u00fcletek nem por\u00f3zusak, \u00edgy folt- \u00e9s v\u00edzk\u00e1rosod\u00e1sokkal szemben ellen\u00e1ll\u00f3ak, ami a konyhai k\u00f6rnyezetben, ahol gyakoriak a ki\u00f6ml\u00e9sek \u00e9s a rendetlens\u00e9g, nagy el\u0151ny. <\/span><\/p>\n<p><span style=\"font-family: arial, helvetica, sans-serif; font-size: 14pt; color: #000000;\">A term\u00e9szetes k\u00f6ves fel\u00fcletekkel ellent\u00e9tben a m\u00e9rn\u00f6ki Feh\u00e9r Kvarc Sziget Munkalap nem ig\u00e9nyel \u00e9ves pecs\u00e9tel\u00e9st, \u00edgy cs\u00f6kkenti a hossz\u00fa t\u00e1v\u00fa karbantart\u00e1st. B\u00e1r m\u00e1r nem h\u0151\u00e1ll\u00f3, a megfelel\u0151 gondoz\u00e1s \u00e9s a h\u0151p\u00e1rn\u00e1k vagy trivets haszn\u00e1lata seg\u00edthet fenntartani a kvarc munkalap hossz\u00fa \u00e9lettartam\u00e1t.<\/span><\/p>\n<p>&nbsp;<\/td>\n<td style=\"width: 50%; border-style: none; border-color: #ffffff; background-color: #ffffff;\">\n<p><figure id=\"attachment_452373\" aria-describedby=\"caption-attachment-452373\" style=\"width: 500px\" class=\"wp-caption alignnone\"><img decoding=\"async\" title=\"Feh\u00e9r kvarc sziget munkalap\" src=\"https:\/\/data.adwebcloud.com\/public\/material\/230411wadmp3\/product\/imageFile_1684733304865.jpg\" alt=\"Feh\u00e9r kvarc sziget munkalap\" width=\"500\" height=\"500\" class=\"wp-image-452373\" \/><figcaption id=\"caption-attachment-452373\" class=\"wp-caption-text\">Feh\u00e9r kvarc sziget munkalap<\/figcaption><\/figure><\/td>\n<\/tr>\n<\/tbody>\n<\/table>\n<p><span style=\"font-family: arial, helvetica, sans-serif; font-size: 14pt; color: #000000;\">Eg\u00e9szs\u00e9g\u00fcgyi szempontb\u00f3l a Feh\u00e9r Kvarc Sziget Munkalap nem por\u00f3zus jellege tov\u00e1bb\u00e1 higi\u00e9nikus v\u00e1laszt\u00e1st tesz bel\u0151le. Nem t\u00e1rol bakt\u00e9riumokat vagy v\u00edrusokat, ami megnyugtat\u00f3 tulajdons\u00e1g egy olyan fel\u00fcletn\u00e9l, amelyet gyakran haszn\u00e1lnak \u00e9telk\u00e9sz\u00edt\u00e9sre.<\/span><\/p>\n<table style=\"width: 100%; border-collapse: collapse; border-style: none; border-color: #ffffff; background-color: #ffffff;\">\n<tbody>\n<tr>\n<td style=\"width: 50%; border-style: none; border-color: #ffffff; background-color: #ffffff;\">\n<div class=\"mceTemp\"><img loading=\"lazy\" decoding=\"async\" title=\"feh\u00e9r-kvarts-sziget-pult48085015441\" src=\"http:\/\/whitemarblegranite.com\/wp-content\/uploads\/2023\/product\/10\/white-quartz-island-countertop48085015441.jpg\" alt=\"Calacatta Feh\u00e9r Kvarc Munkalap\" width=\"500\" height=\"500\" class=\"wp-image-231942\" srcset=\"https:\/\/whitemarblegranite.com\/wp-content\/uploads\/2023\/product\/10\/white-quartz-island-countertop48085015441.jpg 730w, https:\/\/whitemarblegranite.com\/wp-content\/uploads\/2023\/product\/10\/white-quartz-island-countertop48085015441-300x300.jpg 300w, https:\/\/whitemarblegranite.com\/wp-content\/uploads\/2023\/product\/10\/white-quartz-island-countertop48085015441-150x150.jpg 150w\" sizes=\"(max-width: 500px) 100vw, 500px\" \/>Calacatta Feh\u00e9r Kvarc Munkalap<\/div>\n<\/td>\n<td style=\"width: 50%; border-style: none; border-color: #ffffff; background-color: #ffffff;\"><span style=\"font-family: arial, helvetica, sans-serif; font-size: 14pt; color: #000000;\">A kvarc a legkem\u00e9nyebb \u00e1sv\u00e1nyok k\u00f6z\u00e9 tartozik a tart\u00f3ss\u00e1g szempontj\u00e1b\u00f3l, er\u0151ss\u00e9g\u00e9t pedig a bel\u0151le k\u00e9sz\u00fclt munkalapokra is r\u00e1ragasztja. Ezek a kvarc k\u00f6ves munkalapok ellen\u00e1llnak karcol\u00e1soknak, reped\u00e9seknek \u00e9s t\u00f6r\u00e9seknek, \u00edgy \u00e9vekig meg\u0151rzik a prizmatikus megjelen\u00e9s\u00fcket. Ez a tart\u00f3ss\u00e1g teszi a kvarcot kiv\u00e1l\u00f3 befektet\u00e9si lehet\u0151s\u00e9gg\u00e9 a h\u00e1ztulajdonosok sz\u00e1m\u00e1ra, akik a luxust \u00e9s a hossz\u00fa \u00e9lettartamot egyens\u00falyozz\u00e1k.<\/span><\/p>\n<p><span style=\"font-family: arial, helvetica, sans-serif; font-size: 14pt; color: #000000;\">Ezut\u00e1n a fenntarthat\u00f3s\u00e1g a m\u00e1sik ok, ami\u00e9rt a kvarc n\u00e9pszer\u0171 v\u00e1laszt\u00e1s. Mint m\u00e9rn\u00f6ki k\u0151, a Feh\u00e9r Kvarc Sziget Munkalap hat\u00e9konyabb \u00e9s k\u00f6rnyezetbar\u00e1tabb er\u0151forr\u00e1sfelhaszn\u00e1l\u00e1st tesz lehet\u0151v\u00e9, mint a term\u00e9szetes k\u00f6vek. Gy\u00e1rt\u00e1si folyamat\u00e1ban m\u00e1s ipar\u00e1gak hullad\u00e9kanyagait is felhaszn\u00e1lhatja, \u00edgy cs\u00f6kkenti k\u00f6rnyezeti l\u00e1bnyom\u00e1t.<\/span><\/td>\n<\/tr>\n<\/tbody>\n<\/table>\n<p><span style=\"font-family: arial, helvetica, sans-serif; font-size: 14pt; color: #000000;\">A Feh\u00e9r Kvarc Sziget Munkalap elismer\u00e9se az Egyes\u00fclt \u00c1llamokban \u00e9s Kanad\u00e1ban tal\u00e1lhat\u00f3 lak\u00f3h\u00e1zakban a gy\u00f6ny\u00f6r\u0171 eszt\u00e9tik\u00e1j\u00e1nak, sokoldal\u00fa bels\u0151\u00e9p\u00edt\u00e9szeti lehet\u0151s\u00e9geinek, a praktikus el\u0151nyeinek \u00e9s a fenntarthat\u00f3s\u00e1g\u00e1nak k\u00f6sz\u00f6nhet\u0151. Sz\u00e9ps\u00e9get, funkci\u00f3t \u00e9s tart\u00f3ss\u00e1got ny\u00fajtanak b\u00e1rmely konyh\u00e1nak, emelve a h\u00e1zak \u00e9rt\u00e9k\u00e9t \u00e9s vonzerej\u00e9t.<\/span><\/p>\n<table style=\"width: 100%; border-collapse: collapse; border-style: none; border-color: #ffffff; background-color: #ffffff;\">\n<tbody>\n<tr>\n<td style=\"width: 50%; border-style: none; border-color: #ffffff; background-color: #ffffff;\"><span style=\"font-family: arial, helvetica, sans-serif; font-size: 14pt; color: #000000;\">Praktikuss\u00e1g szempontj\u00e1b\u00f3l egy feh\u00e9r kvarc top-pal ell\u00e1tott konyhasziget a modern bels\u0151\u00e9p\u00edt\u00e9s fejl\u0151d\u00e9s\u00e9nek egyik bizony\u00edt\u00e9ka. M\u00e1r nemcsak l\u00e1tv\u00e1nyos diz\u00e1jn-k\u00f6zponti darabk\u00e9nt szolg\u00e1l; \u00e9rt\u00e9kes munkater\u00fcletet ny\u00fajt \u00e9telk\u00e9sz\u00edt\u00e9shez \u00e9s \u00f6sszej\u00f6vetelekhez. Azonban ahhoz, hogy a sziget k\u00e9pess\u00e9ge \u00e9s eszt\u00e9tikai vonzereje megmaradjon, elengedhetetlen, hogy ne terhelj\u00fck t\u00fal ezt a munkater\u00fcletet k\u00fcty\u00fckkel vagy dekor\u00e1ci\u00f3s elemekkel.<\/span><\/p>\n<p><span style=\"font-family: arial, helvetica, sans-serif; font-size: 14pt; color: #000000;\">A wisland\u2019srtz sziget cs\u00facsa tov\u00e1bb\u00e1 t\u00f6k\u00e9letesen illeszkedik a k\u00fcl\u00f6nb\u00f6z\u0151 diz\u00e1jnst\u00edlusokhoz. Kontrasztos elemet biztos\u00edt, amely felfokozza az eg\u00e9sz ter\u00fcletet, ha s\u00f6t\u00e9tebb sz\u00edn\u0171<\/span><\/p>\n<p><span style=\"font-family: arial, helvetica, sans-serif; font-size: 14pt; color: #000000;\">szekr\u00e9nyekkel p\u00e1ros\u00edtjuk. Ez a fel\u00e9rt\u00e9kel\u00e9s m\u00e9g mer\u00e9sz erezettel is el\u00e9rhet\u0151, \u00edgy a konyhasziget egy nyilv\u00e1nval\u00f3 d\u00edszt\u00e1rggy\u00e1 v\u00e1lhat.<\/span><\/p>\n<p><span style=\"font-family: arial, helvetica, sans-serif; font-size: 14pt; color: #000000;\">P\u00e9ld\u00e1ul egy Calacatta kvarts Waterfall-szigetlap, amely feh\u00e9r alapj\u00e1r\u00f3l, sz\u00fcrke \u00e9s arany erezet\u00e9r\u0151l ismert, b\u00e1rmely konyh\u00e1ban kiemelked\u0151 \u00e9kess\u00e9g lehet. Tov\u00e1bb\u00e1 egy feh\u00e9r kvarts waterfall konyhasziget, ahol a White Quartz Island Countertop anyag a sziget oldal\u00e1n lefolyik a f\u00f6ldre, l\u00e1tv\u00e1nyosan gy\u00f6ny\u00f6r\u0171 f\u00f3kuszpontot teremthet.<\/span><\/td>\n<td style=\"width: 50%; border-style: none; border-color: #ffffff; background-color: #ffffff;\">\n<p><figure id=\"attachment_231990\" aria-describedby=\"caption-attachment-231990\" style=\"width: 500px\" class=\"wp-caption alignnone\"><img loading=\"lazy\" decoding=\"async\" title=\"feh\u00e9r-kvarts-sziget-pult48088609310\" src=\"http:\/\/whitemarblegranite.com\/wp-content\/uploads\/2023\/product\/10\/white-quartz-island-countertop48088609310.jpg\" alt=\"Calacatta feh\u00e9r kvarts konyhapultok\" width=\"500\" height=\"500\" class=\"wp-image-231990\" srcset=\"https:\/\/whitemarblegranite.com\/wp-content\/uploads\/2023\/product\/10\/white-quartz-island-countertop48088609310.jpg 730w, https:\/\/whitemarblegranite.com\/wp-content\/uploads\/2023\/product\/10\/white-quartz-island-countertop48088609310-300x300.jpg 300w, https:\/\/whitemarblegranite.com\/wp-content\/uploads\/2023\/product\/10\/white-quartz-island-countertop48088609310-150x150.jpg 150w\" sizes=\"(max-width: 500px) 100vw, 500px\" \/><figcaption id=\"caption-attachment-231990\" class=\"wp-caption-text\">Calacatta feh\u00e9r kvarts konyhapultok<\/figcaption><\/figure><\/td>\n<\/tr>\n<\/tbody>\n<\/table>\n<p><span style=\"font-family: arial, helvetica, sans-serif; font-size: 14pt; color: #000000;\">Fontos megjegyezni, hogy a kvarts pultok v\u00e1ltozatos m\u00e9retekben \u00e9s form\u00e1kban szolg\u00e1lnak k\u00fcl\u00f6nleges bels\u0151 d\u00edsz\u00edt\u00e9si kezdem\u00e9nyez\u00e9sekhez \u2013 a divatos kvarts lapok gyakran 120\u2013130 h\u00fcvelyk hossz\u00faak \u00e9s k\u00f6r\u00fclbel\u00fcl 65 h\u00fcvelyk sz\u00e9lesek. Azonban a konyhaszigetet is mag\u00e1ban foglal\u00f3 egyedi projektek eset\u00e9n ezek a m\u00e9retek a konkr\u00e9t ig\u00e9nyek szerint testreszabhat\u00f3k.<\/span><\/p>\n<h6><strong><span style=\"font-size: 14pt; font-family: arial, helvetica, sans-serif; color: #000000;\">Milyen m\u00e1s kvarts pultok \u00e1llnak rendelkez\u00e9sre az Esta Stone Gy\u00e1rt\u00f3n\u00e1l?<\/span><\/strong><\/h6>\n<p><span style=\"font-family: arial, helvetica, sans-serif; font-size: 14pt; color: #000000;\">Az Esta Stone t\u00f6bb mint 100 exkluz\u00edv m\u00e9rn\u00f6ki kvarts k\u00f6ves sz\u00ednt k\u00edn\u00e1l prefabrik\u00e1lt konyha- \u00e9s f\u00fcrd\u0151szoba-pultokhoz. A Calacatta Kvarts Kollekci\u00f3 a megfelel\u0151 v\u00e1laszt\u00e1s a pultterveidhez. A Calacatta Feh\u00e9r Kvarts Pultok mellett egy m\u00e1sik aranyereges Calacatta Kvarts is n\u00e9pszer\u0171 a konyha- \u00e9s f\u00fcrd\u0151szobaprojektjeinkben.<\/span><\/p>\n<p>&nbsp;<\/p>\n<div class=\"adweb-template-44\">\n<div class=\"adweb-flex\">\n<div class=\"adweb-flex-l adweb-flex-item-auto adweb-padding-right2\">\n<table style=\"width: 100%; border-collapse: collapse; border-style: none; border-color: #ffffff; background-color: #ffffff;\">\n<tbody>\n<tr>\n<td style=\"width: 50%; border-style: none; border-color: #ffffff; background-color: #ffffff;\">\n<p><figure id=\"attachment_494840\" aria-describedby=\"caption-attachment-494840\" style=\"width: 500px\" class=\"wp-caption alignnone\"><a href=\"https:\/\/whitemarblegranite.com\/hu\/product\/quartz-countertop-calacatta-gold-quartz\/\"><img loading=\"lazy\" decoding=\"async\" title=\"Calacatta arany kvarc munkalapok a konyh\u00e1ban\" src=\"http:\/\/whitemarblegranite.com\/wp-content\/uploads\/2024\/05\/Calacatta-Oro-Quartz-Countertops.webp\" alt=\"Calacatta arany kvarc munkalapok a konyh\u00e1ban\" width=\"500\" height=\"500\" class=\"wp-image-494840\" srcset=\"https:\/\/whitemarblegranite.com\/wp-content\/uploads\/2024\/05\/Calacatta-Oro-Quartz-Countertops.webp 800w, https:\/\/whitemarblegranite.com\/wp-content\/uploads\/2024\/05\/Calacatta-Oro-Quartz-Countertops-300x300.webp 300w, https:\/\/whitemarblegranite.com\/wp-content\/uploads\/2024\/05\/Calacatta-Oro-Quartz-Countertops-150x150.webp 150w, https:\/\/whitemarblegranite.com\/wp-content\/uploads\/2024\/05\/Calacatta-Oro-Quartz-Countertops-768x768.webp 768w, https:\/\/whitemarblegranite.com\/wp-content\/uploads\/2024\/05\/Calacatta-Oro-Quartz-Countertops-12x12.webp 12w\" sizes=\"(max-width: 500px) 100vw, 500px\" \/><\/a><figcaption id=\"caption-attachment-494840\" class=\"wp-caption-text\">Calacatta Arany Kvarts Pultok a Konyh\u00e1hoz<\/figcaption><\/figure><\/td>\n<td style=\"width: 50%; border-style: none; border-color: #ffffff; background-color: #ffffff;\"><span style=\"font-family: arial, helvetica, sans-serif; font-size: 14pt; color: #000000;\">Az Esta Stone luxusa <a href=\"https:\/\/whitemarblegranite.com\/hu\/product\/quartz-countertop-calacatta-gold-quartz\/\" style=\"color: #000000;\">Kvarc munkalap Calacatta arany kvarc<\/a> leny\u0171g\u00f6z\u0151 text\u00fara, melyben s\u00e1rg\u00e1sarany barna erek futnak \u00e1t egy kr\u00e9mfeh\u00e9r \u00f6r\u00f6ks\u00e9gen. Ez a kombin\u00e1ci\u00f3 meleg \u00e9s cs\u00e1b\u00edt\u00f3 megjelen\u00e9st eredm\u00e9nyez, amely b\u00e1rmely helyis\u00e9gnek eleganci\u00e1t k\u00f6lcs\u00f6n\u00f6zhet az Esta Stone kvarts pultja Calacatta Arany Kvarts seg\u00edts\u00e9g\u00e9vel. A m\u00e9rn\u00f6ki kvarts lapot gondosan k\u00e9zzel faragt\u00e1k, s\u00f6t\u00e9tebb m\u00e1rv\u00e1nyos sz\u00fcrke k\u0151ereket alkalmazva, amelyek gy\u00f6ny\u00f6r\u0171en kontrasztban \u00e1llnak a vil\u00e1gosabb, csillog\u00f3 feh\u00e9r h\u00e1tterrel. Ak\u00e1r a konyhapultjaidat szeretn\u00e9d feljav\u00edtani, ak\u00e1r egy dr\u00e1ga hangulatot szeretn\u00e9l a f\u00fcrd\u0151szob\u00e1dba, a Calacatta Arany Kvarts kiv\u00e1l\u00f3 v\u00e1laszt\u00e1s.<\/span><\/td>\n<\/tr>\n<\/tbody>\n<\/table>\n<p>&nbsp;<\/p>\n<\/div>\n<\/div>\n<\/div>\n<p>&nbsp;<\/p>\n<div class=\"adweb-template-3\">\n<h5 class=\"adweb-border-blue\"><strong class=\"adweb-blue\">Professzion\u00e1lis kvarc konyhai munkalapok Factory<\/strong><\/h5>\n<\/div>\n<p>&nbsp;<\/p>\n<p><span style=\"font-family: arial, helvetica, sans-serif; font-size: 18px; color: #000000;\"><img decoding=\"async\" src=\"https:\/\/data.adwebcloud.com\/public\/material\/230411wadmp3\/product\/imageFile_1684733304670.jpg\" title=\"Kvarc k\u0151 \u00e9lek\" width=\"1100\" alt=\"Kvarc konyhai munkalapok \u00e9lek profilok-Esta k\u0151\" \/><\/span><\/p>\n<h4 style=\"font-size: 18px;\"><strong><span style=\"font-family: arial, helvetica, sans-serif; font-size: 18px; color: #000000;\">A kvarc munkalapok \u00e9s a Jumbo lemezek GYIK-je<\/span><\/strong><\/h4>\n<p><span style=\"font-family: arial, helvetica, sans-serif; font-size: 18px; color: #000000;\">Egy 3 cm-es k\u0151 dr\u00e1g\u00e1bb, mint egy 2 cm-es?<\/span><\/p>\n<p><span style=\"font-family: arial, helvetica, sans-serif; font-size: 18px; color: #000000;\">A. Azonban a k\u00e9sz k\u00f6lts\u00e9g \u00e1ltal\u00e1ban nagyon hasonl\u00f3. A vastagabb, 3 cm-es lapok extra k\u00f6lts\u00e9g\u00e9t ellens\u00falyozza a 2 cm-es anyagon alkalmazott lamin\u00e1l\u00e1si elj\u00e1r\u00e1s munkad\u00edja. A term\u00e9szetes k\u0151 \u00e1r\u00e1t f\u0151k\u00e9nt a ritkas\u00e1ga, a k\u0151b\u00e1ny\u00e1ba val\u00f3 hozz\u00e1f\u00e9r\u00e9s k\u00f6nny\u0171s\u00e9ge vagy neh\u00e9zs\u00e9ge, valamint a sz\u00e1ll\u00edt\u00e1si k\u00f6lts\u00e9gek befoly\u00e1solj\u00e1k. Ritka \u00e9s egzotikus anyagok eset\u00e9n a be\u00e9p\u00edtett 2 cm-es \u00e9s 3 cm-es pultok k\u00f6z\u00f6tti \u00e1rk\u00fcl\u00f6nbs\u00e9g m\u00e9g nyilv\u00e1nval\u00f3bb, mivel a plusz lapk\u00f6lts\u00e9g fel\u00fclm\u00falja a lamin\u00e1l\u00e1si munkad\u00edjat.<\/span><\/p>\n<p><span style=\"font-family: arial, helvetica, sans-serif; font-size: 18px; color: #000000;\">Mik a \u201dmegsz\u00fcntet\u00e9s\u201d elemek a konyha- \u00e9s f\u00fcrd\u0151szoba-konstrukci\u00f3kn\u00e1l,<\/span><span style=\"font-family: arial, helvetica, sans-serif; font-size: 18px;\"> \u201cvagy minden 2 cm-es pult v\u00e9g\u00e9n egy tov\u00e1bbi 1,5\u2033 sz\u00e9les anyagcs\u00edk van, amit a gy\u00e1rt\u00e1s sor\u00e1n lev\u00e1gtak? Ezt a darabot epoxival r\u00f6gz\u00edtik a pult als\u00f3 r\u00e9sz\u00e9hez a front\u00e9l\u00e9n, \u00edgy l\u00e9trej\u00f6n egy 4 cm (1,5\u2033) vastag \u00e9l. A pultokat eszt\u00e9tikai okokb\u00f3l lamin\u00e1lj\u00e1k; a dupla vastags\u00e1g hat\u00e1s\u00e1ra a pult massz\u00edvabbnak t\u0171nik. A 2 cm-es pultok alatt faforg\u00e1cslap alapot kell haszn\u00e1lni, \u00e9s a lamin\u00e1lt lel\u00f3g\u00f3 \u00e9l ezt a faforg\u00e1csot is elrejti a szem el\u0151l. Itt l\u00e1thatod a lamin\u00e1lt 2 cm-es \u00e9l r\u00e9szleteinek list\u00e1j\u00e1t.<\/span><\/p>\n<p><span style=\"color: #000000; font-family: arial, helvetica, sans-serif; font-size: 18px;\">Legyen sz\u00f3 Calacatta Feh\u00e9r Kvarts Konyhaszigetr\u0151l vagy feh\u00e9r kvarts v\u00edzes\u00e9ses pultr\u00f3l, a v\u00e1laszt\u00e1si lehet\u0151s\u00e9gek sz\u00e1mosak \u00e9s sokoldal\u00faak, \u00edgy ide\u00e1lisak k\u00fcl\u00f6nb\u00f6z\u0151 bels\u0151 \u00e9s k\u00fcls\u0151 d\u00edsz\u00edt\u00e9si \u00e9s \u00e9p\u00edt\u00e9si c\u00e9lokra. A falpanelekt\u0151l \u00e9s padl\u00f3burkolatokt\u00f3l kezdve a l\u00e9pcs\u0151k\u00f6n \u00e9s j\u00e1rd\u00e1kon \u00e1t a konyhaszigetekig \u00e9s f\u00fcrd\u0151szobai mosd\u00f3asztalokig a kvarts pultok p\u00e1ratlan elegyet hoznak a sz\u00e9ps\u00e9g \u00e9s a praktikuss\u00e1g k\u00f6z\u00f6tt.<\/span><\/p>\n<figure id=\"attachment_494721\" aria-describedby=\"caption-attachment-494721\" style=\"width: 1100px\" class=\"wp-caption alignnone\"><img loading=\"lazy\" decoding=\"async\" title=\"Chinese Leading Natural Marble Tiles, Granite Slabs, Quartz Countertops, and Slate Pavers Factory-Esta Stone\" src=\"http:\/\/whitemarblegranite.com\/wp-content\/uploads\/2023\/05\/Chinese-Leading-Natural-Marble-Tiles-Granite-Slabs-Quartz-Countertops-and-Slate-Pavers-Factory-Esta-Stone.jpg\" alt=\"K\u00ednai professzion\u00e1lis Calacatta Feh\u00e9r Kvarts Szigetpult \u00e9s munkafel\u00fclet gy\u00e1rt\u00f3 \u2013 Esta Stone\" width=\"1100\" height=\"511\" class=\"wp-image-494721 size-full\" srcset=\"https:\/\/whitemarblegranite.com\/wp-content\/uploads\/2023\/05\/Chinese-Leading-Natural-Marble-Tiles-Granite-Slabs-Quartz-Countertops-and-Slate-Pavers-Factory-Esta-Stone.jpg 1100w, https:\/\/whitemarblegranite.com\/wp-content\/uploads\/2023\/05\/Chinese-Leading-Natural-Marble-Tiles-Granite-Slabs-Quartz-Countertops-and-Slate-Pavers-Factory-Esta-Stone-300x139.jpg 300w, https:\/\/whitemarblegranite.com\/wp-content\/uploads\/2023\/05\/Chinese-Leading-Natural-Marble-Tiles-Granite-Slabs-Quartz-Countertops-and-Slate-Pavers-Factory-Esta-Stone-1024x476.jpg 1024w, https:\/\/whitemarblegranite.com\/wp-content\/uploads\/2023\/05\/Chinese-Leading-Natural-Marble-Tiles-Granite-Slabs-Quartz-Countertops-and-Slate-Pavers-Factory-Esta-Stone-768x357.jpg 768w, https:\/\/whitemarblegranite.com\/wp-content\/uploads\/2023\/05\/Chinese-Leading-Natural-Marble-Tiles-Granite-Slabs-Quartz-Countertops-and-Slate-Pavers-Factory-Esta-Stone-18x8.jpg 18w\" sizes=\"(max-width: 1100px) 100vw, 1100px\" \/><figcaption id=\"caption-attachment-494721\" class=\"wp-caption-text\">K\u00ednai professzion\u00e1lis Calacatta Feh\u00e9r Kvarts Szigetpult \u00e9s munkafel\u00fclet gy\u00e1rt\u00f3 \u2013 Esta Stone<\/figcaption><\/figure>\n<p>&nbsp;<\/p>\n<p><quillbot-extension-portal><\/quillbot-extension-portal><\/p>","protected":false},"excerpt":{"rendered":"<p><span style=\"font-family: arial, helvetica, sans-serif; font-size: 12pt; color: #000000;\">Embrace the elegance of artificial perfection in the form of the island countertop in your kitchen. Distinguished for its versatility and unmatched aesthetics, Calacatta White quartz stone offers a desirable alternative to natural stone materials with its engineered blend of resin and pigments. The gleaming allure of Calacatta White Quartz Island Countertop and the sophistication of white quartz waterfall countertops redefine luxury and convenience in every home, effortlessly merging style and function.<\/span><\/p>\n<ol>\n<li><span style=\"font-size: 12pt; font-family: arial, helvetica, sans-serif; color: #000000;\">M\u00e1rv\u00e1ny megjelen\u00e9s kvarc t\u00e9tel: Calacatta feh\u00e9r m\u00e1rv\u00e1nymint\u00e1s kvarc k\u0151 konyhai munkalapok: Calacatta feh\u00e9r m\u00e1rv\u00e1nymint\u00e1s kvarc k\u0151 konyhai munkalapok<\/span><\/li>\n<li><span style=\"font-size: 12pt; font-family: arial, helvetica, sans-serif; color: #000000;\">Artificial Quartz Color: Calacatta Quartz, White Marble Quartz, White Quartz<\/span><\/li>\n<li><span style=\"font-size: 12pt; font-family: arial, helvetica, sans-serif; color: #000000;\">Standard kvarclemezek: 3060x1440mm, 3260\u00d71640, vagy az \u00fcgyf\u00e9l k\u00e9r\u00e9se alapj\u00e1n.<\/span><\/li>\n<li><span style=\"font-size: 12pt; font-family: arial, helvetica, sans-serif; color: #000000;\">Quartz Countertop Sizes: 96\u2033\u00d736\u2033, 96\u2033\u00d725 1\/2\u2033, 96\u2033x16\u2033, 78\u2033\u00d736\u2033, 78\u2033\u00d725 1\/2\u2033, 72\u2033\u00d736\u2033<\/span><\/li>\n<li><span style=\"font-size: 12pt; font-family: arial, helvetica, sans-serif; color: #000000;\">Vastags\u00e1g: 20,30mm<\/span><\/li>\n<li><span style=\"font-size: 12pt; font-family: arial, helvetica, sans-serif; color: #000000;\">Fel\u00fclet: Pol\u00edrozott, csiszolt<\/span><\/li>\n<li><span style=\"font-size: 12pt; font-family: arial, helvetica, sans-serif; color: #000000;\">MOQ: 300 SQM<\/span><\/li>\n<li><span style=\"font-size: 12pt; font-family: arial, helvetica, sans-serif; color: #000000;\">Tervezett kvarc gy\u00e1r: Esta Stone<\/span><\/li>\n<li><span style=\"font-size: 12pt; font-family: arial, helvetica, sans-serif; color: #000000;\">Application: Esta Stone\u2019s Premium Quality Calacatta White Quartz Slabs are ideas for Homes, Hotels, Villas, Residences, Countertops, Bathroom Vanity Tops, tables, Backgrounds, Floor Tiles, Wall Tiles, etc<\/span><\/li>\n<\/ol>","protected":false},"featured_media":452342,"template":"","adweb_product_categories":[369,368],"adweb_product_tags":[28674,28862,28671,30736,30739,28859,107,30740,28670,28673,872,30737,28669,28856,28672,30738,30735],"class_list":["post-15225","products","type-products","status-publish","has-post-thumbnail","hentry","adweb_product_cat-quartz-countertops","adweb_product_cat-quartz-stone","adweb_product_tag-calacatta-quartz-kitchen-island","adweb_product_tag-calacatta-quartz-waterfall-island-tops","adweb_product_tag-calacatta-white-quartz-island-countertops","adweb_product_tag-calacatta-whit-quartz","adweb_product_tag-engineered-quartz-surfacs","adweb_product_tag-kitchen-island-white-quartz-top","adweb_product_tag-prefab-quartz-stone-tops","adweb_product_tag-quartz-stone-countertop","adweb_product_tag-quartz-stone-surface","adweb_product_tag-white-quartz","adweb_product_tag-white-quartz-island-countertop","adweb_product_tag-white-quartz-island-top","adweb_product_tag-white-quartz-top","adweb_product_tag-white-quartz-waterfall-countertop","adweb_product_tag-white-quartz-waterfall-kitchen-islands","adweb_product_tag-whit-calacatta-quartz-island-countertop","adweb_product_tag-whit-quartz-countertop"],"gallery":[452342,452373,231986,231970],"order":"0","acf":[],"_links":{"self":[{"href":"https:\/\/whitemarblegranite.com\/hu\/wp-json\/wp\/v2\/adweb_products\/15225","targetHints":{"allow":["GET"]}}],"collection":[{"href":"https:\/\/whitemarblegranite.com\/hu\/wp-json\/wp\/v2\/adweb_products"}],"about":[{"href":"https:\/\/whitemarblegranite.com\/hu\/wp-json\/wp\/v2\/types\/products"}],"wp:featuredmedia":[{"embeddable":true,"href":"https:\/\/whitemarblegranite.com\/hu\/wp-json\/wp\/v2\/media\/452342"}],"wp:attachment":[{"href":"https:\/\/whitemarblegranite.com\/hu\/wp-json\/wp\/v2\/media?parent=15225"}],"wp:term":[{"taxonomy":"adweb_product_cat","embeddable":true,"href":"https:\/\/whitemarblegranite.com\/hu\/wp-json\/wp\/v2\/adweb_product_categories?post=15225"},{"taxonomy":"adweb_product_tag","embeddable":true,"href":"https:\/\/whitemarblegranite.com\/hu\/wp-json\/wp\/v2\/adweb_product_tags?post=15225"}],"curies":[{"name":"wp","href":"https:\/\/api.w.org\/{rel}","templated":true}]}}