{"id":15251,"date":"2023-05-22T13:28:47","date_gmt":"2023-05-22T05:28:47","guid":{"rendered":"https:\/\/230411wadmp3.adwebcloud.com\/product\/prefabricated-marble-countertops-2\/"},"modified":"2023-08-18T22:18:53","modified_gmt":"2023-08-18T14:18:53","slug":"prefabricated-marble-countertops-2","status":"publish","type":"products","link":"https:\/\/whitemarblegranite.com\/hu\/product\/prefabricated-marble-countertops-2\/","title":{"rendered":"El\u0151re gy\u00e1rtott m\u00e1rv\u00e1ny munkalapok"},"content":{"rendered":"<p><span style=\"font-family: arial, helvetica, sans-serif; font-size: 18px; color: #000000;\"><input type=\"hidden\" id=\"productID\" name=\"productID\" value=\"143052792\" \/><\/span><\/p>\n<h2 style=\"font-size: 20px;\"><span style=\"font-family: arial, helvetica, sans-serif; font-size: 24px; color: #000000;\"><strong>El\u0151re gy\u00e1rtott Calacatta feh\u00e9r m\u00e1rv\u00e1ny konyhai munkalapok luxus ingatlan projektekhez<\/strong><\/span><\/h2>\n<p><span style=\"font-family: arial, helvetica, sans-serif; font-size: 18px;\">Az Esta Stone gondos kiv\u00e1laszt\u00e1sa \u00e9s pr\u00e9mium k\u00e9zm\u0171ves munk\u00e1ja r\u00e9v\u00e9n a m\u00e1rv\u00e1ny term\u00e9szetes var\u00e1zsa el\u00e9rhet\u0151v\u00e9 v\u00e1lik a lak\u00e1stulajdonosok sz\u00e1m\u00e1ra, akik az el\u0151regy\u00e1rtott m\u00e1rv\u00e1ny munkalapok var\u00e1zslatos luxus\u00e1t szeretn\u00e9k ter\u00fckbe vinni an\u00e9lk\u00fcl, hogy a k\u00f6lts\u00e9gvet\u00e9s\u00fcket meger\u0151ltetn\u00e9k. A gy\u00e1r kollekci\u00f3ja kiv\u00e1l\u00f3 min\u0151s\u00e9g\u0171 anyagok sokas\u00e1g\u00e1t \u00f6leli fel, a k\u00ednai m\u00e1rv\u00e1nyt\u00f3l \u00e9s az olasz luxusk\u0151t\u0151l kezdve a k\u00ednai gr\u00e1nitig, a brazil kvarcit k\u0151ig \u00e9s a m\u00e1rv\u00e1ny kin\u00e9zet\u0171 kvarck\u0151ig. Ezen anyagok mindegyike egyedi tulajdons\u00e1gokkal rendelkezik, amelyek megfelelnek a lak\u00e1stulajdonosok elt\u00e9r\u0151 \u00edzl\u00e9s\u00e9nek, st\u00edlus\u00e1nak \u00e9s funkcion\u00e1lis ig\u00e9nyeinek.<img fetchpriority=\"high\" decoding=\"async\" src=\"https:\/\/data.adwebcloud.com\/public\/material\/230411wadmp3\/product\/PrefabricatedCalacattamarble_1688634802820.jpg\" width=\"500\" height=\"375\" alt=\"El\u0151re gy\u00e1rtott Calacatta m\u00e1rv\u00e1ny konyhai v\u00edzes\u00e9s munkalapok-Esta Stone\" style=\"float: right;\" \/><\/span><\/p>\n<p><span style=\"font-family: arial, helvetica, sans-serif; font-size: 18px;\">Azok sz\u00e1m\u00e1ra, akik exkluz\u00edv megjelen\u00e9sre v\u00e1gynak, a Calacatta feh\u00e9r m\u00e1rv\u00e1ny a kollekci\u00f3 egyik gy\u00f6ngyszeme. Az olasz m\u00e1rv\u00e1nynak ez a ritka v\u00e1ltozata, amely a m\u00e9lysz\u00fcrke erezetekkel \u00e1tsz\u0151tt \u00e9s sz\u00f3rv\u00e1nyos vil\u00e1gossz\u00fcrke kiemelked\u00e9sekkel tark\u00edtott pazar feh\u00e9r v\u00e1szonr\u00f3l ismert, minden t\u00e9rbe pomp\u00e1s sz\u00ednt visz. Az el\u0151regy\u00e1rtott Calacatta m\u00e1rv\u00e1ny munkalap k\u0151 ritkas\u00e1ga \u00e9s min\u0151s\u00e9ge miatt keresett v\u00e1laszt\u00e1s az ig\u00e9nyes lak\u00e1stulajdonosok sz\u00e1m\u00e1ra, akik \u00e9rt\u00e9kelik a term\u00e9szet sz\u00e9ps\u00e9g\u00e9nek gazdags\u00e1g\u00e1t \u00e9s melegs\u00e9g\u00e9t.<\/span><\/p>\n<p><span style=\"font-family: arial, helvetica, sans-serif; font-size: 18px;\">Az anyagok sz\u00e9les sk\u00e1l\u00e1j\u00e1n k\u00edv\u00fcl az Esta Stone term\u00e9szetes m\u00e1rv\u00e1ny konyhai munkalap k\u00edn\u00e1lata a sz\u00ednek tekintet\u00e9ben is v\u00e1ltozatos. A klasszikus feh\u00e9rekt\u0151l kezdve, amelyek minimalista kifinomults\u00e1got sug\u00e1roznak, a dr\u00e1mai z\u00f6ldekig, amelyek figyelmet parancsolnak, \u00e9s a mer\u00e9sz feket\u00e9kig, amelyek m\u00e9lyrehat\u00f3 kijelent\u00e9st tesznek, nyolc l\u00e9legzetel\u00e1ll\u00edt\u00f3 sz\u00edn \u00e9s minta k\u00f6z\u00fcl v\u00e1laszthat. Ez a soksz\u00edn\u0171s\u00e9g biztos\u00edtja, hogy a lak\u00e1stulajdonosok megtal\u00e1lj\u00e1k a t\u00f6k\u00e9letes m\u00e1rv\u00e1ny munkalapot, amely rezon\u00e1l a szem\u00e9lyis\u00e9g\u00fckre \u00e9s illeszkedik otthonuk \u00e1ltal\u00e1nos designeszt\u00e9tik\u00e1j\u00e1hoz.<\/span><span style=\"font-family: arial, helvetica, sans-serif; font-size: 18px;\"><\/span><\/p>\n<p><span style=\"font-family: arial, helvetica, sans-serif; font-size: 18px;\">Az Esta Stone gy\u00e1r nem csak m\u00e1rv\u00e1nyk\u0151 munkalapokat k\u00edn\u00e1l. Kiterjedt portf\u00f3li\u00f3jukban falpanelek, padl\u00f3lapok, l\u00e9pcs\u0151k, burkolatok, falburkolatok \u00e9s mosd\u00f3fel\u00fcletek is szerepelnek. Ezekkel a k\u00edn\u00e1latukkal az Esta Stone c\u00e9lja, hogy teljes k\u00f6r\u0171 megold\u00e1sokat k\u00edn\u00e1ljon mind a bels\u0151, mind a k\u00fcls\u0151 dekor\u00e1ci\u00f3s \u00e9s \u00e9p\u00edt\u00e9si ig\u00e9nyekhez. Ezen t\u00falmen\u0151en term\u00e9keik az alkalmaz\u00e1sok sz\u00e9les sk\u00e1l\u00e1j\u00e1n tal\u00e1lnak hasznoss\u00e1got, a lak\u00f3projektekt\u0151l kezdve az otthonokt\u00f3l \u00e9s lak\u00e1sokt\u00f3l kezdve a kereskedelmi projektekig, mint p\u00e9ld\u00e1ul sz\u00e1llod\u00e1k, irodah\u00e1zak, k\u00f3rh\u00e1zak, iskol\u00e1k, bev\u00e1s\u00e1rl\u00f3k\u00f6zpontok stb.<\/span><\/p>\n<p><iframe width=\"1100\" height=\"420\" src=\"https:\/\/www.youtube.com\/embed\/zbTJAXMcZzQ\" allowfullscreen=\"allowfullscreen\"><\/iframe><\/p>\n<p><span style=\"font-family: arial, helvetica, sans-serif; font-size: 18px; color: #000000;\"><\/span><\/p>\n<div class=\"adweb-template-3\">\n<h5 class=\"adweb-border-blue\"><strong class=\"adweb-blue\">Term\u00e9szetes m\u00e1rv\u00e1ny munkalapok m\u00e9retei<\/strong><\/h5>\n<\/div>\n<p>&nbsp;<\/p>\n<p><span style=\"font-family: arial, helvetica, sans-serif; font-size: 18px; color: #000000;\"><\/span><\/p>\n<table border=\"2\" cellspacing=\"0\" cellpadding=\"2px\" class=\"table\" data-sort=\"sortDisabled\" style=\"border-collapse: collapse; width: 100%; height: 200px; border-color: #000000; border-style: solid;\">\n<tbody>\n<tr class=\"firstRow\">\n<td>\n<p><span style=\"color: #000000; font-family: arial, helvetica, sans-serif; font-size: 18px;\">Term\u00e9k neve<\/span><\/p>\n<\/td>\n<td><span style=\"font-family: arial, helvetica, sans-serif; font-size: 18px; color: #000000;\">&nbsp;M\u00e1rv\u00e1ny feh\u00e9r munkalapok konyhai \u00e9s f\u00fcrd\u0151szobai projektekhez az Esta Stone-t\u00f3l<\/span><\/td>\n<\/tr>\n<tr>\n<td rowspan=\"4\" colspan=\"1\">\n<p><span style=\"font-family: arial, helvetica, sans-serif; font-size: 18px; color: #000000;\">N\u00e9pszer\u0171 m\u00e9ret&nbsp;&nbsp;&nbsp;&nbsp;<\/span><\/p>\n<\/td>\n<td>\n<p><span style=\"font-family: arial, helvetica, sans-serif; font-size: 18px; color: #000000;\">&nbsp;Munkalap:<\/span><\/p>\n<\/td>\n<\/tr>\n<tr>\n<td style=\"word-break: break-all;\">\n<p><span style=\"font-family: arial, helvetica, sans-serif; font-size: 18px; color: #000000;\">&nbsp;96\u2033x26\u2033, 108\u2033x26\u2033, 96\u2033x36\u2033, 72\u2033x36\u2033, 72\u2033x36\u2033, 96\u2033x16\u2033 stb. &nbsp;<\/span><\/p>\n<p><span style=\"font-family: arial, helvetica, sans-serif; font-size: 18px; color: #000000;\">Vastags\u00e1g 3\/4\u2033, 1\/4\u2033&nbsp;<\/span><\/p>\n<\/td>\n<\/tr>\n<tr>\n<td>\n<p><span style=\"font-family: arial, helvetica, sans-serif; font-size: 18px; color: #000000;\">Hi\u00fas\u00e1gi fels\u0151:&nbsp;<\/span><\/p>\n<\/td>\n<\/tr>\n<tr>\n<td>\n<p><span style=\"font-family: arial, helvetica, sans-serif; font-size: 18px; color: #000000;\">&nbsp;25\u2033x22\u2033, 31 \"x22\", 37 \"x22\", 49 \"x22\", 61 \"x22\" stb. Vastags\u00e1g 3\/4\", 1\/4\"&nbsp;&nbsp;<\/span><\/p>\n<\/td>\n<\/tr>\n<tr>\n<td rowspan=\"1\" colspan=\"2\">\n<p><span style=\"font-family: arial, helvetica, sans-serif; font-size: 18px; color: #000000;\">&nbsp;B\u00e1rmilyen m\u00e9ret testre szabhat\u00f3.<\/span><\/p>\n<\/td>\n<\/tr>\n<tr>\n<td rowspan=\"2\" colspan=\"1\">\n<p><span style=\"font-family: arial, helvetica, sans-serif; font-size: 18px; color: #000000;\">Fizet\u00e9si hat\u00e1rid\u0151<\/span><\/p>\n<\/td>\n<td>\n<p><span style=\"font-family: arial, helvetica, sans-serif; font-size: 18px; color: #000000;\">1) 30% T\/T el\u0151leg \u00e9s egyenleg 70% T\/T B\/L m\u00e1solat vagy L\/C ellen\u00e9ben l\u00e1t\u00e1sra.<\/span><\/p>\n<\/td>\n<\/tr>\n<tr>\n<td style=\"word-break: break-all;\"><span style=\"font-family: arial, helvetica, sans-serif; font-size: 18px; color: #000000;\">2) M\u00e1s fizet\u00e9si felt\u00e9telek is rendelkez\u00e9sre \u00e1llnak t\u00e1rgyal\u00e1s ut\u00e1n.<\/span><\/td>\n<\/tr>\n<tr>\n<td rowspan=\"2\" colspan=\"1\">\n<p><span style=\"font-family: arial, helvetica, sans-serif; font-size: 18px; color: #000000;\">Csomagol\u00e1s \u00e9s sz\u00e1ll\u00edt\u00e1s<\/span><\/p>\n<\/td>\n<td>\n<p><span style=\"font-family: arial, helvetica, sans-serif; font-size: 18px; color: #000000;\">Gazdag tapasztalattal rendelkez\u0151 csapatunk van a probl\u00e9m\u00e1k kezel\u00e9s\u00e9re, hogy az \u00d6n \u00e1ltal kapott \u00e1ru megfeleljen az \u00d6n elv\u00e1r\u00e1sainak.<\/span><\/p>\n<\/td>\n<\/tr>\n<tr>\n<td style=\"word-break: break-all;\"><span style=\"font-family: arial, helvetica, sans-serif; font-size: 18px; color: #000000;\">Sz\u00e1ll\u00edt\u00e1si id\u0151: 10 ~ 15 nappal a let\u00e9t be\u00e9rkez\u00e9se ut\u00e1n.<\/span><\/td>\n<\/tr>\n<\/tbody>\n<\/table>\n<div class=\"adweb-template-3\">\n<h5 class=\"adweb-border-blue\"><strong class=\"adweb-blue\">Testreszabott term\u00e9szetes m\u00e1rv\u00e1ny munkalapok a luxus rezidenci\u00e1k projektekhez<\/strong><\/h5>\n<\/div>\n<p>&nbsp;<\/p>\n<div class=\"adweb-template-46\">\n<div class=\"adweb-flex-row-reverse\">\n<div class=\"adweb-flex-l adweb-flex-item-auto adweb-padding-left2\">\n<h5><span style=\"font-family: arial, helvetica, sans-serif; font-size: 18px; color: #000000;\"><strong>Az Esta Stone m\u00e1rv\u00e1ny munkalapok k\u00fcl\u00f6nleges sz\u00e9ps\u00e9g\u00e9nek bemutat\u00e1sa:<\/strong><\/span><\/h5>\n<ul class=\"adweb-list-decimal\">\n<li>\n<p><span style=\"font-family: arial, helvetica, sans-serif; font-size: 18px; color: #000000;\">A m\u00e9retek l\u00e9nyeges szempontot jelentenek, amikor a munkalapokat a bels\u0151\u00e9p\u00edt\u00e9szeti projektekhez m\u00e9rlegelj\u00fck. A m\u00e1rv\u00e1ny konyhai munkalapokhoz jellemz\u0151en biztos\u00edtott szabv\u00e1nyos munkalapm\u00e9retek 112 h\u00fcvelyk x 26 h\u00fcvelyk x 2 CM, sima kivitelben \u00e9s egy hozz\u00e1 ill\u0151 6 h\u00fcvelyk magas h\u00e1tfal. A sziget m\u00e9rete \u00e1ltal\u00e1ban 108 h\u00fcvelyk x 42 h\u00fcvelyk x 2 CM. Az Esta Stone szem\u00e9lyre szabott m\u00e1rv\u00e1ny munkalapok biztos\u00edt\u00e1sa azonban biztos\u00edtja, hogy egyetlen \u00fcgyf\u00e9l egyedi ig\u00e9nyeit sem hagyja figyelmen k\u00edv\u00fcl, \u00e9s olyan testreszabott megold\u00e1sokat k\u00edn\u00e1l, amelyek minden egyedi konyhai elrendez\u00e9shez illeszkednek.<\/span><\/p>\n<\/li>\n<li>\n<p><span style=\"font-family: arial, helvetica, sans-serif; font-size: 18px; color: #000000;\">Ha a term\u00e9szetes m\u00e1rv\u00e1ny munkalapokat fontolgatja, a karbantart\u00e1s \u00e9s az \u00e1pol\u00e1s kulcsfontoss\u00e1g\u00fa. Ezek a fel\u00fcletek rendszeres t\u00f6m\u00edt\u00e9st ig\u00e9nyelnek a foltok \u00e9s a k\u00e1rok megel\u0151z\u00e9se \u00e9rdek\u00e9ben, tekintettel a m\u00e1rv\u00e1ny por\u00f3zus term\u00e9szet\u00e9re. Ezzel szemben a gy\u00e1rtott feh\u00e9r m\u00e1rv\u00e1ny munkalapok vagy a kvarc megfelel\u0151i praktikus megold\u00e1st k\u00edn\u00e1lnak, amelyek a term\u00e9szetes k\u0151 eleganci\u00e1j\u00e1t ut\u00e1nozz\u00e1k, mik\u00f6zben minimaliz\u00e1lj\u00e1k a karbantart\u00e1si k\u00f6vetelm\u00e9nyeket.<\/span><\/p>\n<\/li>\n<li>\n<p><span style=\"font-family: arial, helvetica, sans-serif; font-size: 18px; color: #000000;\">Az el\u0151regy\u00e1rtott m\u00e1rv\u00e1ny munkalapok egyre n\u00e9pszer\u0171bb\u00e9 v\u00e1ltak az USA \u00e9s az eur\u00f3pai piacokon, ami t\u00f6bb t\u00e9nyez\u0151 \u00f6sszej\u00e1tsz\u00e1s\u00e1nak k\u00f6sz\u00f6nhet\u0151. Az egyik els\u0151dleges ok a n\u00f6vekv\u0151 rendelkez\u00e9sre \u00e1ll\u00f3 j\u00f6vedelem \u00e9s a n\u00f6vekv\u0151 foglalkoztat\u00e1si r\u00e1ta, k\u00fcl\u00f6n\u00f6sen a fejlett orsz\u00e1gokban, ami a lak\u00e1s\u00e9p\u00edt\u00e9si tev\u00e9kenys\u00e9gek \u00e9s a lak\u00e1sfel\u00faj\u00edt\u00e1sok megugr\u00e1s\u00e1t eredm\u00e9nyezte.<sup><\/sup>. Ez a gazdas\u00e1gi fellend\u00fcl\u00e9s meger\u0151s\u00edtette a munkalapok piac\u00e1t, \u00e9s megn\u0151tt a kereslet a luxus \u00e9s tart\u00f3s munkalapok ir\u00e1nt, mint p\u00e9ld\u00e1ul a m\u00e1rv\u00e1nyb\u00f3l k\u00e9sz\u00fclt munkalapok.<\/span><\/p>\n<\/li>\n<li>\n<p><span style=\"font-family: arial, helvetica, sans-serif; font-size: 18px; color: #000000;\">A m\u00e1rv\u00e1ny munkalapok eleganci\u00e1t \u00e9s luxust k\u00f6lcs\u00f6n\u00f6znek minden t\u00e9rnek, id\u0151tlen eszt\u00e9tikai vonzer\u0151t k\u00edn\u00e1lva.<sup><\/sup>. Sz\u00e1mtalan sz\u00ednben \u00e9s erezetmint\u00e1ban kaphat\u00f3k, \u00edgy a lak\u00e1stulajdonosok sz\u00e1mos lehet\u0151s\u00e9get kapnak a bels\u0151\u00e9p\u00edt\u00e9szet kieg\u00e9sz\u00edt\u00e9s\u00e9re.<sup><\/sup>. Az anyag term\u00e9szetes h\u0171v\u00f6ss\u00e9ge miatt n\u00e9pszer\u0171 v\u00e1laszt\u00e1s a konyh\u00e1kban is, ahol seg\u00edti az \u00e9telk\u00e9sz\u00edt\u00e9st.<sup><\/sup>.<\/span><\/p>\n<\/li>\n<\/ul>\n<\/div>\n<div class=\"adweb-flex-r adweb-item-img adweb-flex-item-30 adweb-text-align-l\"><span style=\"font-family: arial, helvetica, sans-serif; font-size: 18px; color: #000000;\"><img decoding=\"async\" src=\"https:\/\/data.adwebcloud.com\/public\/material\/230411wadmp3\/product\/imageFile_1684733315708.jpg\" title=\"El\u0151re gy\u00e1rtott Calactta feh\u00e9r m\u00e1rv\u00e1ny munkalapok\" width=\"500\" height=\"500\" alt=\"Calacatta m\u00e1rv\u00e1ny munkalapok\" \/><\/span><\/div>\n<\/div>\n<\/div>\n<p><span style=\"font-family: arial, helvetica, sans-serif; font-size: 18px; color: #000000;\">Az el\u0151regy\u00e1rtott m\u00e1rv\u00e1ny munkalapok \u00e1ltal k\u00edn\u00e1lt k\u00e9nyelem \u00e9s rugalmass\u00e1g szint\u00e9n hozz\u00e1j\u00e1rult n\u00e9pszer\u0171s\u00e9g\u00fckh\u00f6z. Ezek a munkalapok k\u00fcl\u00f6nb\u00f6z\u0151 st\u00edlusokban kaphat\u00f3k, be\u00e9p\u00edtett k\u00e9sz\u00fcl\u00e9kekkel a k\u00fcl\u00f6nb\u00f6z\u0151 alkalmaz\u00e1sokhoz az egy\u00e9ni ig\u00e9nyeknek megfelel\u0151en.<sup><\/sup>&nbsp;Az el\u0151regy\u00e1rt\u00e1s biztos\u00edtja a min\u0151s\u00e9g \u00e1lland\u00f3s\u00e1g\u00e1t, valamint cs\u00f6kkenti a telep\u00edt\u00e9si id\u0151t \u00e9s k\u00f6lts\u00e9geket, ami tov\u00e1bb n\u00f6veli vonzerej\u00fcket a lak\u00e1stulajdonosok \u00e9s az ingatlanfejleszt\u0151k sz\u00e1m\u00e1ra.<\/span><\/p>\n<p><span style=\"font-family: arial, helvetica, sans-serif; font-size: 18px; color: #000000;\">\u00c9szak-Amerik\u00e1ban a munkalapok piaca vir\u00e1gzik, els\u0151sorban az\u00e9rt, mert az \u00e9p\u00edt\u0151ipar a hasznos terek, p\u00e9ld\u00e1ul a konyh\u00e1k \u00e9s a f\u00fcrd\u0151szob\u00e1k maxim\u00e1lis kihaszn\u00e1l\u00e1s\u00e1ra \u00f6sszpontos\u00edt.<sup><\/sup>. A fogyaszt\u00f3k t\u00e1gasabb konyh\u00e1kat \u00e9s t\u00f6bb f\u00fcrd\u0151szob\u00e1t v\u00e1lasztanak, amelyek nagyobb munkalapot ig\u00e9nyelnek.<sup><\/sup>. Az a tendencia, hogy a lamin\u00e1lt anyagokr\u00f3l a magasabb \u00e1r\u00fa alternat\u00edv anyagokra, p\u00e9ld\u00e1ul a m\u00e1rv\u00e1nyra t\u00e9rnek \u00e1t, szint\u00e9n a piac n\u00f6veked\u00e9s\u00e9t \u00f6szt\u00f6nzi.<sup><\/sup>.<\/span><\/p>\n<p><span style=\"font-family: arial, helvetica, sans-serif; font-size: 18px; color: #000000;\">Az el\u0151regy\u00e1rtott m\u00e1rv\u00e1ny munkalapok n\u00e9pszer\u0171s\u00e9g\u00e9nek n\u00f6veked\u00e9se az USA \u00e9s az eur\u00f3pai piacokon a n\u00f6vekv\u0151 rendelkez\u00e9sre \u00e1ll\u00f3 j\u00f6vedelemnek, a n\u00f6vekv\u0151 lak\u00e1s\u00e9p\u00edt\u00e9snek, a m\u00e1rv\u00e1ny id\u0151tlen eleganci\u00e1j\u00e1nak, az el\u0151regy\u00e1rt\u00e1s k\u00e9nyelm\u00e9nek \u00e9s a luxus munkalapok fel\u00e9 val\u00f3 elmozdul\u00e1snak tulajdon\u00edthat\u00f3.<\/span><\/p>\n<p>&nbsp;<\/p>\n<div class=\"adweb-template-43\">\n<div class=\"adweb-flex-jc-sb adweb-text-align-c\">\n<div class=\"adweb-flex-item2 adweb-flex-item\">\n<div class=\"adweb-item-img\"><span style=\"font-family: arial, helvetica, sans-serif; font-size: 18px; color: #000000;\"><img decoding=\"async\" src=\"https:\/\/data.adwebcloud.com\/public\/material\/230411wadmp3\/product\/imageFile_1684733315525.jpg\" title=\"El\u0151re gy\u00e1rtott Calacatta m\u00e1rv\u00e1ny munkalapok \" width=\"550\" height=\"550\" alt=\"Calacatta Statuario m\u00e1rv\u00e1ny munkalapok\" \/><\/span><\/div>\n<p><strong class=\"adweb-item-title\">Calacatta m\u00e1rv\u00e1ny konyhai munkalapok<\/strong><\/div>\n<div class=\"adweb-flex-item2 adweb-flex-item\">\n<div class=\"adweb-item-img\"><span style=\"font-family: arial, helvetica, sans-serif; font-size: 18px; color: #000000;\"><img loading=\"lazy\" decoding=\"async\" src=\"https:\/\/data.adwebcloud.com\/public\/material\/230411wadmp3\/product\/imageFile_1684733315583.jpg\" title=\"El\u0151re gy\u00e1rtott Calacatta m\u00e1rv\u00e1ny konyhai munkalapok \" width=\"550\" height=\"550\" alt=\"Statuario feh\u00e9r m\u00e1rv\u00e1ny munkalapok\" \/><\/span><\/div>\n<p><strong class=\"adweb-item-title\">M\u00e1rv\u00e1ny konyhai padok<\/strong><\/div>\n<\/div>\n<\/div>\n<p>&nbsp;<\/p>\n<\/p>\n<div class=\"adweb-template-3\">\n<h5 class=\"adweb-border-blue\"><strong class=\"adweb-blue\">Term\u00e9szetes m\u00e1rv\u00e1ny \u00e9s gr\u00e1nit Factory<\/strong><\/h5>\n<\/div>\n<p>&nbsp;<\/p>\n<p><span style=\"font-family: arial, helvetica, sans-serif; font-size: 18px; color: #000000;\"><img decoding=\"async\" src=\"https:\/\/data.adwebcloud.com\/public\/material\/230411wadmp3\/product\/imageFile_1684733315633.jpg\" title=\"Gr\u00e1nit \u00e9s m\u00e1rv\u00e1ny gy\u00e1r\" width=\"1100\" alt=\"Term\u00e9szetes m\u00e1rv\u00e1ny \u00e9s gr\u00e1nit munkalapok Factory\" \/><\/span><\/p>\n<\/p>\n<h3 style=\"font-size: 19px;\"><strong><span style=\"color: #000000; font-family: arial, helvetica, sans-serif; font-size: 18px;\">A term\u00e9szetes m\u00e1rv\u00e1ny GYIK<\/span><\/strong><\/h3>\n<p><span style=\"font-family: arial, helvetica, sans-serif; font-size: 18px; color: #000000;\">A m\u00e1rv\u00e1ny por\u00f3zus, nagy karbantart\u00e1si ig\u00e9ny\u0171 fel\u00fclet.<\/span><\/p>\n<p><span style=\"font-family: arial, helvetica, sans-serif; font-size: 18px; color: #000000;\">Elm\u00e9lyedhetn\u00e9nk a geol\u00f3gi\u00e1ban, de a l\u00e9nyeg az, hogy a m\u00e1rv\u00e1ny \u00e9rz\u00e9keny a k\u0151zetbe m\u00e9lyen besziv\u00e1rg\u00f3 szennyez\u0151 anyagokra (p\u00e9ld\u00e1ul bor, gy\u00fcm\u00f6lcsl\u00e9 \u00e9s olaj). Ha ez megt\u00f6rt\u00e9nik, neh\u00e9z visszaford\u00edtani, ez\u00e9rt a k\u00e1r megel\u0151z\u00e9se \u00e9rdek\u00e9ben elengedhetetlen a fel\u00fclet szakszer\u0171 t\u00f6m\u00edt\u00e9se a be\u00e9p\u00edt\u00e9skor. A kulcssz\u00f3 itt a seg\u00edts\u00e9g. Sajnos a t\u00f6m\u00edt\u00e9si folyamatot hathavonta meg kell ism\u00e9telni (ezt saj\u00e1t maga is elv\u00e9gezheti, min\u0151s\u00e9gi t\u00f6m\u00edt\u0151anyaggal), ha gyakran f\u0151z.<\/span><\/p>\n<p><span style=\"font-family: arial, helvetica, sans-serif; font-size: 18px; color: #000000;\">Az \u00e9n gr\u00e1nit konyhapultom nem pontosan \u00fagy n\u00e9z ki, mint a mint\u00e1m. Mi\u00e9rt?<\/span><\/p>\n<p><span style=\"font-family: arial, helvetica, sans-serif; font-size: 18px; color: #000000;\">A gr\u00e1nit szerves anyag, \u00e9s ahogyan nincs k\u00e9t egyforma ember, \u00fagy nincs k\u00e9t egyforma gr\u00e1nitminta sem. Az \u00e1sv\u00e1nyok \u00f6sszet\u00e9tele \u00e9s a lel\u0151hely, ahonnan a gr\u00e1nitot b\u00e1ny\u00e1szt\u00e1k, mind szerepet j\u00e1tszanak a gr\u00e1nit megjelen\u00e9s\u00e9ben. A United Granite-n\u00e1l a minta kiv\u00e1laszt\u00e1sa ut\u00e1n \u00fcgyfeleink kiv\u00e1lasztj\u00e1k a pontos k\u0151t\u00f6mb\u00f6t, amelyb\u0151l elk\u00e9sz\u00edtj\u00fck a fel\u00fclet\u00fcket.<\/span><\/p>\n<p><span style=\"font-family: arial, helvetica, sans-serif; font-size: 18px; color: #000000;\">Az Esta Stone el\u0151regy\u00e1rtott m\u00e1rv\u00e1ny konyhai munkalapjai k\u00f6lts\u00e9ghat\u00e9kony, id\u0151takar\u00e9kos \u00e9s nagym\u00e9rt\u00e9kben testre szabhat\u00f3 alternat\u00edv\u00e1t k\u00edn\u00e1lnak a hagyom\u00e1nyos m\u00e1rv\u00e1ny munkalapok helyett. A min\u0151s\u00e9gi anyagok gondos kiv\u00e1laszt\u00e1sa, a szem\u00e9lyre szabott szolg\u00e1ltat\u00e1sok \u00e9s a legjobbak sz\u00e1ll\u00edt\u00e1sa ir\u00e1nti elk\u00f6telezetts\u00e9g a v\u00e1s\u00e1rl\u00f3i ig\u00e9nyek, \u00edzl\u00e9sek \u00e9s k\u00f6lts\u00e9gvet\u00e9si megfontol\u00e1sok sz\u00e9les spektrum\u00e1t szolg\u00e1lja ki. Legyen sz\u00f3 luxus sz\u00e1llodai lakoszt\u00e1lyr\u00f3l, modern v\u00e1llalati irod\u00e1r\u00f3l, k\u00f3rh\u00e1zr\u00f3l vagy otthonr\u00f3l, az Esta Stone m\u00e1rv\u00e1ny munkalapjai id\u0151tlen sz\u00e9ps\u00e9get \u00e9s praktikus funkcionalit\u00e1st biztos\u00edtanak, olyan tereket hozva l\u00e9tre, amelyek nemcsak pomp\u00e1san n\u00e9znek ki, hanem az elegancia, a st\u00edlus \u00e9s a melegs\u00e9g egyedi t\u00f6rt\u00e9net\u00e9t is elmes\u00e9lik.<\/span><\/p>\n<p><img loading=\"lazy\" decoding=\"async\" src=\"https:\/\/data.adwebcloud.com\/public\/material\/230411wadmp3\/product\/ContactUSkaobei_1688635551586.jpg\" width=\"1100\" height=\"511\" alt=\"M\u00e1rv\u00e1ny Konyhai \u00e9s f\u00fcrd\u0151szobai munkalapok Factory-Esta Stone\" \/><\/p>\n<p><quillbot-extension-portal><\/quillbot-extension-portal><\/p>","protected":false},"excerpt":{"rendered":"<p><span style=\"font-family: arial, helvetica, sans-serif; font-size: 18px;\">A luxus \u00e9s a megfizethet\u0151s\u00e9g \u00f6tv\u00f6z\u00e9s\u00e9nek m\u0171v\u00e9szete az Esta Stone term\u00e9szetes m\u00e1rv\u00e1ny munkalapjaiban \u00e9kessz\u00f3l\u00f3an fejez\u0151dik ki. Az Esta Stone egyedi, kiv\u00e1l\u00f3 min\u0151s\u00e9g\u0171 anyagok robusztus v\u00e1laszt\u00e9k\u00e1t k\u00edn\u00e1lja a konyha \u00e9s a f\u00fcrd\u0151szoba \u00e1talak\u00edt\u00e1s\u00e1hoz, \u00e9s \u00faj defin\u00edci\u00f3t ad az id\u0151tlen eleganci\u00e1nak \u00e9s a k\u00f6lts\u00e9gvet\u00e9s-bar\u00e1t megold\u00e1soknak.<\/span><\/p>\n<p><span style=\"font-family: arial, helvetica, sans-serif; font-size: 18px;\">M\u00e1rv\u00e1ny munkalap t\u00e9tel: M\u00e1rv\u00e1ny konyhai munkalapok: El\u0151re gy\u00e1rtott olasz luxus feh\u00e9r m\u00e1rv\u00e1ny konyhai munkalapok<\/span><\/p>\n<p><span style=\"font-family: arial, helvetica, sans-serif; font-size: 18px;\">Munkalap anyaga: Statuario M\u00e1rv\u00e1ny<\/span><br \/><span style=\"font-family: arial, helvetica, sans-serif; font-size: 18px;\">Kitchen Countertop Size:96\u2033x26\u2033,108\u2033x26\u2033,96\u2033x36\u2033,72\u2033x36\u2033,72\u2033x36\u2033<\/span><\/p>\n<p><span style=\"font-family: arial, helvetica, sans-serif; font-size: 18px;\">Hi\u00fas\u00e1g fels\u0151k: 25 \"x19\"\/22\", 31 \"x19\"\/22\", 37 \"x19\"\/22\", 43 \"x22\", 49 \"x22\", 61 \"x22\", 73 \"x22\".<\/span><br \/><span style=\"font-family: arial, helvetica, sans-serif; font-size: 18px;\">Vastags\u00e1g: 20,30 mm<\/span><br \/><span style=\"font-family: arial, helvetica, sans-serif; font-size: 18px;\">Fel\u00fclet: .<\/span><br \/><span style=\"font-family: arial, helvetica, sans-serif; font-size: 18px;\">MOQ: 100 k\u00e9szlet<\/span><\/p>\n<p><span style=\"font-family: arial, helvetica, sans-serif; font-size: 18px;\">M\u00e1rv\u00e1ny munkalap gy\u00e1r: Esta Stone <\/span><\/p>\n<p><span style=\"font-family: arial, helvetica, sans-serif; font-size: 18px;\">M\u00e1rv\u00e1ny alkalmaz\u00e1s: Esta Stone luxus olasz feh\u00e9r m\u00e1rv\u00e1ny ide\u00e1lis sz\u00e1llod\u00e1k, vill\u00e1k, apartmanok, irodah\u00e1zak, k\u00f3rh\u00e1zak, iskol\u00e1k, bev\u00e1s\u00e1rl\u00f3k\u00f6zpontok, sportl\u00e9tes\u00edtm\u00e9nyek, szabadid\u0151s l\u00e9tes\u00edtm\u00e9nyek, szupermarketek, rakt\u00e1rak, m\u0171helyek, parkok, paraszth\u00e1zak, udvari konyha \u00e9s f\u00fcrd\u0151szoba projektekhez.<\/span><\/p>\n<p><quillbot-extension-portal><\/quillbot-extension-portal><\/p>","protected":false},"featured_media":452405,"template":"","adweb_product_categories":[97,96],"adweb_product_tags":[28675,1258,28679,28677,28678,28680,28676,856,431],"class_list":["post-15251","products","type-products","status-publish","has-post-thumbnail","hentry","adweb_product_cat-kitchen-countertops","adweb_product_cat-stone-countertops","adweb_product_tag-calacatta-marble-countertop","adweb_product_tag-calacatta-white-marble","adweb_product_tag-customised-marble-countertops","adweb_product_tag-marble-countertop","adweb_product_tag-marble-stone-countertops","adweb_product_tag-natural-marble-countertops","adweb_product_tag-natural-marble-kitchen-countertop","adweb_product_tag-prefabricated-marble-countertops","adweb_product_tag-wooden-white-marble"],"gallery":[452405,452436],"order":"0","acf":[],"_links":{"self":[{"href":"https:\/\/whitemarblegranite.com\/hu\/wp-json\/wp\/v2\/adweb_products\/15251","targetHints":{"allow":["GET"]}}],"collection":[{"href":"https:\/\/whitemarblegranite.com\/hu\/wp-json\/wp\/v2\/adweb_products"}],"about":[{"href":"https:\/\/whitemarblegranite.com\/hu\/wp-json\/wp\/v2\/types\/products"}],"wp:featuredmedia":[{"embeddable":true,"href":"https:\/\/whitemarblegranite.com\/hu\/wp-json\/wp\/v2\/media\/452405"}],"wp:attachment":[{"href":"https:\/\/whitemarblegranite.com\/hu\/wp-json\/wp\/v2\/media?parent=15251"}],"wp:term":[{"taxonomy":"adweb_product_cat","embeddable":true,"href":"https:\/\/whitemarblegranite.com\/hu\/wp-json\/wp\/v2\/adweb_product_categories?post=15251"},{"taxonomy":"adweb_product_tag","embeddable":true,"href":"https:\/\/whitemarblegranite.com\/hu\/wp-json\/wp\/v2\/adweb_product_tags?post=15251"}],"curies":[{"name":"wp","href":"https:\/\/api.w.org\/{rel}","templated":true}]}}