{"id":460838,"date":"2023-07-23T11:10:44","date_gmt":"2023-07-23T03:10:44","guid":{"rendered":"https:\/\/whitemarblegranite.com\/product\/calacatta-quartz-vanity-top-2-3\/"},"modified":"2023-09-17T10:29:43","modified_gmt":"2023-09-17T02:29:43","slug":"calacatta-quartz-vanity-top","status":"publish","type":"products","link":"https:\/\/whitemarblegranite.com\/hu\/product\/calacatta-quartz-vanity-top\/","title":{"rendered":"Calacatta kvarc hi\u00fas\u00e1g teteje"},"content":{"rendered":"<h2 style=\"font-size: 20px;\"><span style=\"font-family: arial, helvetica, sans-serif; font-size: 24px; color: #000000;\"><b>Gy\u00e1rtott Calacatta feh\u00e9r kvarc k\u0151 f\u00fcrd\u0151szoba mosd\u00f3pultok egyedi ker\u00e1mia mosogat\u00f3val<\/b><\/span><\/h2>\n<p><span style=\"font-family: arial, helvetica, sans-serif; font-size: 18px; color: #000000;\">A Calacatta feh\u00e9r kvarc k\u0151, a m\u00e1rv\u00e1nyhat\u00e1s\u00fa kvarc kollekci\u00f3nk felt\u0171n\u0151 \u00fajonca, sz\u00e9les erezetmint\u00e1kkal rendelkezik, amelyek luxusos, egyedi hangulatot k\u00f6lcs\u00f6n\u00f6znek neki. A Calacatta m\u00e1rv\u00e1ny mint\u00e1j\u00e1ra tervezett ez a kvarc v\u00e1ltozat olyan megjelen\u00e9st ny\u00fajt, amely nincs \u00f6sszekapcsolva a feh\u00e9r m\u00e1rv\u00e1ny munkalapokkal j\u00e1r\u00f3 h\u00e1tr\u00e1nyokkal.<\/span><\/p>\n<p><span style=\"font-family: arial, helvetica, sans-serif; font-size: 18px; color: #000000;\">A Calacatta kvarc f\u00fcrd\u0151szoba mosd\u00f3pult t\u00f6bb mint egy leny\u0171g\u00f6z\u0151 hangs\u00falydarab. Foltoknak \u00e9s karcol\u00e1soknak ellen\u00e1ll\u00f3an k\u00e9sz\u00fclt, ezek a mosd\u00f3pultok \u00fajradefini\u00e1lj\u00e1k a luxust egy praktikus csavarral.<\/span><\/p>\n<p><span style=\"font-family: arial, helvetica, sans-serif; font-size: 18px;\"><img fetchpriority=\"high\" decoding=\"async\" src=\"https:\/\/data.adwebcloud.com\/public\/material\/230411wadmp3\/product\/QuartzCalacattaWhiteBathrooe_1685182956815.jpg\" alt=\"Calacatta feh\u00e9r kvarc f\u00fcrd\u0151szoba munkalap tervek-Esta Stone\" width=\"1100\" height=\"800\" \/><\/span><\/p>\n<ul>\n<li><span style=\"color: #000000;\"><strong><span style=\"font-family: arial, helvetica, sans-serif; font-size: 18px;\">-Bels\u0151 elegancia emel\u00e9se: M\u00e9lyrehat\u00f3 betekint\u00e9s a Calacatta kvarc forradalm\u00e1ba a lak\u00e1sokban \u00e9s a hotelmosd\u00f3kban<\/span><\/strong><\/span><\/li>\n<\/ul>\n<p><span style=\"font-family: arial, helvetica, sans-serif; font-size: 18px;\"><span style=\"color: #000000;\">Tiszta feh\u00e9rs\u00e9g\u00e9vel \u00e9s felt\u0171n\u0151 erezet\u00e9vel a Calacatta kvarc figyelemfelkelt\u0151 kieg\u00e9sz\u00edt\u00e9st jelent k\u00fcl\u00f6nb\u00f6z\u0151 bels\u0151 k\u00f6rnyezetekben. Alkalmas kvarc f\u00fcrd\u0151szoba munkalapokhoz, v\u00edzes\u00e9s-szigetekhez, h\u00e1ts\u00f3 falakhoz, zuhanyz\u00f3khoz \u00e9s padl\u00f3khoz, \u00edgy a lakoss\u00e1gi \u00e9s kereskedelmi<\/span> k\u00f6rnyezetekben is els\u0151 sz\u00e1m\u00fa v\u00e1laszt\u00e1s.<\/span><\/p>\n<p><span style=\"font-family: arial, helvetica, sans-serif; font-size: 18px;\"><iframe width=\"1100\" height=\"420\" src=\"https:\/\/www.youtube.com\/embed\/8sydO3xx0jc\" allowfullscreen=\"allowfullscreen\"><\/iframe><\/span><\/p>\n<p>&nbsp;<\/p>\n<div class=\"adweb-template-3\">\n<h5 class=\"adweb-border-blue\"><strong class=\"adweb-blue\">Standard kvarc munkalapok m\u00e9retei | Konyha- \u00e9s f\u00fcrd\u0151szoba projektek<\/strong><\/h5>\n<\/div>\n<p>&nbsp;<\/p>\n<table class=\"table\" style=\"border-collapse: collapse; width: 100%; height: 240 px; border-color: #000000; border-style: solid;\" border=\"2\" cellspacing=\"0\" cellpadding=\"2px\">\n<tbody>\n<tr class=\"firstRow\">\n<td><span style=\"font-family: arial, helvetica, sans-serif; font-size: 14pt; color: #000000;\">Term\u00e9kek:<\/span><\/td>\n<td><span style=\"font-family: arial, helvetica, sans-serif; font-size: 14pt; color: #000000;\">Tervezett Calacatta kvarc k\u0151 a hi\u00fas\u00e1g tetej\u00e9re<\/span><\/td>\n<\/tr>\n<tr>\n<td><span style=\"font-family: arial, helvetica, sans-serif; font-size: 14pt; color: #000000;\">N\u00e9pszer\u0171 m\u00e9ret:<\/span><\/td>\n<td><span style=\"font-family: arial, helvetica, sans-serif; font-size: 14pt; color: #000000;\">El\u0151regy\u00e1rtott konyhai munkalapok: 24\u00d796, 26\u00d796, 28\u00d796, 28\u00d7108, Egyedi m\u00e9retek kaphat\u00f3k El\u0151regy\u00e1rtott f\u00fcrd\u0151szobai hi\u00fas\u00e1g fels\u0151k: 25\u2033\/31\u2033\/37\u2033\/49\u2033\/61\u2033 x 22\u2033, Egyedi m\u00e9retek kaphat\u00f3k.<\/span><br \/>\n<span style=\"font-family: arial, helvetica, sans-serif; font-size: 14pt; color: #000000;\">F\u00e9lsziget: 36\u2033\/39\u2033\/28\u2033 x 78\u2033 stb.<\/span><br \/>\n<span style=\"font-family: arial, helvetica, sans-serif; font-size: 14pt; color: #000000;\">Sziget: 66\u2033\/84\u2033\/86\u2033 x 42\u2033, stb.<\/span><br \/>\n<span style=\"font-family: arial, helvetica, sans-serif; font-size: 14pt; color: #000000;\">Pultos snack b\u00e1r: 12\u2033\/15\u2033\/18\u2033 x 78\u2033, stb.<\/span><br \/>\n<span style=\"font-family: arial, helvetica, sans-serif; font-size: 14pt; color: #000000;\">Vastags\u00e1g: 2 cm, 2,5 cm, 3 cm, 2 cm + 2 cm lamin\u00e1lt stb.<\/span><\/td>\n<\/tr>\n<tr>\n<td><span style=\"font-family: arial, helvetica, sans-serif; font-size: 14pt; color: #000000;\">Peremek Profil v\u00e1laszthat\u00f3:<\/span><\/td>\n<td><span style=\"font-family: arial, helvetica, sans-serif; font-size: 14pt; color: #000000;\">*Flat \/Eased Eedge*Beveled Edge (\u00e9lezett \u00e9l)<\/span><br \/>\n<span style=\"font-family: arial, helvetica, sans-serif; font-size: 14pt; color: #000000;\">*Teljes Bullnose Edge \/ Lamin\u00e1lt Bullnose<\/span><br \/>\n<span style=\"font-family: arial, helvetica, sans-serif; font-size: 14pt; color: #000000;\">* F\u00e9l bullnose Edge \/ Lamin\u00e1lt f\u00e9l Bullnose<\/span><br \/>\n<span style=\"font-family: arial, helvetica, sans-serif; font-size: 14pt; color: #000000;\">*Flat \/Eased Edge<\/span><br \/>\n<span style=\"font-family: arial, helvetica, sans-serif; font-size: 14pt; color: #000000;\">* Ogee Edge \/ Lamin\u00e1lt Ogee Edge<\/span><br \/>\n<span style=\"font-family: arial, helvetica, sans-serif; font-size: 14pt; color: #000000;\">*Dupont Edge<\/span><br \/>\n<span style=\"font-family: arial, helvetica, sans-serif; font-size: 14pt; color: #000000;\">*Radius ferde \u00e9l<\/span><br \/>\n<span style=\"font-family: arial, helvetica, sans-serif; font-size: 14pt; color: #000000;\">*vagy m\u00e1sok.<\/span><\/td>\n<\/tr>\n<tr>\n<td><span style=\"font-family: arial, helvetica, sans-serif; font-size: 14pt; color: #000000;\">Aj\u00e1nlott anyag:<\/span><\/td>\n<td><span style=\"font-family: arial, helvetica, sans-serif; font-size: 14pt; color: #000000;\">Kvarc, gr\u00e1nit, m\u00e1rv\u00e1ny, m\u0171k\u0151, m\u0171k\u0151, m\u0171k\u0151 kvarc<\/span><\/td>\n<\/tr>\n<tr>\n<td><span style=\"font-family: arial, helvetica, sans-serif; font-size: 14pt; color: #000000;\">Csomagol\u00e1s:<\/span><\/td>\n<td><span style=\"font-family: arial, helvetica, sans-serif; font-size: 14pt; color: #000000;\">Habos\u00edtott m\u0171anyaggal p\u00e1rn\u00e1zott \u00e9s f\u00fcst\u00f6lt fal\u00e1d\u00e1kba csomagolt, k\u00edv\u00fclr\u0151l f\u00e9m hevederekkel meger\u0151s\u00edtett munkalapok.<\/span><\/td>\n<\/tr>\n<\/tbody>\n<\/table>\n<div class=\"adweb-template-3\">\n<h5 class=\"adweb-border-blue\"><strong class=\"adweb-blue\">Egyedi kvarc egyedi mosogat\u00f3val ell\u00e1tott f\u00fcrd\u0151szoba mosd\u00f3pultok<\/strong><\/h5>\n<\/div>\n<p><span style=\"font-family: arial, helvetica, sans-serif; font-size: 18px;\"><img decoding=\"async\" style=\"float: right;\" title=\"Calacatta kvarc k\u0151 hi\u00fas\u00e1g teteje\" src=\"https:\/\/data.adwebcloud.com\/public\/material\/230411wadmp3\/product\/imageFile_1684731831365.jpg\" alt=\"Egy mosogat\u00f3 Calacatta kvarc f\u00fcrd\u0151szoba munkalapok\" width=\"550\" height=\"550\" \/><\/span><\/p>\n<ul>\n<li><span style=\"color: #000000;\"><strong><span style=\"font-family: arial, helvetica, sans-serif; font-size: 18px;\">A Calacatta kvarc sz\u00e9lesk\u00f6r\u0171 alkalmaz\u00e1sa:<\/span><\/strong><\/span><\/li>\n<\/ul>\n<p><span style=\"font-family: arial, helvetica, sans-serif; font-size: 18px; color: #000000;\">A bels\u0151 padl\u00f3kt\u00f3l \u00e9s falakt\u00f3l kezdve a munkalapokon \u00e9s zuhanyz\u00f3kon \u00e1t, a Calacatta kvarcnak sz\u00e9lesk\u00f6r\u0171 alkalmaz\u00e1sa van a kereskedelmi \u00e9s lakoss\u00e1gi bels\u0151 terekben. Az ESTA Stone, amely h\u00edres kiv\u00e1l\u00f3 min\u0151s\u00e9g\u0171 kvarc mosd\u00f3pultokr\u00f3l, ugyancsak megb\u00edzhat\u00f3 v\u00e1laszt\u00e1s a kvarc konyhai munkalapokhoz is.<\/span><\/p>\n<p>&nbsp;<\/p>\n<ul>\n<li><span style=\"color: #000000;\"><strong><span style=\"font-family: arial, helvetica, sans-serif; font-size: 18px;\">A Calacatta kvarc m\u0171v\u00e9szi vonzereje:<\/span><\/strong><\/span><\/li>\n<\/ul>\n<p><span style=\"font-family: arial, helvetica, sans-serif; font-size: 18px; color: #000000;\">A Calacatta feh\u00e9r kvarc leny\u0171g\u00f6z\u0151en hat a tiszta feh\u00e9r h\u00e1tter\u00e9n v\u00e9gigfut\u00f3 m\u00e1rv\u00e1nyhoz hasonl\u00f3 erezettel. K\u00fcl\u00f6nb\u00f6z\u0151 m\u00e9ret\u0171 lapokban kaphat\u00f3, ez a semleges kvarc ut\u00e1nozza a m\u00e1rv\u00e1ny luxusos megjelen\u00e9s\u00e9t, ugyanazzal a b\u0171b\u00e1jjal, de sokkal jobb tart\u00f3ss\u00e1ggal \u00e9s karbantart\u00e1smentes \u00e9lettel.<\/span><\/p>\n<p>&nbsp;<\/p>\n<p><span style=\"font-family: arial, helvetica, sans-serif; font-size: 18px; color: #000000;\">Az olasz feh\u00e9r m\u00e1rv\u00e1ny ihlette a Calacatta feh\u00e9r kvarc arany \u00e1rnyalatokat kombin\u00e1l a k\u00e9kes \u00e9s sz\u00fcrk\u00e9s erezettel, hogy visszaadja a term\u00e9szetes k\u0151 b\u0171b\u00e1j\u00e1t. Mint a m\u00e1rv\u00e1ny tart\u00f3s alternat\u00edv\u00e1ja, el\u0151nyben r\u00e9szes\u00edtik konyhai munkalapokhoz, mosd\u00f3pultokhoz \u00e9s padl\u00f3khoz, \u00edgy minden helyis\u00e9gbe eleganci\u00e1t \u00e9s kifinomults\u00e1got csemp\u00e9sz.<\/span><\/p>\n<p>&nbsp;<\/p>\n<ul>\n<li><span style=\"color: #000000;\"><strong><span style=\"font-family: arial, helvetica, sans-serif; font-size: 18px;\">Mi\u00e9rt v\u00e1lassza a Calacatta kvarcot?<\/span><\/strong><\/span><\/li>\n<\/ul>\n<p><span style=\"font-family: arial, helvetica, sans-serif; font-size: 18px; color: #000000;\">A Calacatta kvarc \u00f6tv\u00f6zi a m\u00e1rv\u00e1ny sz\u00e9ps\u00e9g\u00e9t a kvarc kem\u00e9nys\u00e9g\u00e9vel, \u00edgy t\u00f6k\u00e9letes v\u00e1laszt\u00e1s nagy forgalm\u00fa ter\u00fcletekre. Tart\u00f3ss\u00e1ga, alacsony karbantart\u00e1si ig\u00e9nye \u00e9s id\u0151tlen eleganci\u00e1ja miatt a bels\u0151\u00e9p\u00edt\u00e9szek \u00e9s a lak\u00e1stulajdonosok kedvence.<\/span><\/p>\n<p><span style=\"font-family: arial, helvetica, sans-serif; font-size: 18px; color: #000000;\">Az egyedi kvarc f\u00fcrd\u0151szoba munkalapok k\u00fcl\u00f6nb\u00f6z\u0151 m\u00e9retben kaphat\u00f3k, hogy illeszkedjenek egy, kett\u0151 vagy ak\u00e1r h\u00e1rom mosogat\u00f3hoz. \u00cdme n\u00e9h\u00e1ny a leggyakoribb m\u00e9ret:<\/span><\/p>\n<ul>\n<li><span style=\"color: #000000;\"><strong><span style=\"font-family: arial, helvetica, sans-serif; font-size: 18px;\">Egy mosogat\u00f3 munkalapok:<\/span><\/strong><\/span><\/li>\n<\/ul>\n<p><span style=\"font-family: arial, helvetica, sans-serif; font-size: 18px; color: #000000;\">A standard egy mosogat\u00f3 munkalap \u00e1ltal\u00e1ban 24\u201330 h\u00fcvelyk sz\u00e9les \u00e9s 22 h\u00fcvelyk m\u00e9ly. Ez a m\u00e9ret ide\u00e1lis a legt\u00f6bb f\u00fcrd\u0151szob\u00e1hoz. Ha viszont kisebb f\u00fcrd\u0151szob\u00e1ja van, akkor \u00e9rdemes 24 h\u00fcvelyk sz\u00e9les munkalapot v\u00e1lasztani. M\u00e1sr\u00e9szt, nagyobb f\u00fcrd\u0151szob\u00e1k eset\u00e9n 30 h\u00fcvelyk vagy ak\u00e1r 36 h\u00fcvelyk munkalap lehet alkalmasabb.<\/span><\/p>\n<ul>\n<li><span style=\"color: #000000;\"><strong><span style=\"font-family: arial, helvetica, sans-serif; font-size: 18px;\">Kett\u0151s mosogat\u00f3 munkalapok:<\/span><\/strong><\/span><\/li>\n<\/ul>\n<p><span style=\"font-family: arial, helvetica, sans-serif; font-size: 18px; color: #000000;\">A kett\u0151s mosogat\u00f3 munkalapok t\u00f6bb helyet ig\u00e9nyelnek. A standard m\u00e9ret egy kett\u0151s mosogat\u00f3 mosd\u00f3pultnak 60 h\u00fcvelyk sz\u00e9les \u00e9s 22 h\u00fcvelyk m\u00e9ly. Azonban a m\u00e9ret 48\u201372 h\u00fcvelyk k\u00f6z\u00f6tt v\u00e1ltozhat, att\u00f3l f\u00fcgg\u0151en, hogy milyen nagy a f\u00fcrd\u0151szob\u00e1ja \u00e9s mennyi a rendelkez\u00e9sre \u00e1ll\u00f3 hely. Fontos figyelembe venni a mosogat\u00f3k k\u00f6z\u00f6tti t\u00e1vols\u00e1got is, legal\u00e1bb 30 h\u00fcvelyk aj\u00e1nlott a k\u00e9nyelmes haszn\u00e1lat \u00e9rdek\u00e9ben.<\/span><\/p>\n<ul>\n<li><span style=\"color: #000000;\"><strong><span style=\"font-family: arial, helvetica, sans-serif; font-size: 18px;\">H\u00e1rom mosogat\u00f3 kvarc f\u00fcrd\u0151szoba munkalapok:<\/span><\/strong><\/span><\/li>\n<\/ul>\n<div class=\"adweb-template-42\">\n<div class=\"adweb-flex-jc-sb adweb-text-align-c\">\n<div class=\"adweb-flex-item3 adweb-flex-item\">\n<div class=\"adweb-item-img\"><span style=\"color: #000000;\"><strong><span style=\"font-family: arial, helvetica, sans-serif; font-size: 18px;\"><img decoding=\"async\" title=\"Calacatta kvarc hi\u00fas\u00e1g teteje felfel\u00e9 szerelt mosogat\u00f3val\" src=\"https:\/\/data.adwebcloud.com\/public\/material\/230411wadmp3\/product\/imageFile_1684731831456.jpg\" alt=\"Calacatta feh\u00e9r kvarc egyetlen mosogat\u00f3 munkalapok\" width=\"500\" height=\"500\" \/><\/span><\/strong><\/span><\/div>\n<p><span style=\"color: #000000; font-family: arial, helvetica, sans-serif; font-size: 14pt;\"><strong class=\"adweb-item-title\">Egyedi Calacatta kvarc f\u00fcrd\u0151szoba munkalapok<\/strong><\/span><\/p>\n<\/div>\n<div class=\"adweb-flex-item3 adweb-flex-item\">\n<div class=\"adweb-item-img\"><span style=\"font-family: arial, helvetica, sans-serif; font-size: 14pt; color: #000000;\"><img loading=\"lazy\" decoding=\"async\" title=\"Calacatta kvarc hi\u00fas\u00e1g teteje\" src=\"https:\/\/data.adwebcloud.com\/public\/material\/230411wadmp3\/product\/imageFile_1684731831507.jpg\" alt=\"Calacatta kvarc egyedi alul szerelt mosogat\u00f3 munkalapok\" width=\"500\" height=\"500\" \/><\/span><\/div>\n<p><span style=\"font-family: arial, helvetica, sans-serif; font-size: 14pt; color: #000000;\"><strong class=\"adweb-item-title\">Calacatta feh\u00e9r kvarc egyetlen mosogat\u00f3 munkalapok<\/strong><\/span><\/p>\n<\/div>\n<div class=\"adweb-flex-item3 adweb-flex-item\">\n<div class=\"adweb-item-img\"><span style=\"font-family: arial, helvetica, sans-serif; font-size: 14pt; color: #000000;\"><img loading=\"lazy\" decoding=\"async\" title=\"Feh\u00e9r Calacatta kvarc hi\u00fas\u00e1g teteje\" src=\"https:\/\/data.adwebcloud.com\/public\/material\/230411wadmp3\/product\/imageFile_1684731831581.jpg\" alt=\"Calacatta feh\u00e9r kvarc f\u00fcrd\u0151szoba munkalap szettek\" width=\"500\" height=\"500\" \/><\/span><\/div>\n<p><span style=\"font-family: arial, helvetica, sans-serif; font-size: 14pt; color: #000000;\"><strong class=\"adweb-item-title\">Calacatta Quarz egyedi mosd\u00f3pultok<\/strong><\/span><\/p>\n<\/div>\n<\/div>\n<\/div>\n<p>&nbsp;<\/p>\n<p><span style=\"font-family: arial, helvetica, sans-serif; font-size: 14pt; color: #000000;\">A h\u00e1rom mosogat\u00f3 munkalapok ritk\u00e1bbak \u00e9s val\u00f3sz\u00edn\u0171leg egyedi k\u00e9sz\u00edt\u00e9s\u0171ek lesznek konkr\u00e9t projektekhez. \u00c1ltal\u00e1ban kereskedelmi k\u00f6rnyezetekben vagy hatalmas lakoss\u00e1gi f\u00fcrd\u0151szob\u00e1kban haszn\u00e1lj\u00e1k \u0151ket. Ir\u00e1nyelvk\u00e9nt minden mosogat\u00f3 legal\u00e1bb 24 h\u00fcvelyk helyet kapjon, teh\u00e1t egy h\u00e1rom mosogat\u00f3 munkalap legal\u00e1bb 72 h\u00fcvelyk sz\u00e9les kell legyen, val\u00f3sz\u00edn\u0171leg m\u00e9g t\u00f6bb, hogy k\u00e9nyelmes t\u00e1vols\u00e1got biztos\u00edtson.<\/span><\/p>\n<p>&nbsp;<\/p>\n<p><span style=\"font-family: arial, helvetica, sans-serif; font-size: 14pt; color: #000000;\">Ne feledje, ezek a m\u00e9retek csak ir\u00e1nyelvek. Mindig m\u00e9rje le pontosan a hely\u00e9t, miel\u0151tt munkalapot rendel, hogy biztosan j\u00f3l illeszkedjen. Emellett besz\u00e9ljen egy szakemberrel vagy a gy\u00e1rt\u00f3val, hogy a munkalap tartsa a kiv\u00e1lasztott mosogat\u00f3k s\u00faly\u00e1t \u00e9s m\u00e9ret\u00e9t.<\/span><\/p>\n<div class=\"adweb-template-3\">\n<h5 class=\"adweb-border-blue\"><strong class=\"adweb-blue\">K\u00ednai vezet\u0151 kvarc munkalapok besz\u00e1ll\u00edt\u00f3ja<\/strong><\/h5>\n<\/div>\n<p>&nbsp;<\/p>\n<p><span style=\"font-family: arial, helvetica, sans-serif; font-size: 18px;\"><img decoding=\"async\" src=\"https:\/\/data.adwebcloud.com\/public\/material\/230411wadmp3\/product\/imageFile_1684731831634.jpg\" alt=\"ESTA STONE m\u00e9rn\u00f6ki kvarc lapok \u00e9s munkalapok GY\u00c1R \" width=\"1100\" \/><\/span><\/p>\n<p><span style=\"font-family: arial, helvetica, sans-serif; font-size: 18px;\"><img loading=\"lazy\" decoding=\"async\" src=\"https:\/\/data.adwebcloud.com\/public\/material\/230411wadmp3\/product\/imageFile_1684731831720.jpg\" alt=\"1-FAQ\" width=\"900\" height=\"60\" \/><\/span><\/p>\n<p><span style=\"font-family: arial, helvetica, sans-serif; font-size: 18px; color: #000000;\">Q1: Mintasz\u00e1ll\u00edt\u00e1s<\/span><\/p>\n<p><span style=\"font-family: arial, helvetica, sans-serif; font-size: 18px; color: #000000;\">V: A mint\u00e1k \u00e1ltal\u00e1ban ingyenesek, de a fuvard\u00edjat felsz\u00e1m\u00edtjuk. A megrendel\u00e9s meger\u0151s\u00edt\u00e9se ut\u00e1n visszafizetj\u00fck az expressz k\u00f6lts\u00e9get.<\/span><\/p>\n<p><span style=\"font-family: arial, helvetica, sans-serif; font-size: 18px; color: #000000;\">2. k\u00e9rd\u00e9s: Mi a MOQ?<\/span><\/p>\n<p><span style=\"font-family: arial, helvetica, sans-serif; font-size: 18px; color: #000000;\">V: MOQ-unk \u00e1ltal\u00e1ban 50 n\u00e9gyzetm\u00e9ter, a k\u00fcl\u00f6nb\u00f6z\u0151 anyagokt\u00f3l f\u00fcgg\u0151en.<\/span><\/p>\n<p><span style=\"font-family: arial, helvetica, sans-serif; font-size: 18px; color: #000000;\">3. k\u00e9rd\u00e9s: Mennyi az \u00e1tfut\u00e1si id\u0151?<\/span><\/p>\n<p><span style=\"font-family: arial, helvetica, sans-serif; font-size: 18px; color: #000000;\">V: A sz\u00e1ll\u00edt\u00e1si id\u0151 a bet\u00e9t meg\u00e9rkez\u00e9se ut\u00e1n k\u00f6r\u00fclbel\u00fcl 10 ~ 30, a mennyis\u00e9gt\u0151l f\u00fcgg\u0151en.<\/span><\/p>\n<p><span style=\"font-family: arial, helvetica, sans-serif; font-size: 18px; color: #000000;\">4. k\u00e9rd\u00e9s: \u00d6n gy\u00e1rt\u00f3?<\/span><\/p>\n<p><span style=\"font-family: arial, helvetica, sans-serif; font-size: 18px; color: #000000;\">V: Igen, gy\u00e1raink Fujianban tal\u00e1lhat\u00f3ak.<\/span><\/p>\n<p><span style=\"font-family: arial, helvetica, sans-serif; font-size: 18px; color: #000000;\">5. k\u00e9rd\u00e9s: K\u00e9sz\u00edt egyedi terveket is?<\/span><\/p>\n<p><span style=\"font-family: arial, helvetica, sans-serif; font-size: 18px; color: #000000;\">V: Igen. Az \u00fcgyf\u00e9l ig\u00e9nyei szerint tudunk tenni.<\/span><\/p>\n<p><span style=\"font-family: arial, helvetica, sans-serif; font-size: 18px; color: #000000;\">6. k\u00e9rd\u00e9s: Megl\u00e1togathatom a gy\u00e1rat, hogy ellen\u0151rizzem az \u00e1rut, amikor megrendelj\u00fck?<\/span><\/p>\n<p><span style=\"font-family: arial, helvetica, sans-serif; font-size: 18px; color: #000000;\">V: Igen, sz\u00edvesen l\u00e1tjuk, ha megl\u00e1togat minket.<\/span><\/p>\n<p><span style=\"font-family: arial, helvetica, sans-serif; font-size: 18px; color: #000000;\">A Calacatta kvarc mosd\u00f3pult, luxusos vonzerej\u00e9vel \u00e9s praktikus el\u0151nyeivel, gy\u00f6ny\u00f6r\u0171 \u00e9s tart\u00f3s megold\u00e1st k\u00edn\u00e1l lakoss\u00e1gi, kereskedelmi \u00e9s k\u00f6z\u00f6ss\u00e9gi mosd\u00f3khoz. Egyedi erezetmint\u00e1ival \u00e9s eleg\u00e1ns fel\u00fclet\u00e9vel a Calacatta kvarc az olasz feh\u00e9r m\u00e1rv\u00e1ny id\u0151tlen b\u0171b\u00e1j\u00e1t hozza be a bels\u0151 terekbe, tart\u00f3s sz\u00e9ps\u00e9get \u00e9s funkci\u00f3t \u00edg\u00e9r.<\/span><\/p>\n<p>&nbsp;<\/p>\n<p>&nbsp;<\/p>\n<p><img loading=\"lazy\" decoding=\"async\" src=\"https:\/\/data.adwebcloud.com\/public\/material\/230411wadmp3\/product\/ContactUSkaobei_1685181587047.jpg\" alt=\"Calacatta kvarc munkalap gy\u00e1r-Esta Stone\" width=\"1100\" height=\"511\" \/><\/p>\n<p>&nbsp;<\/p>\n<p>&nbsp;<\/p>","protected":false},"excerpt":{"rendered":"<p><span style=\"font-family: arial, helvetica, sans-serif; font-size: 14pt; color: #000000;\">A Calacatta White kvarck\u0151 a luxus \u00e9s a praktikum leny\u0171g\u00f6z\u0151 kever\u00e9k\u00e9vel ismerteti meg a vil\u00e1got, \u00e9s \u00fajradefini\u00e1lja a bels\u0151\u00e9p\u00edt\u00e9szeti eszt\u00e9tik\u00e1t. Ez az elb\u0171v\u00f6l\u0151 innov\u00e1ci\u00f3 a m\u00e1rv\u00e1nyra eml\u00e9keztet\u0151 erezet\u00e9vel a term\u00e9szetes m\u00e1rv\u00e1ny var\u00e1zs\u00e1t \u00f6tv\u00f6zi a kvarc tart\u00f3ss\u00e1g\u00e1val. Ak\u00e1r f\u00fcrd\u0151szob\u00e1j\u00e1nak id\u0151tlen kieg\u00e9sz\u00edt\u0151j\u00e9t, ak\u00e1r nyilv\u00e1nos mosd\u00f3k kiemelked\u0151 elem\u00e9t keresi, a Calacatta kvarc a bels\u0151\u00e9p\u00edt\u00e9szet trendteremt\u0151jek\u00e9nt t\u0171nik fel.\u00a0<\/span><\/p>\n<ul>\n<li><span style=\"font-family: arial, helvetica, sans-serif; font-size: 14pt; color: #000000;\">El\u0151regy\u00e1rtott kvarc fels\u0151 t\u00e9tel: Clacatta feh\u00e9r kvarc k\u0151 egy mosd\u00f3 f\u00fcrd\u0151szobai hi\u00fas\u00e1g teteje<\/span><\/li>\n<li><span style=\"font-family: arial, helvetica, sans-serif; font-size: 14pt; color: #000000;\">Kvarc sz\u00edne: Clacatta feh\u00e9r kvarc, feh\u00e9r kvarc k\u0151\u00a0<\/span><\/li>\n<li><span style=\"font-family: arial, helvetica, sans-serif; font-size: 14pt; color: #000000;\">Kvarc hi\u00fas\u00e1g m\u00e9rete: 25\u2033\/31\u2033\/37\u2033\/49\u2033\/61\u2033 x 22\u2033, egyedi m\u00e9retek kaphat\u00f3k munkalapok <\/span><\/li>\n<li><span style=\"font-family: arial, helvetica, sans-serif; font-size: 14pt; color: #000000;\">Vastags\u00e1g: 20,30mm Fel\u00fclet: Fel\u00fclet: Pol\u00edrozott, csiszolt,\u00a0<\/span><\/li>\n<li><span style=\"font-family: arial, helvetica, sans-serif; font-size: 14pt; color: #000000;\">MOQ: 100 k\u00e9szlet m\u00e9rn\u00f6ki <\/span><\/li>\n<li><span style=\"font-family: arial, helvetica, sans-serif; font-size: 14pt; color: #000000;\">Kvarcgy\u00e1r: Esta Stone\u00a0<\/span><\/li>\n<li><span style=\"font-family: arial, helvetica, sans-serif; font-size: 14pt; color: #000000;\">Alkalmaz\u00e1s: Mesters\u00e9ges Calacatta feh\u00e9r kvarc egyedi f\u00fcrd\u0151szobai fel\u00fcletek az Esta Stone-t\u00f3l ide\u00e1lisak lak\u00f3h\u00e1zakhoz, kereskedelmi \u00e9p\u00fcletekhez, luxussz\u00e1llod\u00e1khoz, bev\u00e1s\u00e1rl\u00f3k\u00f6zpontokhoz, irodahelyis\u00e9gekhez \u00e9s t\u00f6rt\u00e9nelmi helyre\u00e1ll\u00edt\u00e1sokhoz.\u00a0\u00a0<\/span><\/li>\n<\/ul>","protected":false},"featured_media":460710,"template":"","adweb_product_categories":[369,368],"adweb_product_tags":[28831,191,28833,28837,28834,28838],"class_list":["post-460838","products","type-products","status-publish","has-post-thumbnail","hentry","adweb_product_cat-quartz-countertops","adweb_product_cat-quartz-stone","adweb_product_tag-calacatta-quartz-bathroom-vanity","adweb_product_tag-calacatta-quartz-vanity-top","adweb_product_tag-calacatta-white-quartz-bathroom-countertops","adweb_product_tag-quartz-bathroom-countertops","adweb_product_tag-white-calacatta-quartz-bathroom-vanity-top","adweb_product_tag-white-quartz-washroom-countertops"],"gallery":[460710,460741,493063,493094],"order":"0","acf":[],"_links":{"self":[{"href":"https:\/\/whitemarblegranite.com\/hu\/wp-json\/wp\/v2\/adweb_products\/460838","targetHints":{"allow":["GET"]}}],"collection":[{"href":"https:\/\/whitemarblegranite.com\/hu\/wp-json\/wp\/v2\/adweb_products"}],"about":[{"href":"https:\/\/whitemarblegranite.com\/hu\/wp-json\/wp\/v2\/types\/products"}],"wp:featuredmedia":[{"embeddable":true,"href":"https:\/\/whitemarblegranite.com\/hu\/wp-json\/wp\/v2\/media\/460710"}],"wp:attachment":[{"href":"https:\/\/whitemarblegranite.com\/hu\/wp-json\/wp\/v2\/media?parent=460838"}],"wp:term":[{"taxonomy":"adweb_product_cat","embeddable":true,"href":"https:\/\/whitemarblegranite.com\/hu\/wp-json\/wp\/v2\/adweb_product_categories?post=460838"},{"taxonomy":"adweb_product_tag","embeddable":true,"href":"https:\/\/whitemarblegranite.com\/hu\/wp-json\/wp\/v2\/adweb_product_tags?post=460838"}],"curies":[{"name":"wp","href":"https:\/\/api.w.org\/{rel}","templated":true}]}}