{"id":494029,"date":"2023-10-27T10:30:13","date_gmt":"2023-10-27T02:30:13","guid":{"rendered":"https:\/\/whitemarblegranite.com\/product\/granite-tombstone\/"},"modified":"2023-12-25T14:36:19","modified_gmt":"2023-12-25T06:36:19","slug":"granite-tombstone","status":"publish","type":"products","link":"https:\/\/whitemarblegranite.com\/hu\/product\/granite-tombstone\/","title":{"rendered":"Granite Tombstone"},"content":{"rendered":"<p><span style=\"font-family: arial, helvetica, sans-serif; font-size: 18px; color: #000000;\"><input type=\"hidden\" id=\"productID\" name=\"productID\" value=\"153678586\" \/><\/span><\/p>\n<h2 style=\"font-size: 20px;\"><span style=\"color: #000000; font-family: arial, helvetica, sans-serif; font-size: 24px;\"><strong>G664 gr\u00e1nit s\u00edrk\u0151 term\u00e9szetes k\u0151 feldolgoz\u00e1sa<\/strong><\/span><\/h2>\n<p><span style=\"font-family: arial, helvetica, sans-serif; font-size: 18px;\">A gr\u00e1nit s\u00edrk\u00f6vek b\u00e1rmilyen m\u00e9retben, form\u00e1ban, sz\u00ednben vagy fel\u00fcletkezel\u00e9sben rendelhet\u0151k, \u00edgy egyedi eml\u00e9km\u0171vet hozhatnak l\u00e9tre. Lehet \u0151ket csiszolatlanul is hagyni a term\u00e9szetesebb \u00e9s rusztikusabb megjelen\u00e9s \u00e9rdek\u00e9ben, vagy csiszolni \u0151ket, hogy f\u00e9nyes, t\u00fckr\u00f6z\u0151 fel\u00fcletet kapjanak. A gr\u00e1nit sz\u00e1mos \u00e1rnyalatban kaphat\u00f3, a sz\u00fcrke, fekete, r\u00f3zsasz\u00edn \u00e9s feh\u00e9r t\u00f3nusokat mag\u00e1ba foglalva, \u00edgy sz\u00e9les v\u00e1laszt\u00e9kot ny\u00fajt az eszt\u00e9tikai lehet\u0151s\u00e9gek ter\u00e9n.<\/span><\/p>\n<p><span style=\"font-family: arial, helvetica, sans-serif; font-size: 18px;\">A k\u0151 kiv\u00e1laszt\u00e1s\u00e1t\u00f3l a s\u00edrhelyre val\u00f3 elhelyez\u00e9s\u00e9ig sz\u00e1mos proced\u00fara j\u00e1r egy gr\u00e1nit s\u00edrk\u0151 elk\u00e9sz\u00edt\u00e9se sor\u00e1n.&nbsp;<\/span><\/p>\n<p><strong><span style=\"font-family: arial, helvetica, sans-serif; font-size: 18px;\">K\u0151v\u00e1laszt\u00e1s:<\/span><\/strong><\/p>\n<p><span style=\"font-family: arial, helvetica, sans-serif; font-size: 18px;\">A s\u00edrk\u0151h\u00f6z a megfelel\u0151 gr\u00e1nitt\u00edpus \u00e9s sz\u00edn kiv\u00e1laszt\u00e1sa a folyamat els\u0151 szakasza. A csal\u00e1d vagy az eml\u00e9km\u0171tervez\u0151 v\u00e1lasztja ki a sz\u00e1mukra legmegfelel\u0151bb gr\u00e1nitot, mivel ez sz\u00e1mos sz\u00ednben \u00e9s mint\u00e1zatban kaphat\u00f3.<\/span><\/p>\n<p><strong><span style=\"font-family: arial, helvetica, sans-serif; font-size: 18px;\">Tervez\u00e9s \u00e9s testreszab\u00e1s: <\/span><\/strong><\/p>\n<p><span style=\"font-family: arial, helvetica, sans-serif; font-size: 18px;\">Miut\u00e1n kiv\u00e1lasztott\u00e1k a gr\u00e1nitot, el kell d\u00f6nteni a s\u00edrk\u0151 tervez\u00e9si \u00e9s testreszab\u00e1si lehet\u0151s\u00e9geit. Ez mag\u00e1ban foglalja a k\u0151 m\u00e9reteinek, st\u00edlus\u00e1nak \u00e9s fel\u00fcletkezel\u00e9s\u00e9nek meghat\u00e1roz\u00e1s\u00e1t, valamint az egyedi elemek, p\u00e9ld\u00e1ul grav\u00edroz\u00e1sok, szimb\u00f3lumok vagy epit\u00e1fok kialak\u00edt\u00e1s\u00e1t. A csal\u00e1d egy eml\u00e9km\u0171c\u00e9ggel vagy eml\u00e9km\u0171m\u0171v\u00e9sszel egy\u00fcttm\u0171k\u00f6dve tervezhet egy olyan eml\u00e9km\u0171vet, amely tiszteli az elhunyt eml\u00e9k\u00e9t \u00e9s egyedis\u00e9g\u00e9t.<\/span><\/p>\n<p><img fetchpriority=\"high\" decoding=\"async\" src=\"https:\/\/data.adwebcloud.com\/public\/material\/230411wadmp3\/product\/G664tomb_1698372191843.png\" width=\"1000\" height=\"1000\" alt=\"\" \/><\/p>\n<p><strong><span style=\"font-family: arial, helvetica, sans-serif; font-size: 18px;\">K\u0151v\u00e1g\u00e1s \u00e9s alak\u00edt\u00e1s: <\/span><\/strong><\/p>\n<p><span style=\"font-family: arial, helvetica, sans-serif; font-size: 18px;\">A tervez\u00e9s befejez\u00e9se ut\u00e1n a hozz\u00e1\u00e9rt\u0151 k\u00e9zm\u0171vesek speci\u00e1lis berendez\u00e9sekkel \u00e9s szersz\u00e1mokkal v\u00e1gj\u00e1k \u00e9s alak\u00edtj\u00e1k a gr\u00e1nitot a kiv\u00e1lasztott param\u00e9tereknek megfelel\u0151en. Ehhez a k\u0151lapokat pontosan a k\u00edv\u00e1nt m\u00e9retre kell v\u00e1gni \u00e9s a megfelel\u0151 form\u00e1ra kell alak\u00edtani, p\u00e9ld\u00e1ul egy \u00e1ll\u00f3 eml\u00e9km\u0171v\u00e9, egy lapos jelz\u0151t\u00e1bl\u00e1ra vagy egy egyedi diz\u00e1jnra.<\/span><\/p>\n<p><strong><span style=\"font-family: arial, helvetica, sans-serif; font-size: 18px;\">Grav\u00edroz\u00e1s \u00e9s feliratoz\u00e1s:&nbsp; <\/span><\/strong><\/p>\n<p><span style=\"font-family: arial, helvetica, sans-serif; font-size: 18px;\">Miut\u00e1n a s\u00edrk\u0151 alapform\u00e1ja elk\u00e9sz\u00fclt, a megfelel\u0151 szavakat, szimb\u00f3lumokat vagy m\u0171alkot\u00e1sokat r\u00e1 lehet grav\u00edrozni. Hozz\u00e1\u00e9rt\u0151 farag\u00f3k a kiv\u00e1lasztott szavakat a gr\u00e1nit fel\u00fclet\u00e9re v\u00e9stik, korszer\u0171 farag\u00e1si m\u00f3dszerekkel, bele\u00e9rtve a l\u00e9zergrav\u00edroz\u00e1st \u00e9s a homokf\u00far\u00e1st. A n\u00e9v, a sz\u00fclet\u00e9si \u00e9s hal\u00e1loz\u00e1si d\u00e1tumok, id\u00e9zetek, vall\u00e1si szimb\u00f3lumok, epit\u00e1fok \u00e9s b\u00e1rmilyen m\u00e1s egyedi inform\u00e1ci\u00f3, amit a csal\u00e1d k\u00e9r, mind beker\u00fclhet erre.<\/span><\/p>\n<p><strong><span style=\"font-family: arial, helvetica, sans-serif; font-size: 18px;\">Befejez\u00e9s \u00e9s csiszol\u00e1s:<\/span><\/strong><\/p>\n<p><span style=\"font-family: arial, helvetica, sans-serif; font-size: 18px;\">A s\u00edrk\u0151 akkor k\u00e9sz\u00fcl el, amikor a grav\u00edroz\u00e1s befejez\u0151d\u00f6tt, hogy megfelel\u0151 text\u00far\u00e1t \u00e9s megjelen\u00e9st kapjon. A k\u0151 ellen\u00e1ll\u00f3 k\u00e9pess\u00e9g\u00e9nek n\u00f6vel\u00e9se \u00e9s term\u00e9szetes sz\u00e9ps\u00e9g\u00e9nek kiemel\u00e9se \u00e9rdek\u00e9ben csiszolni, sim\u00edtani \u00e9s csiszolni kell. A csal\u00e1d \u00edzl\u00e9s\u00e9t\u0151l f\u00fcgg\u0151en a csiszol\u00e1s m\u00e9rt\u00e9ke v\u00e1ltozhat a magasf\u00e9ny\u0171 fel\u00fclett\u0151l a rusztikusabb vagy matt fel\u00fcletig.<\/span><\/p>\n<p><strong><span style=\"font-family: arial, helvetica, sans-serif; font-size: 18px;\">Min\u0151s\u00e9gellen\u0151rz\u00e9s \u00e9s vizsg\u00e1lat:&nbsp; <\/span><\/strong><\/p>\n<p><span style=\"font-family: arial, helvetica, sans-serif; font-size: 18px;\">A s\u00edrk\u0151 min\u0151s\u00e9gellen\u0151rz\u00e9sen esik \u00e1t, hogy biztos\u00edtsa, hogy megfelel a sz\u00fcks\u00e9ges k\u00f6vetelm\u00e9nyeknek, miel\u0151tt telep\u00edt\u00e9sre ker\u00fclne. Ez mag\u00e1ban foglalja a grav\u00edroz\u00e1s b\u00e1rmilyen hib\u00e1j\u00e1nak, foltj\u00e1nak vagy hib\u00e1j\u00e1nak vizsg\u00e1lat\u00e1t, valamint a tervez\u00e9s \u00e9s az ar\u00e1nyok pontoss\u00e1g\u00e1nak ellen\u0151rz\u00e9s\u00e9t.<\/span><\/p>\n<p><strong><span style=\"font-family: arial, helvetica, sans-serif; font-size: 18px;\">Sz\u00e1ll\u00edt\u00e1s \u00e9s telep\u00edt\u00e9s:&nbsp; <\/span><\/strong><\/p>\n<p><span style=\"font-family: arial, helvetica, sans-serif; font-size: 18px;\">A s\u00edrk\u0151 gondosan \u00e1thelyez\u00e9sre ker\u00fcl a temet\u0151be vagy a s\u00edrhelyre, miut\u00e1n \u00e1tesett a min\u0151s\u00e9gellen\u0151rz\u00e9sen. A s\u00edrk\u0151t hozz\u00e1\u00e9rt\u0151 szakemberek helyezik el, akik gondoskodnak arr\u00f3l is, hogy stabilan r\u00f6gz\u00edts\u00e9k egy alapra vagy alapoz\u00e1sra, vagy biztons\u00e1gosan eltemess\u00e9k a f\u00f6ldbe. A s\u00edrk\u0151 a legnagyobb \u00f3vatoss\u00e1ggal \u00e9s figyelemmel ker\u00fcl elhelyez\u00e9sre, hogy biztos\u00edts\u00e1k a helyes pozicion\u00e1l\u00e1st \u00e9s igaz\u00edt\u00e1st.<\/span><\/p>\n<\/p>\n<p><span style=\"color: #000000; font-family: arial, helvetica, sans-serif; font-size: 18px;\"><iframe width=\"1100\" height=\"420\" src=\"https:\/\/www.youtube.com\/embed\/4cla0b5n_Gc\" allowfullscreen=\"allowfullscreen\"><\/iframe><\/span><\/p>\n<\/p>\n<div class=\"adweb-template-3\">\n<h5 class=\"adweb-border-blue\"><strong class=\"adweb-blue\">Term\u00e9szetes k\u0151 G664 gr\u00e1nit s\u00edrk\u0151 m\u00e9retei<\/strong><\/h5>\n<\/div>\n<p style=\"font-size: 16px;\">\n<div>\n<table border=\"2px\" cellpadding=\"2px\" style=\"border-collapse: collapse; width: 100.044%; height: 333px; border-color: #000000; border-style: solid;\">\n<tbody>\n<tr style=\"height: 22.5px;\">\n<td colspan=\"2\" rowspan=\"1\" style=\"width: 99.0765%; height: 22.5px;\"><span style=\"font-family: arial, helvetica, sans-serif;\"><span style=\"font-size: 18px;\">Term\u00e9szetes k\u0151 gr\u00e1nit s\u00edrk\u0151<\/span><\/span><\/td>\n<\/tr>\n<tr style=\"height: 44px;\">\n<td colspan=\"1\" rowspan=\"4\" style=\"width: 13.9842%; height: 111.5px;\">\n<div>\n<div data-spm-anchor-id=\"a2700.pc-decorate.0.i3.23e13333MgnUIp\"><\/div>\n<div><\/div>\n<div data-spm-anchor-id=\"a2700.custom-template.0.i45.2a433333WH2fkx\"><\/div>\n<div data-spm-anchor-id=\"a2700.custom-template.0.i71.75883333OX8osY\"><span style=\"font-family: arial, helvetica, sans-serif; font-size: 18px;\">M\u00e9ret<\/span><\/div>\n<\/div>\n<\/td>\n<td colspan=\"1\" rowspan=\"1\" style=\"width: 85.0923%; height: 44px;\">\n<div><span style=\"font-family: arial, helvetica, sans-serif; font-size: 18px;\">F\u00f6d\u00e9m: 2800 x 1800mm, 2800 x 1600mm, 2600 x 1600mm, 2500 x 1500mm, 2400 x 1400mm, 2400 x 1200mm.<\/span><\/div>\n<\/td>\n<\/tr>\n<tr style=\"height: 22.5px;\">\n<td colspan=\"1\" rowspan=\"1\" style=\"width: 85.0923%; height: 22.5px;\">\n<div><span style=\"font-family: arial, helvetica, sans-serif; font-size: 18px;\">Cser\u00e9p: 305 x 305mm, 305 x 610mm, 610 x 610mm, stb.<\/span><\/div>\n<\/td>\n<\/tr>\n<tr style=\"height: 22.5px;\">\n<td colspan=\"1\" rowspan=\"1\" style=\"width: 85.0923%; height: 22.5px;\">\n<div><span style=\"font-family: arial, helvetica, sans-serif; font-size: 18px;\">M\u00e9retre v\u00e1g\u00e1s: 300 x 300mm, 300 x 600mm, 600 x 600mm, stb.<\/span><\/div>\n<\/td>\n<\/tr>\n<tr style=\"height: 22.5px;\">\n<td colspan=\"1\" rowspan=\"1\" style=\"width: 85.0923%; height: 22.5px;\">\n<div data-spm-anchor-id=\"a2700.details.0.i32.5a2921c9pTWMcS\"><span style=\"font-family: arial, helvetica, sans-serif; font-size: 18px;\">M\u00e1s m\u00e9retek egyedi k\u00e9r\u00e9s szerint.<\/span><\/div>\n<\/td>\n<\/tr>\n<tr style=\"height: 22.5px;\">\n<td colspan=\"1\" rowspan=\"1\" style=\"width: 13.9842%; height: 22.5px;\">\n<div>\n<div data-spm-anchor-id=\"a2700.custom-template.0.i59.2a433333WH2fkx\"><span style=\"font-family: arial, helvetica, sans-serif; font-size: 18px;\">Fel\u00fclet<\/span><\/div>\n<\/div>\n<\/td>\n<td colspan=\"1\" rowspan=\"1\" style=\"width: 85.0923%; height: 22.5px;\">\n<div><span style=\"font-family: arial, helvetica, sans-serif; font-size: 18px;\">Pol\u00edrozott, csiszolt, l\u00e1ngolt, WaterJet, b\u0151r\u00f6z\u00f6tt.<\/span><\/div>\n<\/td>\n<\/tr>\n<tr style=\"height: 22.5px;\">\n<td colspan=\"1\" rowspan=\"3\" style=\"width: 13.9842%; height: 110.5px;\">\n<div>\n<div><\/div>\n<div data-spm-anchor-id=\"a2700.custom-template.0.i88.75883333OX8osY\"><span style=\"font-family: arial, helvetica, sans-serif; font-size: 18px;\">Csomag r\u00e9szletesen<\/span><\/div>\n<\/div>\n<\/td>\n<td colspan=\"1\" rowspan=\"1\" style=\"width: 85.0923%; height: 22.5px;\">\n<div><span style=\"font-family: arial, helvetica, sans-serif; font-size: 18px;\">1) F\u00f6d\u00e9m: m\u0171anyag bel\u00fcl + er\u0151s, tenger\u00e1ll\u00f3 fa k\u00f6teg k\u00edv\u00fclr\u0151l<\/span><\/div>\n<\/td>\n<\/tr>\n<tr style=\"height: 44px;\">\n<td colspan=\"1\" rowspan=\"1\" style=\"width: 85.0923%; height: 44px;\">\n<div><span style=\"font-family: arial, helvetica, sans-serif; font-size: 18px;\">2) Csempe: bel\u00fcl hab + k\u00edv\u00fcl er\u0151s, tenger\u00e1ll\u00f3, meger\u0151s\u00edtett hevederekkel ell\u00e1tott f\u00e1b\u00f3l k\u00e9sz\u00fclt l\u00e1d\u00e1k.<\/span><\/div>\n<\/td>\n<\/tr>\n<tr style=\"height: 44px;\">\n<td colspan=\"1\" rowspan=\"1\" style=\"width: 85.0923%; height: 44px;\">\n<div><span style=\"font-family: arial, helvetica, sans-serif; font-size: 18px;\">3) Pult: bel\u00fcl hab + k\u00edv\u00fcl er\u0151s, tenger\u00e1ll\u00f3 fadobozok meger\u0151s\u00edtett hevederekkel.<\/span><\/div>\n<\/td>\n<\/tr>\n<tr style=\"height: 66px;\">\n<td colspan=\"2\" rowspan=\"1\" style=\"width: 99.0765%; height: 66px;\">\n<div><span style=\"font-family: arial, helvetica, sans-serif; font-size: 18px;\">Min\u0151s\u00e9gbiztos\u00edt\u00e1s: A teljes gy\u00e1rt\u00e1si folyamat sor\u00e1n, az anyagv\u00e1laszt\u00e1st\u00f3l a gy\u00e1rt\u00e1son \u00e1t a csomagol\u00e1sig, min\u0151s\u00e9gbiztos\u00edt\u00e1si munkat\u00e1rsaink szigor\u00faan ellen\u0151rzik az egyes folyamatokat, hogy biztos\u00edts\u00e1k a min\u0151s\u00e9gi szabv\u00e1nyokat \u00e9s a pontos sz\u00e1ll\u00edt\u00e1st.<\/span><\/div>\n<\/td>\n<\/tr>\n<\/tbody>\n<\/table>\n<\/div>\n<div>\n<div>\n<div>\n<div>\n<div><span style=\"font-family: arial, helvetica, sans-serif; font-size: 18px;\"><strong>Sz\u00e1ll\u00edt\u00e1si id\u0151:<\/strong> 7 nap tart\u00e1lyonk\u00e9nt.<\/span><\/p>\n<div><span style=\"font-family: arial, helvetica, sans-serif; font-size: 18px;\"><strong>Minim\u00e1lis rendel\u00e9s:<\/strong> 300 N\u00c9GYZETM\u00c9TER<\/span><\/div>\n<div><span style=\"font-family: arial, helvetica, sans-serif; font-size: 18px;\"><strong>\u00c1relem:<\/strong> FOB Xiamen, K\u00edna. vagy az \u00fcgyf\u00e9l k\u00e9r\u00e9s\u00e9re sz\u00e1ll\u00edthatunk.<\/span><\/div>\n<div><span style=\"font-family: arial, helvetica, sans-serif; font-size: 18px;\"><strong>Fizet\u00e9s: <\/strong>30% Let\u00e9t a gy\u00e1rt\u00e1s el\u0151tt, 70% egyenleg a sz\u00e1ll\u00edt\u00e1s el\u0151tt.<\/span><\/div>\n<\/div>\n<\/div>\n<\/div>\n<\/div>\n<\/div>\n<p style=\"font-size: 16px;\">\n<div class=\"adweb-template-3\">\n<h5 class=\"adweb-border-blue\"><strong class=\"adweb-blue\">A term\u00e9szetes k\u0151 gr\u00e1nit s\u00edrk\u0151 G664 t\u00edpus\u00e1nak v\u00e1laszt\u00e1s\u00e1nak indoka<\/strong><\/h5>\n<\/div>\n<table border=\"0\" style=\"border-collapse: collapse; width: 100.044%; height: 910px;\">\n<tbody>\n<tr style=\"height: 910px;\">\n<td style=\"width: 24.1467%; height: 910px;\">\n<p><span style=\"font-family: arial, helvetica, sans-serif; font-size: 18px;\">A G664-es k\u00fcl\u00f6nleges k\u00f3d\u00fa gr\u00e1nitot gyakran haszn\u00e1lj\u00e1k s\u00edrk\u00f6vekhez \u00e9s m\u00e1s \u00e9p\u00edt\u00e9szeti c\u00e9lokra. M\u00e1s nevei k\u00f6z\u00e9 tartozik a \u201cLuoyuan Red\u201d gr\u00e1nit \u00e9s a \u201cMisty Brown\u201d gr\u00e1nit. Az al\u00e1bbiakban n\u00e9h\u00e1ny indokl\u00e1s szerepel a G664-es gr\u00e1nit s\u00edrk\u0151h\u00f6z val\u00f3 kiv\u00e1laszt\u00e1s\u00e1ra:<\/span><\/p>\n<p><strong><span style=\"font-family: arial, helvetica, sans-serif; font-size: 18px;\">Eszt\u00e9tikai vonzereje:&nbsp; <\/span><\/strong><\/p>\n<p><span style=\"font-family: arial, helvetica, sans-serif; font-size: 18px;\">Meleg, v\u00f6r\u00f6ses-barna \u00e1rnyalat\u00fa, a G664-es gr\u00e1nit fekete, feh\u00e9r \u00e9s sz\u00fcrke \u00e1sv\u00e1nyok foltjaival rendelkezik. A gazdag f\u00f6ldes t\u00f3nusok klasszikus, eszt\u00e9tikailag kellemes megjelen\u00e9st adhatnak egy s\u00edrk\u0151nek. A k\u0151 saj\u00e1tos variabilit\u00e1sa karaktert \u00e9s m\u00e9lys\u00e9get k\u00f6lcs\u00f6n\u00f6z a tervez\u00e9snek.<\/span><\/p>\n<p><strong><span style=\"font-family: arial, helvetica, sans-serif; font-size: 18px;\">K\u00f6lts\u00e9ghat\u00e9konys\u00e1g: <\/span><\/strong><\/p>\n<p><span style=\"font-family: arial, helvetica, sans-serif; font-size: 18px;\">Ha \u00f6sszehasonl\u00edtjuk a G664-es gr\u00e1nittal n\u00e9h\u00e1ny m\u00e1s gr\u00e1nitt\u00edpussal, \u00fagy mondj\u00e1k, hogy ez gazdas\u00e1gosabb v\u00e1laszt\u00e1s. Lehet\u0151s\u00e9get ny\u00fajt arra, hogy egy strapab\u00edr\u00f3 \u00e9s eszt\u00e9tikailag kellemes s\u00edrk\u0151t kapjunk an\u00e9lk\u00fcl, hogy t\u00fall\u00e9pn\u00e9nk a k\u00f6lts\u00e9gkeretet.<\/span><\/p>\n<\/p>\n<\/td>\n<td style=\"width: 75.8094%; height: 910px;\"><img decoding=\"async\" src=\"https:\/\/data.adwebcloud.com\/public\/material\/230411wadmp3\/product\/G664tomb03_1698373465582.png\" width=\"800\" height=\"800\" alt=\"\" \/><\/td>\n<\/tr>\n<\/tbody>\n<\/table>\n<table border=\"0\" style=\"border-collapse: collapse; width: 100.044%; height: 22.5px;\">\n<tbody>\n<tr style=\"height: 22.5px;\">\n<td style=\"width: 49.6702%; height: 22.5px;\"><img decoding=\"async\" src=\"https:\/\/data.adwebcloud.com\/public\/material\/230411wadmp3\/product\/G664tomb04_1698373482807.png\" width=\"800\" height=\"800\" alt=\"\" \/><\/td>\n<td style=\"width: 49.6702%; height: 22.5px;\">\n<p><strong><span style=\"font-family: arial, helvetica, sans-serif; font-size: 18px;\">El\u00e9rhet\u0151s\u00e9g: <\/span><\/strong><\/p>\n<p><span style=\"font-family: arial, helvetica, sans-serif; font-size: 18px;\">Az eml\u00e9km\u0171m\u0171v\u00e9szek, eml\u00e9km\u0171c\u00e9gek \u00e9s k\u0151sz\u00e1ll\u00edt\u00f3k k\u00f6nnyen beszerezhetik a G664-es gr\u00e1nitot, mivel ez sz\u00e9les k\u00f6rben el\u00e9rhet\u0151 a piacon. Ez garant\u00e1lja, hogy k\u00f6nnyen beszerezhet\u0151 a s\u00edrk\u00f6vek gy\u00e1rt\u00e1s\u00e1hoz.<\/span><\/p>\n<p><strong><span style=\"font-family: arial, helvetica, sans-serif; font-size: 18px;\">Tart\u00f3ss\u00e1g: <\/span><\/strong><\/p>\n<p><span style=\"font-family: arial, helvetica, sans-serif; font-size: 18px;\">A G664-es gr\u00e1nit h\u00edres a hossz\u00fa \u00e9lettartam\u00e1r\u00f3l \u00e9s tart\u00f3ss\u00e1g\u00e1r\u00f3l, ak\u00e1rcsak m\u00e1s gr\u00e1nitok. Mivel ellen\u00e1ll a fakul\u00e1snak, az id\u0151j\u00e1r\u00e1s hat\u00e1sainak \u00e9s a karcol\u00e1soknak, k\u00fclt\u00e9ri alkalmaz\u00e1sokhoz is haszn\u00e1lhat\u00f3, p\u00e9ld\u00e1ul s\u00edrk\u00f6vekhez. A G664-es min\u0151s\u00e9g\u0171 gr\u00e1nit id\u0151t\u00e1ll\u00f3 \u00e9s ellen\u00e1ll a koszoknak, \u00edgy hossz\u00fa t\u00e1von is meg\u0151rizheti a min\u0151s\u00e9g\u00e9t.<\/span><\/p>\n<p><span style=\"font-family: arial, helvetica, sans-serif; font-size: 18px;\"><strong>Region\u00e1lis vagy kultur\u00e1lis preferencia:<\/strong> <\/span><\/p>\n<p><span style=\"font-family: arial, helvetica, sans-serif; font-size: 18px;\">A G664-es gr\u00e1nit el\u00e9rhet\u0151s\u00e9ge \u00e9s helyi terjedts\u00e9ge miatt n\u00e9h\u00e1ny kult\u00far\u00e1ban vagy helyen el\u0151nyben r\u00e9szes\u00edthetik a s\u00edrk\u00f6vekhez. Bizonyos gr\u00e1nitt\u00edpusok konkr\u00e9t r\u00e9gi\u00f3khoz k\u00f6thet\u0151k, vagy t\u00f6rt\u00e9nelmi jelent\u0151s\u00e9g\u00fck vagy hagyom\u00e1nyos alkalmaz\u00e1suk miatt v\u00e1lasztj\u00e1k \u0151ket.<\/span><\/p>\n<\/p>\n<\/td>\n<\/tr>\n<\/tbody>\n<\/table>\n<p><span style=\"font-family: arial, helvetica, sans-serif; font-size: 18px;\">A G664-es gr\u00e1nit s\u00edrk\u0151h\u00f6z val\u00f3 v\u00e9gs\u0151 d\u00f6nt\u00e9s a csal\u00e1d ig\u00e9nyeit, preferenci\u00e1it \u00e9s anyagi korl\u00e1tait fogja figyelembe venni.<\/span><\/p>\n<\/p>\n<div class=\"adweb-template-3\">\n<h5 class=\"adweb-border-blue\"><strong class=\"adweb-blue\">Term\u00e9szetes k\u0151 G664 gr\u00e1nit s\u00edrk\u0151 gy\u00e1r<\/strong><\/h5>\n<\/div>\n<p>&nbsp;<\/p>\n<p><span style=\"font-family: arial, helvetica, sans-serif; font-size: 18px; color: #000000;\"><img decoding=\"async\" src=\"https:\/\/data.adwebcloud.com\/public\/material\/230411wadmp3\/product\/imageFile_1684732990018.jpg\" title=\"Gr\u00e1nit munkalapok feldolgoz\u00e1si l\u00e9p\u00e9sek\" style=\"white-space: normal;\" width=\"1100\" alt=\"Term\u00e9szetes fa m\u00e1rv\u00e1ny padl\u00f3 \u00e9s fali csempe Factory | esta Stone\" \/><\/span><\/p>\n<\/p>\n<p><span style=\"font-family: arial, helvetica, sans-serif; font-size: 18px; color: #000000;\"><img decoding=\"async\" src=\"https:\/\/data.adwebcloud.com\/public\/material\/230411wadmp3\/product\/imageFile_1684732990078.jpg\" title=\"1-FAQ\" \/><\/span><\/p>\n<p><span style=\"font-family: arial, helvetica, sans-serif; font-size: 18px;\">A G664-es gr\u00e1nit megjelen\u00e9s\u00e9nek \u00e9s hossz\u00fa \u00e9lettartam\u00e1nak fenntart\u00e1sa \u00e9rdek\u00e9ben fontos a rendszeres gondoz\u00e1s \u00e9s karbantart\u00e1s <\/span><\/p>\n<p><strong><span style=\"font-family: arial, helvetica, sans-serif; font-size: 18px;\">Tiszt\u00edt\u00e1s: <\/span><\/strong><\/p>\n<p><span style=\"font-family: arial, helvetica, sans-serif; font-size: 18px;\">Haszn\u00e1ljon meleg vizet \u00e9s enyhe mos\u00f3szer vagy k\u0151specifikus oldatot a G664-es gr\u00e1nit s\u00edrk\u0151 rendszeres tiszt\u00edt\u00e1s\u00e1hoz. Ker\u00fclje a csiszol\u00f3 vagy agressz\u00edv tiszt\u00edt\u00f3szereket, mert azok k\u00e1ros\u00edthatj\u00e1k a fel\u00fcletet. Haszn\u00e1ljon szivacsot vagy puha s\u00f6rt\u00e9j\u0171 kef\u00e9t, \u00e9s \u00f3vatosan d\u00f6rzs\u00f6lje a gr\u00e1nitot. Majd alaposan \u00f6bl\u00edtse le, hogy elt\u00e1vol\u00edtsa a maradv\u00e1nyokat.<\/span><\/p>\n<p><strong><span style=\"font-family: arial, helvetica, sans-serif; font-size: 18px;\">Foltok megel\u0151z\u00e9se: <\/span><\/strong><\/p>\n<p><span style=\"font-family: arial, helvetica, sans-serif; font-size: 18px;\">A foltok elker\u00fcl\u00e9se \u00e9rdek\u00e9ben azonnal t\u00f6r\u00f6lje le a gr\u00e1nitfel\u00fcleten l\u00e9v\u0151 ki\u00f6ml\u00f6tt anyagokat. Ha nem kezelik id\u0151ben, az olyan savas anyagok, mint az ecet, a bor vagy a citruslevek, marhatj\u00e1k vagy elsz\u00ednezhetik a gr\u00e1nitot. Tegyen al\u00e1 p\u00e1rn\u00e1kat vagy matracokat b\u00e1rmilyen t\u00e1rgynak, ami karcolhatja vagy foltot hagyhat, bele\u00e9rtve a f\u00e9m t\u00e1rgyakat vagy durva anyagokat.<\/span><\/p>\n<\/p>\n<p><img loading=\"lazy\" decoding=\"async\" src=\"https:\/\/data.adwebcloud.com\/public\/material\/230411wadmp3\/product\/ContactUSkaobei_1691826544710.jpg\" width=\"1100\" height=\"511\" alt=\"F\u00e1b\u00f3l k\u00e9sz\u00fclt m\u00e1rv\u00e1ny padl\u00f3burkolat sz\u00e1ll\u00edt\u00f3ja | Esta Stone\" \/><\/p>","protected":false},"excerpt":{"rendered":"<p><span style=\"font-family: arial, helvetica, sans-serif; font-size: 18px;\">Granite tombstone, sometimes referred to as a headstone or gravestone, is a customary and durable memorial marker erected at the location of a deceased person\u2019s grave. It acts as a permanent memorial to celebrate and remember the lives of the departed.<\/span><\/p>\n<p><span style=\"font-family: arial, helvetica, sans-serif; font-size: 18px;\">Granite is a preferred material for gravestones because of its sturdiness, all-natural beauty, and capacity to survive weather throughout time. It is a kind of igneous rock that is created when molten lava slowly crystallizes beneath the surface of the Earth. Granite is a popular stone for building sturdy monuments because of its strength, density, and resistance to erosion.<\/span><\/p>\n<p><span style=\"font-family: arial, helvetica, sans-serif; font-size: 18px; color: #000000;\">Natural Stone Products:G664 Granite Tombstone<\/span><\/p>\n<p><span style=\"font-family: arial, helvetica, sans-serif; font-size: 18px; color: #000000;\">Stone Colors: red granite stone, G664 granite tombstone<\/span><span style=\"font-family: arial, helvetica, sans-serif; font-size: 18px; color: #000000;\"><\/span><\/p>\n<p><span style=\"font-family: arial, helvetica, sans-serif; font-size: 18px; color: #000000;\">Padl\u00f3 \u00e9s falburkolatok M\u00e9ret: 12 \"X 12\", 24 \"X 24\", 12 \"X 24\", stb.<\/span><br \/><span style=\"font-family: arial, helvetica, sans-serif; font-size: 18px; color: #000000;\">Vastags\u00e1g: 10, 18, 20, 30mm<\/span><br \/><span style=\"font-family: arial, helvetica, sans-serif; font-size: 18px; color: #000000;\">Fel\u00fclet: Pol\u00edrozott, csiszolt&nbsp;<\/span><br \/><span style=\"font-family: arial, helvetica, sans-serif; font-size: 18px; color: #000000;\">MOQ: 300 SQM<\/span><\/p>\n<p><span style=\"font-family: arial, helvetica, sans-serif; font-size: 18px; color: #000000;\">Term\u00e9szetes k\u0151 csempe Factory: Esta Stone<\/span><\/p><\/p>","protected":false},"featured_media":494030,"template":"","adweb_product_categories":[570],"adweb_product_tags":[29686,29682,29683,29684,29680,29685,29679,29681,29678],"class_list":["post-494029","products","type-products","status-publish","has-post-thumbnail","hentry","adweb_product_cat-tombstone-and-monument","adweb_product_tag-granite-g664-slab","adweb_product_tag-granite-gravestone","adweb_product_tag-granite-gravestone-markers","adweb_product_tag-granite-gravestone-prices","adweb_product_tag-granite-tombstone-factory","adweb_product_tag-granite-tombstone-g664","adweb_product_tag-granite-tombstone-price","adweb_product_tag-granite-tombstone-project","adweb_product_tag-granite-tombstone-supplier"],"gallery":[494030,494031,494032,494033],"order":"0","acf":[],"_links":{"self":[{"href":"https:\/\/whitemarblegranite.com\/hu\/wp-json\/wp\/v2\/adweb_products\/494029","targetHints":{"allow":["GET"]}}],"collection":[{"href":"https:\/\/whitemarblegranite.com\/hu\/wp-json\/wp\/v2\/adweb_products"}],"about":[{"href":"https:\/\/whitemarblegranite.com\/hu\/wp-json\/wp\/v2\/types\/products"}],"wp:featuredmedia":[{"embeddable":true,"href":"https:\/\/whitemarblegranite.com\/hu\/wp-json\/wp\/v2\/media\/494030"}],"wp:attachment":[{"href":"https:\/\/whitemarblegranite.com\/hu\/wp-json\/wp\/v2\/media?parent=494029"}],"wp:term":[{"taxonomy":"adweb_product_cat","embeddable":true,"href":"https:\/\/whitemarblegranite.com\/hu\/wp-json\/wp\/v2\/adweb_product_categories?post=494029"},{"taxonomy":"adweb_product_tag","embeddable":true,"href":"https:\/\/whitemarblegranite.com\/hu\/wp-json\/wp\/v2\/adweb_product_tags?post=494029"}],"curies":[{"name":"wp","href":"https:\/\/api.w.org\/{rel}","templated":true}]}}