{"id":495830,"date":"2025-03-24T21:40:49","date_gmt":"2025-03-24T13:40:49","guid":{"rendered":"https:\/\/whitemarblegranite.com\/?post_type=products&#038;p=495830"},"modified":"2025-03-24T22:15:26","modified_gmt":"2025-03-24T14:15:26","slug":"rosso-alicante-marble","status":"publish","type":"products","link":"https:\/\/whitemarblegranite.com\/hu\/product\/rosso-alicante-marble\/","title":{"rendered":"Rosso Alicante Marble"},"content":{"rendered":"<h1><strong><span style=\"font-family: arial, helvetica, sans-serif; font-size: 18pt; color: #000000;\">Spanyol Rojo Rosso Alicante m\u00e1rv\u00e1ny pol\u00edrozott lapok padl\u00f3- \u00e9s l\u00e9pcs\u0151csemp\u00e9hez\u00a0<\/span><\/strong><\/h1>\n<p>&nbsp;<\/p>\n<p><span style=\"font-family: arial, helvetica, sans-serif; font-size: 14pt; color: #000000;\">A Rojo Alicante m\u00e1rv\u00e1nylapok \u00e9s -csemp\u00e9k a mer\u00e9sz kifinomults\u00e1g \u00e9s a term\u00e9szetes sz\u00e9ps\u00e9g megtestes\u00edt\u0151i, melyeket Spanyolorsz\u00e1g h\u00edres Alicante k\u00f6rny\u00e9k\u00e9n b\u00e1ny\u00e1sztak ki. Ez a s\u00f6t\u00e9tv\u00f6r\u00f6s m\u00e1rv\u00e1ny gazdag, meleg v\u00f6r\u00f6s \u00e1rnyalattal b\u00fcszk\u00e9lkedik, ami azonnal felkelti a figyelmet, dr\u00e1mai v\u00f6r\u00f6s sz\u00ednhat\u00e1st k\u00f6lcs\u00f6n\u00f6zve b\u00e1rmilyen bels\u0151 dekor\u00e1ci\u00f3nak, legyen az padl\u00f3, fal, l\u00e9pcs\u0151 vagy oszlop. Az \u00e9l\u00e9nk feh\u00e9r \u00e9s vil\u00e1gossz\u00fcrke erezettel kieg\u00e9sz\u00edtve minden Rojo Alicante m\u00e1rv\u00e1nylap leny\u0171g\u00f6z\u0151 sz\u00edninterakci\u00f3t teremt, ami fokozza a luxust \u00e9s a modern var\u00e1zst.<\/span><\/p>\n<table style=\"border-collapse: collapse; width: 100%;\">\n<tbody>\n<tr>\n<td style=\"width: 50%; border-color: #ffffff; background-color: #ffffff;\"><span style=\"font-family: arial, helvetica, sans-serif; font-size: 14pt; color: #000000;\">A Rojo Alicante m\u00e1rv\u00e1ny csod\u00e1latos r\u00f3zsasz\u00edn sz\u00edne nemcsak l\u00e1tv\u00e1nyosan gy\u00f6ny\u00f6r\u0171 \u2013 klasszikus bels\u0151\u00e9p\u00edt\u00e9szeti v\u00e1laszt\u00e1s, amely h\u00e9tk\u00f6znapi tereket szuperess\u00e9 alak\u00edt. Ide\u00e1lis mind a lak\u00f3-, mind a kereskedelmi \u00e9p\u00fcletekhez; dinamikus \u00e9rt\u00e9kel\u00e9se meleg hangulatot \u00e9s dramatizmust k\u00f6lcs\u00f6n\u00f6z a k\u00f6rnyezeteknek, kezdve a magas szint\u0171 \u00fcd\u00fcl\u0151kt\u0151l a st\u00edlusos \u00e9p\u00fcletlobbikig. <\/span><\/p>\n<p><span style=\"font-family: arial, helvetica, sans-serif; font-size: 14pt; color: #000000;\">20 mm (3\/4\u2033) \u00e9s 30 mm (1 1\/4\u2033) vastags\u00e1g\u00fa lapokkal a Rojo Rosso Alicante m\u00e1rv\u00e1ny sokoldal\u00fas\u00e1got ny\u00fajt sz\u00e1mos tervez\u00e9si alkalmaz\u00e1shoz, legyen az padl\u00f3burkolat, falbor\u00edt\u00e1s, konyhapult vagy f\u00fcrd\u0151szoba-mosd\u00f3pult.<\/span><\/p>\n<p><span style=\"font-family: arial, helvetica, sans-serif; font-size: 14pt; color: #000000;\">Ezt a term\u00e9szetes s\u00f6t\u00e9tv\u00f6r\u00f6s m\u00e1rv\u00e1nyk\u00f6vet a pol\u00edrozott fel\u00fclete miatt \u00fcnneplik, mely f\u00e9nyes csillog\u00e1st k\u00f6lcs\u00f6n\u00f6z, fokozva a term\u00e9szetes sz\u00e9ps\u00e9g\u00e9t, \u00edgy biztos\u00edtva, hogy minden helysz\u00edn gy\u00f6ny\u00f6r\u0171s\u00e9get \u00e9s modernit\u00e1st sug\u00e1rozzon. A nagy hat\u00e1s\u00fa, eml\u00e9kezetes tereket szeret\u0151 tervez\u0151k sz\u00e1m\u00e1ra a Rojo Alicante m\u00e1rv\u00e1nylapok egyar\u00e1nt kultur\u00e1lt \u00e9s praktikus oldalt ny\u00fajtanak. <\/span><\/td>\n<td style=\"width: 50%; border-color: #ffffff; background-color: #ffffff;\">\n<p><figure id=\"attachment_495835\" aria-describedby=\"caption-attachment-495835\" style=\"width: 500px\" class=\"wp-caption alignnone\"><img fetchpriority=\"high\" decoding=\"async\" title=\"Rosso Alicante m\u00e1rv\u00e1ny k\u00e1v\u00e9asztalok sz\u00e1llod\u00e1k sz\u00e1m\u00e1ra\" src=\"http:\/\/whitemarblegranite.com\/wp-content\/uploads\/2025\/03\/Rosso-Alicante-Marble-Coffee-Tables-For-Hotels.webp\" alt=\"Rosso Alicante m\u00e1rv\u00e1ny k\u00e1v\u00e9asztalok sz\u00e1llod\u00e1k sz\u00e1m\u00e1ra\" width=\"500\" height=\"500\" class=\"wp-image-495835\" srcset=\"https:\/\/whitemarblegranite.com\/wp-content\/uploads\/2025\/03\/Rosso-Alicante-Marble-Coffee-Tables-For-Hotels.webp 800w, https:\/\/whitemarblegranite.com\/wp-content\/uploads\/2025\/03\/Rosso-Alicante-Marble-Coffee-Tables-For-Hotels-300x300.webp 300w, https:\/\/whitemarblegranite.com\/wp-content\/uploads\/2025\/03\/Rosso-Alicante-Marble-Coffee-Tables-For-Hotels-150x150.webp 150w, https:\/\/whitemarblegranite.com\/wp-content\/uploads\/2025\/03\/Rosso-Alicante-Marble-Coffee-Tables-For-Hotels-768x768.webp 768w, https:\/\/whitemarblegranite.com\/wp-content\/uploads\/2025\/03\/Rosso-Alicante-Marble-Coffee-Tables-For-Hotels-12x12.webp 12w\" sizes=\"(max-width: 500px) 100vw, 500px\" \/><figcaption id=\"caption-attachment-495835\" class=\"wp-caption-text\">Rosso Alicante m\u00e1rv\u00e1ny k\u00e1v\u00e9asztalok sz\u00e1llod\u00e1k sz\u00e1m\u00e1ra<\/figcaption><\/figure><\/td>\n<\/tr>\n<\/tbody>\n<\/table>\n<p><span style=\"font-family: arial, helvetica, sans-serif; font-size: 14pt; color: #000000;\">Tartalmazza azt az \u00e9p\u00edt\u0151k\u00f6vet, amely maradand\u00f3 benyom\u00e1st hagy \u2013 ahol a hagyom\u00e1nyos k\u00e9zm\u0171vess\u00e9g tal\u00e1lkozik az ultramodern belt\u00e9ri dekor\u00e1ci\u00f3val.<\/span><\/p>\n<ul>\n<li>\n<h2><strong><span style=\"font-family: arial, helvetica, sans-serif; font-size: 14pt; color: #000000;\">2. A term\u00e9szet m\u0171v\u00e9szet\u00e9nek kibontakoz\u00e1sa a Rojo Alicante m\u00e1rv\u00e1nnyal<\/span><\/strong><\/h2>\n<\/li>\n<\/ul>\n<p><span style=\"font-family: arial, helvetica, sans-serif; font-size: 14pt; color: #000000;\">A Rojo Rosso Alicante m\u00e1rv\u00e1nylapok egyik legleny\u0171g\u00f6z\u0151bb jellemz\u0151je a dr\u00e1mai erezet\u00fck. A k\u0151 gazdag r\u00f3zsasz\u00edn alapja finoman \u00e1tsz\u0151tt \u00e9l\u00e9nk feh\u00e9r \u00e9s enyhe sz\u00fcrke erezettel, ami felt\u0171n\u0151 \u00e9rt\u00e9kel\u00e9st eredm\u00e9nyez, eml\u00e9keztetve a klasszikus remekm\u0171vekre. Ez a term\u00e9szetes m\u0171v\u00e9szet minden lapnak egyedi szem\u00e9lyis\u00e9get ad, \u00edgy egyik darab sem teljesen ugyanolyan. Az \u00e1rnyalatok \u00f6sszj\u00e1t\u00e9ka dinamikus, folyton v\u00e1ltoz\u00f3 vizu\u00e1lis hat\u00e1st eredm\u00e9nyez, amely azonnal \u00e1talak\u00edthatja egy helyis\u00e9g \u00f6kosziszt\u00e9m\u00e1j\u00e1t.<\/span><\/p>\n<table style=\"border-collapse: collapse; width: 100%;\">\n<tbody>\n<tr>\n<td style=\"width: 50%; border-color: #ffffff; background-color: #ffffff;\">\n<p><figure id=\"attachment_495831\" aria-describedby=\"caption-attachment-495831\" style=\"width: 500px\" class=\"wp-caption alignnone\"><img decoding=\"async\" title=\"Rosso Alicante m\u00e1rv\u00e1ny jumbo lap\" src=\"http:\/\/whitemarblegranite.com\/wp-content\/uploads\/2025\/03\/Rosso-Alicante-Marble-Jumbo-Slab.webp\" alt=\"Rosso Alicante m\u00e1rv\u00e1ny jumbo lap\" width=\"500\" height=\"500\" class=\"wp-image-495831\" srcset=\"https:\/\/whitemarblegranite.com\/wp-content\/uploads\/2025\/03\/Rosso-Alicante-Marble-Jumbo-Slab.webp 800w, https:\/\/whitemarblegranite.com\/wp-content\/uploads\/2025\/03\/Rosso-Alicante-Marble-Jumbo-Slab-300x300.webp 300w, https:\/\/whitemarblegranite.com\/wp-content\/uploads\/2025\/03\/Rosso-Alicante-Marble-Jumbo-Slab-150x150.webp 150w, https:\/\/whitemarblegranite.com\/wp-content\/uploads\/2025\/03\/Rosso-Alicante-Marble-Jumbo-Slab-768x768.webp 768w, https:\/\/whitemarblegranite.com\/wp-content\/uploads\/2025\/03\/Rosso-Alicante-Marble-Jumbo-Slab-12x12.webp 12w\" sizes=\"(max-width: 500px) 100vw, 500px\" \/><figcaption id=\"caption-attachment-495831\" class=\"wp-caption-text\">Rosso Alicante m\u00e1rv\u00e1ny jumbo lap<\/figcaption><\/figure><\/td>\n<td style=\"width: 50%; border-color: #ffffff; background-color: #ffffff;\"><span style=\"font-family: arial, helvetica, sans-serif; font-size: 14pt; color: #000000;\">Az \u00f3vatosan egyens\u00falyozott sz\u00ednpaletta most nemcsak a s\u00f6t\u00e9tv\u00f6r\u00f6s m\u00e1rv\u00e1nyk\u0151 velesz\u00fcletett pomp\u00e1j\u00e1t hangs\u00falyozza, hanem intenzit\u00e1st \u00e9s dimenzi\u00f3t is ad az \u00e9p\u00edt\u00e9szeti tereknek. A tervez\u0151k im\u00e1dj\u00e1k, ahogy a kontrasztos erezet fokozza a m\u00e1rv\u00e1ny mer\u00e9szs\u00e9g\u00e9t, \u00edgy ide\u00e1lis v\u00e1laszt\u00e1s ak\u00e1r a funkcion\u00e1lis v\u00e1laszfalakhoz, jellegzetes padl\u00f3burkolathoz vagy egyedi b\u00fatorok r\u00e9szeihez. Ak\u00e1r a Rojo Alicante v\u00f6r\u00f6s m\u00e1rv\u00e1nyt t\u00falzottan f\u00e9nyes pol\u00edrozott fel\u00fcleten, ak\u00e1r diff\u00fazabb csiszolt text\u00far\u00e1ban mutatj\u00e1k be, \u00e9l\u00e9nk erezete tov\u00e1bbra is a tervez\u00e9s k\u00f6z\u00e9ppontj\u00e1ban \u00e1ll, vonzza a tekintetet \u00e9s serkenti a kommunik\u00e1ci\u00f3t.<\/span><\/p>\n<p><span style=\"font-family: arial, helvetica, sans-serif; font-size: 14pt; color: #000000;\">Tov\u00e1bb\u00e1 a term\u00e9szetes st\u00edlusok visszahangolj\u00e1k a klasszikus m\u0171v\u00e9szetben tal\u00e1lhat\u00f3 term\u00e9szetes vari\u00e1ci\u00f3kat, \u00f6tv\u00f6zve az \u00e9letm\u00f3dot a modern eszt\u00e9tik\u00e1val. Ez a robosztus sz\u00edn \u00e9s az \u00e9rz\u00e9keny kidolgoz\u00e1s kever\u00e9ke t\u00f6k\u00e9letes olyan projektekhez, amelyek c\u00e9lja a luxus \u00e9s a klasszis \u00e9rz\u00e9s\u00e9nek felkelt\u00e9se. <\/span><\/td>\n<\/tr>\n<\/tbody>\n<\/table>\n<p><span style=\"font-family: arial, helvetica, sans-serif; font-size: 14pt; color: #000000;\">Abban a vil\u00e1gban, amelyben a speci\u00e1lis tervez\u00e9si t\u00e9nyez\u0151k hat\u00e1rozz\u00e1k meg egy ter\u00fclet karakter\u00e9t, a Rojo Alicante v\u00f6r\u00f6s m\u00e1rv\u00e1ny igazi tan\u00fabizonys\u00e1ga a term\u00e9szet innovat\u00edv energi\u00e1j\u00e1nak, kiv\u00e9teles kombin\u00e1ci\u00f3t ny\u00fajtva a dr\u00e1ma \u00e9s a kifinomults\u00e1g k\u00f6z\u00f6tt.<\/span><\/p>\n<p>&nbsp;<\/p>\n<div class=\"adweb-template\">\n<div class=\"adweb-template-2\">\n<h5><span class=\"adweb-bg-black\"><\/span><strong>Roj Rosso Alicante m\u00e1rv\u00e1nylapok \u00e9s m\u00e9retre v\u00e1gott csemp\u00e9k specifik\u00e1ci\u00f3ja<\/strong><\/h5>\n<\/div>\n<\/div>\n<p>&nbsp;<\/p>\n<table class=\"has-title is-zebra all magic-4\" border=\"2px\" style=\"height: 200px; width: 100%; border-style: solid; background-color: #ffffff;\">\n<tbody>\n<tr>\n<td colspan=\"2\" rowspan=\"1\">\n<div class=\"magic-5\">\n<div data-spm-anchor-id=\"a2700.siteadmin.0.i173.71b7ac40iY8u3R\" class=\"magic-6\"><span style=\"font-family: arial, helvetica, sans-serif; font-size: 14pt; color: #000000;\"><b><span class=\"magic-7\">Roja Alicante m\u00e1rv\u00e1ny adatai<\/span><\/b><\/span><\/div>\n<\/div>\n<\/td>\n<\/tr>\n<tr>\n<td colspan=\"1\" rowspan=\"1\">\n<div class=\"magic-10\"><span style=\"font-family: arial, helvetica, sans-serif; font-size: 14pt; color: #000000;\">Term\u00e9k neve<\/span><\/div>\n<\/td>\n<td colspan=\"1\" rowspan=\"1\">\n<div class=\"magic-11\"><span style=\"font-family: arial, helvetica, sans-serif; font-size: 14pt; color: #000000;\">K\u00ednai gy\u00e1r nagykereskedelmi Rojo Rosso Alicante lapok \u00e9s csemp\u00e9k<\/span><\/div>\n<\/td>\n<\/tr>\n<tr>\n<td colspan=\"1\" rowspan=\"1\">\n<div class=\"magic-10\" data-spm-anchor-id=\"a2700.details.0.i72.3239457aHIiB8k\"><span style=\"font-family: arial, helvetica, sans-serif; font-size: 14pt; color: #000000;\">Anyag neve<\/span><\/div>\n<\/td>\n<td colspan=\"1\" rowspan=\"1\">\n<div class=\"magic-11\"><span style=\"font-family: arial, helvetica, sans-serif; font-size: 14pt; color: #000000;\">Roja Alicante m\u00e1rv\u00e1ny, Rosso Alicante m\u00e1rv\u00e1ny<\/span><\/div>\n<\/td>\n<\/tr>\n<tr>\n<td colspan=\"1\" rowspan=\"1\">\n<div class=\"magic-10\"><span style=\"font-family: arial, helvetica, sans-serif; font-size: 14pt; color: #000000;\">Csempe m\u00e9retek<\/span><\/div>\n<\/td>\n<td colspan=\"1\" rowspan=\"1\">\n<div class=\"magic-11\"><span style=\"font-family: arial, helvetica, sans-serif; font-size: 14pt; color: #000000;\">300 mm*300 mm, 600 mm*600 mm, 800 mm*800 mm, stb.\u2013 testreszabott<\/span><\/div>\n<\/td>\n<\/tr>\n<tr>\n<td colspan=\"1\" rowspan=\"1\">\n<div class=\"magic-10\"><span style=\"font-family: arial, helvetica, sans-serif; font-size: 14pt; color: #000000;\">Vastags\u00e1g<\/span><\/div>\n<\/td>\n<td colspan=\"1\" rowspan=\"1\">\n<div class=\"magic-11\"><span style=\"font-family: arial, helvetica, sans-serif; font-size: 14pt; color: #000000;\">15 mm\/18 mm\/20 mm stb.<\/span><\/div>\n<\/td>\n<\/tr>\n<tr>\n<td colspan=\"1\" rowspan=\"1\">\n<div class=\"magic-10\"><span style=\"font-family: arial, helvetica, sans-serif; font-size: 14pt; color: #000000;\">Fel\u00fcletkezel\u00e9s<\/span><\/div>\n<\/td>\n<td colspan=\"1\" rowspan=\"1\">\n<div class=\"magic-11\"><span style=\"font-family: arial, helvetica, sans-serif; font-size: 14pt; color: #000000;\">Pol\u00edrozott rakt\u00e1ron, csiszolt\/antik\/szell\u0151ztetett\/stb. rendel\u00e9sre<\/span><\/div>\n<\/td>\n<\/tr>\n<tr>\n<td colspan=\"1\" rowspan=\"1\">\n<div class=\"magic-10\"><span style=\"font-family: arial, helvetica, sans-serif; font-size: 14pt; color: #000000;\">Edge profil<\/span><\/div>\n<\/td>\n<td colspan=\"1\" rowspan=\"1\">\n<div class=\"magic-11\"><span style=\"font-family: arial, helvetica, sans-serif; font-size: 14pt; color: #000000;\">\u00c9lek nem pol\u00edrozottak a csemp\u00e9kn\u00e9l alapesetben, lekerek\u00edtett\/bull nose stb. rendel\u00e9sre el\u00e9rhet\u0151<\/span><\/div>\n<\/td>\n<\/tr>\n<tr>\n<td colspan=\"1\" rowspan=\"1\">\n<div class=\"magic-10\"><span style=\"font-family: arial, helvetica, sans-serif; font-size: 14pt; color: #000000;\">HS-k\u00f3d<\/span><\/div>\n<\/td>\n<td colspan=\"1\" rowspan=\"1\">\n<div class=\"magic-11\"><span style=\"font-family: arial, helvetica, sans-serif; font-size: 14pt; color: #000000;\">6802.919.000<\/span><\/div>\n<\/td>\n<\/tr>\n<tr>\n<td colspan=\"1\" rowspan=\"1\">\n<div class=\"magic-10\"><span style=\"font-family: arial, helvetica, sans-serif; font-size: 14pt; color: #000000;\">T\u00f6meg\/M2<\/span><\/div>\n<\/td>\n<td colspan=\"1\" rowspan=\"1\">\n<div class=\"magic-11\">\n<p><span style=\"font-family: arial, helvetica, sans-serif; font-size: 14pt; color: #000000;\">28 kg\/m\u00b2 vagy 35,7 m\u00b2\/tonna 10 mm-es csemp\u00e9kn\u00e9l<\/span><\/p>\n<div data-spm-anchor-id=\"a2700.details.0.i71.3239457aHIiB8k\"><span style=\"font-family: arial, helvetica, sans-serif; font-size: 14pt; color: #000000;\">42 kg\/m\u00b2 vagy 23,8 m\u00b2\/tonna 15 mm-es csemp\u00e9kn\u00e9l<\/span><\/div>\n<div><span style=\"font-family: arial, helvetica, sans-serif; font-size: 14pt; color: #000000;\">50 kg\/m\u00b2 vagy 20,0 m\u00b2\/tonna 18 mm-es csemp\u00e9kn\u00e9l<\/span><\/div>\n<\/div>\n<\/td>\n<\/tr>\n<tr>\n<td colspan=\"1\" rowspan=\"1\">\n<div class=\"magic-10\"><span style=\"font-family: arial, helvetica, sans-serif; font-size: 14pt; color: #000000;\">Csomagol\u00e1si m\u00f3dszer<\/span><\/div>\n<\/td>\n<td colspan=\"1\" rowspan=\"1\">\n<div class=\"magic-11\">\n<p><span style=\"font-family: arial, helvetica, sans-serif; font-size: 14pt; color: #000000;\">Lapok csomagol\u00e1sa: fumig\u00e1lt fa raklapok<\/span><\/p>\n<div data-spm-anchor-id=\"a2700.siteadmin.0.i16.5dfcac40alTJyB\"><span style=\"font-family: arial, helvetica, sans-serif; font-size: 14pt; color: #000000;\">Csemp\u00e9k csomagol\u00e1sa: fumig\u00e1lt fa l\u00e1d\u00e1k \u2013 testreszabhat\u00f3<\/span><\/div>\n<\/div>\n<\/td>\n<\/tr>\n<tr>\n<td colspan=\"1\" rowspan=\"1\">\n<div class=\"magic-10\"><span style=\"font-family: arial, helvetica, sans-serif; font-size: 14pt; color: #000000;\">L\u00e1da m\u00e9rete<\/span><\/div>\n<\/td>\n<td colspan=\"1\" rowspan=\"1\">\n<div class=\"magic-11\"><span style=\"font-family: arial, helvetica, sans-serif; font-size: 14pt; color: #000000;\">Konkr\u00e9t specifik\u00e1ci\u00f3kon m\u00falik a v\u00e9gs\u0151 d\u00f6nt\u00e9s<\/span><\/div>\n<\/td>\n<\/tr>\n<tr>\n<td colspan=\"1\" rowspan=\"1\">\n<div class=\"magic-10\"><span style=\"font-family: arial, helvetica, sans-serif; font-size: 14pt; color: #000000;\">CAD tervez\u00e9s<\/span><\/div>\n<\/td>\n<td colspan=\"1\" rowspan=\"1\">\n<div class=\"magic-11\"><span style=\"font-family: arial, helvetica, sans-serif; font-size: 14pt; color: #000000;\">T\u00e1mogatott<\/span><\/div>\n<\/td>\n<\/tr>\n<tr>\n<td colspan=\"1\" rowspan=\"1\">\n<div class=\"magic-10\"><span style=\"font-family: arial, helvetica, sans-serif; font-size: 14pt; color: #000000;\">FOB kik\u00f6t\u0151<\/span><\/div>\n<\/td>\n<td colspan=\"1\" rowspan=\"1\">\n<div class=\"magic-11\"><span style=\"font-family: arial, helvetica, sans-serif; font-size: 14pt; color: #000000;\">xiamen<\/span><\/div>\n<\/td>\n<\/tr>\n<tr>\n<td colspan=\"1\" rowspan=\"1\">\n<div class=\"magic-10\"><span style=\"font-family: arial, helvetica, sans-serif; font-size: 14pt; color: #000000;\">Tranzakci\u00f3s felt\u00e9telek<\/span><\/div>\n<\/td>\n<td colspan=\"1\" rowspan=\"1\">\n<div class=\"magic-11\"><span style=\"font-family: arial, helvetica, sans-serif; font-size: 14pt; color: #000000;\">FOB teljes kont\u00e9nerterhel\u00e9s eset\u00e9n, EXW LCL eset\u00e9n. CNF\/CIF\/DDP\/DDU opcion\u00e1lis<\/span><\/div>\n<\/td>\n<\/tr>\n<\/tbody>\n<\/table>\n<p>&nbsp;<\/p>\n<div class=\"adweb-template\">\n<div class=\"adweb-template-2\">\n<h5><span class=\"adweb-bg-black\"><\/span><strong>Rojo Rosso Alicante m\u00e1rv\u00e1nylapok | 16 mm<\/strong><\/h5>\n<\/div>\n<\/div>\n<p>&nbsp;<\/p>\n<ul>\n<li>\n<h3><strong><span style=\"font-family: arial, helvetica, sans-serif; font-size: 14pt; color: #000000;\">2. A Rojo Rosso Alicante m\u00e1rv\u00e1ny f\u0151 felhaszn\u00e1l\u00e1si ter\u00fcletei<\/span><\/strong><\/h3>\n<\/li>\n<\/ul>\n<p><span style=\"font-family: arial, helvetica, sans-serif; font-size: 14pt; color: #000000;\">A Rojo Rosso Alicante m\u00e1rv\u00e1nylapok rendk\u00edv\u00fcl sokoldal\u00faak, ez\u00e9rt kedvelt v\u00e1laszt\u00e1s a tervez\u0151k \u00e9s \u00e9p\u00edt\u00e9szek k\u00f6r\u00e9ben a k\u00fcl\u00f6nb\u00f6z\u0151 csomagok k\u00f6z\u00f6tt. A fenomen\u00e1lis r\u00f3zsasz\u00edn sz\u00edn\u00fck \u00e9s a bonyolult erezet\u00fck ide\u00e1liss\u00e1 teszi \u0151ket a luxust \u00e9s a dr\u00e1m\u00e1t sug\u00e1rz\u00f3 bels\u0151 terek n\u00f6vel\u00e9s\u00e9hez. Ez a spanyol v\u00f6r\u00f6s m\u00e1rv\u00e1ny nem korl\u00e1toz\u00f3dik egyetlen felhaszn\u00e1l\u00e1sra \u2013 egy ter\u00fcletet t\u00f6bb mint egy tervez\u00e9si kezdem\u00e9nyez\u00e9sben is felt\u00e1r, kezdve a nagym\u00e9ret\u0171 lak\u00f3h\u00e1zakt\u00f3l a magas szint\u0171 ipari irod\u00e1kig.<\/span><\/p>\n<table style=\"border-collapse: collapse; width: 100%;\">\n<tbody>\n<tr>\n<td style=\"width: 50%; border-color: #ffffff; background-color: #ffffff;\"><span style=\"font-family: arial, helvetica, sans-serif; font-size: 14pt; color: #000000;\">A vil\u00e1gszerte haszn\u00e1lt lak\u00f3\u00e9p\u00fcletekben a Rojo Alicante m\u00e1rv\u00e1ny dinamikus jellege teszi ide\u00e1liss\u00e1 funkcion\u00e1lis v\u00e1laszfalakhoz, asszert\u00edv konyhapultokhoz \u00e9s pazar f\u00fcrd\u0151szoba-mosd\u00f3pultokhoz. Gazdag sz\u00ednvil\u00e1ga \u00e9s kifinomult fel\u00fclete meleg hangulatot \u00e9s st\u00edlust k\u00f6lcs\u00f6n\u00f6z a lak\u00f3t\u00e9rnek, \u00edgy hat\u00e1sos terek kialak\u00edt\u00e1s\u00e1r\u00f3l sz\u00f3l, amely \u00f6tv\u00f6zi a modern trendeket az id\u0151tlen var\u00e1zslattal. Azok sz\u00e1m\u00e1ra, akik szeretn\u00e9nek egy csipetnyi dr\u00e1ma \u00e9s sz\u00ednj\u00e1t\u00e9kot csemp\u00e9szni enteri\u0151r\u00fckbe, ez a spanyol v\u00f6r\u00f6s m\u00e1rv\u00e1ny remek lehet\u0151s\u00e9get ny\u00fajt, amely sokf\u00e9le dekor\u00e1ci\u00f3s st\u00edlust feldob.<\/span><\/p>\n<p><span style=\"font-family: arial, helvetica, sans-serif; font-size: 14pt; color: #000000;\">Nagyobb \u00fczleti ingatlan\u00e9p\u00edt\u00e9si projektek eset\u00e9n is hatalmas el\u0151nyt jelent a Rojo Alicante m\u00e1rv\u00e1ny sokoldal\u00fas\u00e1ga. Munkahelyeken, sz\u00e1llod\u00e1kban, b\u00e1rokban \u00e9s bev\u00e1s\u00e1rl\u00f3k\u00f6zpontokban a term\u00e9szetes m\u00e1rv\u00e1ny strapab\u00edr\u00f3 k\u00e9pess\u00e9ge \u00e9s l\u00e1tv\u00e1nyos megjelen\u00e9se seg\u00edt olyan tereket l\u00e9trehozni, amelyek bar\u00e1ts\u00e1gosak \u00e9s eml\u00e9kezetesek. Az a k\u00e9pess\u00e9ge, hogy a m\u00e9rs\u00e9keltt\u0151l a t\u00falzott gyalogos forgalomig mindenf\u00e9le terhel\u00e9st elvisel an\u00e9lk\u00fcl, hogy elvesz\u00edten\u00e9 f\u00e9ny\u00e9t, val\u00f3s\u00e1gos v\u00e1laszt\u00e1st tesz bel\u0151le a ny\u00fczsg\u0151 k\u00f6zter\u00fcletekhez. <\/span><\/td>\n<td style=\"width: 50%; border-color: #ffffff; background-color: #ffffff;\">\n<p><figure id=\"attachment_495832\" aria-describedby=\"caption-attachment-495832\" style=\"width: 500px\" class=\"wp-caption alignnone\"><img decoding=\"async\" title=\"Rosso Alicante m\u00e1rv\u00e1ny pol\u00edrozott lap\" src=\"http:\/\/whitemarblegranite.com\/wp-content\/uploads\/2025\/03\/Rosso-Alicante-Marble-Polished-Slab.webp\" alt=\"Rosso Alicante m\u00e1rv\u00e1ny pol\u00edrozott lap\" width=\"500\" height=\"500\" class=\"wp-image-495832\" srcset=\"https:\/\/whitemarblegranite.com\/wp-content\/uploads\/2025\/03\/Rosso-Alicante-Marble-Polished-Slab.webp 800w, https:\/\/whitemarblegranite.com\/wp-content\/uploads\/2025\/03\/Rosso-Alicante-Marble-Polished-Slab-300x300.webp 300w, https:\/\/whitemarblegranite.com\/wp-content\/uploads\/2025\/03\/Rosso-Alicante-Marble-Polished-Slab-150x150.webp 150w, https:\/\/whitemarblegranite.com\/wp-content\/uploads\/2025\/03\/Rosso-Alicante-Marble-Polished-Slab-768x768.webp 768w, https:\/\/whitemarblegranite.com\/wp-content\/uploads\/2025\/03\/Rosso-Alicante-Marble-Polished-Slab-12x12.webp 12w\" sizes=\"(max-width: 500px) 100vw, 500px\" \/><figcaption id=\"caption-attachment-495832\" class=\"wp-caption-text\">Rosso Alicante m\u00e1rv\u00e1ny pol\u00edrozott lap<\/figcaption><\/figure><\/td>\n<\/tr>\n<\/tbody>\n<\/table>\n<p><span style=\"font-family: arial, helvetica, sans-serif; font-size: 14pt; color: #000000;\">Tov\u00e1bb\u00e1 a k\u00fcl\u00f6nf\u00e9le m\u00e1rv\u00e1nylap vastags\u00e1gok \u00e9s fel\u00fcletkezel\u00e9sek k\u00edn\u00e1lata lehet\u0151v\u00e9 teszi a tervez\u0151k sz\u00e1m\u00e1ra, hogy az install\u00e1ci\u00f3kat testre szabj\u00e1k, \u00edgy megfeleljenek a konkr\u00e9t feladatok ig\u00e9nyeinek, biztos\u00edtva, hogy minden install\u00e1ci\u00f3 prec\u00edz \u00e9s hat\u00e1sos legyen.<\/span><\/p>\n<\/div>\n<ul>\n<li>\n<h4><strong><span style=\"font-family: arial, helvetica, sans-serif; font-size: 14pt; color: #000000;\">3. Mi\u00e9rt v\u00e1lassza a Rosso Alicante m\u00e1rv\u00e1nyt a k\u00f6vetkez\u0151 projektekhez?<\/span><\/strong><\/h4>\n<\/li>\n<\/ul>\n<p><span style=\"font-family: arial, helvetica, sans-serif; font-size: 14pt; color: #000000;\">Minden Rojo Rosso Alicante m\u00e1rv\u00e1nylap koron\u00e1j\u00e1nak l\u00e9nyege a fejlett k\u00e9zm\u0171ves munka \u00e9s a rendk\u00edv\u00fcli, apr\u00f3l\u00e9kos kidolgoz\u00e1s \u00f6r\u00f6ks\u00e9ge. A Spanyolorsz\u00e1g kiemelked\u0151 alacant\u00f3i r\u00e9gi\u00f3j\u00e1b\u00f3l b\u00e1ny\u00e1szott m\u00e1rv\u00e1nyt ma nemcsak \u00e9l\u00e9nk sz\u00ednei \u00e9s divatos erezete miatt \u00fcnneplik, hanem magas min\u0151s\u00e9g\u0171 tart\u00f3ss\u00e1ga \u00e9s \u00e1ltal\u00e1nos teljes\u00edtm\u00e9nye miatt is. A k\u0151 szigor\u00fa b\u00e1ny\u00e1szati \u00e9s feldolgoz\u00e1si technik\u00e1i biztos\u00edtj\u00e1k, hogy megfeleljen a legmagasabb szint\u0171 szabv\u00e1nyoknak, \u00edgy egy olyan term\u00e9ket kapunk, amely \u00e9ppolyan ellen\u00e1ll\u00f3, mint amilyen gy\u00f6ny\u00f6r\u0171.<\/span><\/p>\n<table style=\"border-collapse: collapse; width: 100%;\">\n<tbody>\n<tr>\n<td style=\"width: 50%; border-color: #ffffff; background-color: #ffffff;\">\n<div class=\"mceTemp\"><img loading=\"lazy\" decoding=\"async\" title=\"Rosso Alicante m\u00e1rv\u00e1nylap\" src=\"http:\/\/whitemarblegranite.com\/wp-content\/uploads\/2025\/03\/Rosso-Alicante-Marble-Slab.webp\" alt=\"Rosso Alicante m\u00e1rv\u00e1nylap\" width=\"500\" height=\"500\" class=\"wp-image-495833\" srcset=\"https:\/\/whitemarblegranite.com\/wp-content\/uploads\/2025\/03\/Rosso-Alicante-Marble-Slab.webp 800w, https:\/\/whitemarblegranite.com\/wp-content\/uploads\/2025\/03\/Rosso-Alicante-Marble-Slab-300x300.webp 300w, https:\/\/whitemarblegranite.com\/wp-content\/uploads\/2025\/03\/Rosso-Alicante-Marble-Slab-150x150.webp 150w, https:\/\/whitemarblegranite.com\/wp-content\/uploads\/2025\/03\/Rosso-Alicante-Marble-Slab-768x768.webp 768w, https:\/\/whitemarblegranite.com\/wp-content\/uploads\/2025\/03\/Rosso-Alicante-Marble-Slab-12x12.webp 12w\" sizes=\"(max-width: 500px) 100vw, 500px\" \/>Rosso Alicante m\u00e1rv\u00e1nylap<\/td>\n<td style=\"width: 50%; border-color: #ffffff; background-color: #ffffff;\"><span style=\"font-family: arial, helvetica, sans-serif; font-size: 14pt; color: #000000;\">A Esta Stone gy\u00e1rt\u00f3\u00fczemben k\u00e9sz\u00fclt mesters\u00e9ges anyagokkal, minden lap alapos v\u00e1logat\u00e1son megy kereszt\u00fcl, \u00edgy biztos\u00edtva, hogy a legjobb darabok jussanak el a piacra. A n\u00e9pszer\u0171 20 mm-es \u00e9s 30 mm-es vastags\u00e1gokban kaphat\u00f3 lapokat \u00fagy tervezt\u00e9k, hogy kezelj\u00e9k minden eszt\u00e9tikai \u00e9s szerkezeti ig\u00e9nyt a nagy l\u00e1togatotts\u00e1g\u00fa helyeken. A gy\u00e1rt\u00e1s sor\u00e1n alkalmazott finom pol\u00edroz\u00e1si strat\u00e9gi\u00e1k feldobj\u00e1k a m\u00e1rv\u00e1ny term\u00e9szetes f\u00e9ny\u00e9t, mik\u00f6zben fenntartj\u00e1k a szil\u00e1rds\u00e1g\u00e1t, \u00edgy alkalmas minden bels\u0151 burkolathoz \u00e9s padl\u00f3burkolathoz.<\/span><\/p>\n<p><span style=\"font-family: arial, helvetica, sans-serif; font-size: 14pt; color: #000000;\">A Rojo Rosso Alicante m\u00e1rv\u00e1nylapok m\u00f6g\u00f6tt rejl\u0151 m\u0171szaki kiv\u00e1l\u00f3s\u00e1g olyan term\u00e9kk\u00e9 alak\u00edtja \u0151ket, amely b\u00edrja a mindennapi haszn\u00e1latot an\u00e9lk\u00fcl, hogy vesz\u00edtene sz\u00e9ps\u00e9g\u00e9b\u0151l. Ak\u00e1r egy ny\u00fczsg\u0151 motelszalonban, ak\u00e1r egy bonyolult lak\u00f3ter\u00fcleten helyezik el, ez a m\u00e1rv\u00e1ny \u00fagy lett tervezve, hogy id\u0151vel is meg\u0151rizze divatos megjelen\u00e9s\u00e9t. A mindennapi karbantart\u00e1s enyhe tiszt\u00edt\u00f3szappannal, v\u00edzzel \u00e9s id\u0151nk\u00e9nti bevon\u00e1ssal ugyancsak garant\u00e1lja a hossz\u00fa \u00e9lettartamot \u00e9s a foltokkal, illetve mar\u00e1sokkal szembeni ellen\u00e1ll\u00e1st. <\/span><\/td>\n<\/tr>\n<\/tbody>\n<\/table>\n<p><span style=\"font-family: arial, helvetica, sans-serif; font-size: 14pt; color: #000000;\">A term\u00e9szetes elegancia \u00e9s a m\u00e9rn\u00f6ki szil\u00e1rds\u00e1g ide\u00e1lis p\u00e1ros\u00edt\u00e1s\u00e1val a Rojo Rosso Alicante m\u00e1rv\u00e1ny b\u00f6lcs befektet\u00e9s olyan projektekhez, amelyek magas hat\u00e9konys\u00e1got \u00e9s tart\u00f3s nagyszer\u0171s\u00e9get ig\u00e9nyelnek.<\/span><\/p>\n<p>&nbsp;<\/p>\n<ul>\n<li>\n<h4><strong><span style=\"font-family: arial, helvetica, sans-serif; font-size: 14pt; color: #000000;\">4. Rojo Alicante m\u00e1rv\u00e1ny fel\u00fcletv\u00e1laszt\u00e1si lehet\u0151s\u00e9gek a padl\u00f3burkolati projektekhez<\/span><\/strong><\/h4>\n<\/li>\n<\/ul>\n<p><span style=\"font-family: arial, helvetica, sans-serif; font-size: 14pt; color: #000000;\">Egy m\u00e1rv\u00e1nylap fel\u00fclete nagym\u00e9rt\u00e9kben befoly\u00e1solhatja annak \u00e1ltal\u00e1nos hat\u00e1s\u00e1t, \u00e9s a Rojo Rosso Alicante m\u00e1rv\u00e1nylapokat pol\u00edrozott \u00e9s csiszolt v\u00e1ltozatokban is lehet kapni, hogy kiel\u00e9g\u00edts\u00e9k a k\u00fcl\u00f6nf\u00e9le tervez\u00e9si ig\u00e9nyeket. A kifinomult fel\u00fclet kieg\u00e9sz\u00edti a k\u0151 term\u00e9szetes ragyog\u00e1s\u00e1t, olyan t\u00fckr\u00f6z\u0151d\u0151 padl\u00f3t hozva l\u00e9tre, amely feler\u0151s\u00edti a f\u00e9nyes r\u00f3zsasz\u00edn sz\u00edn\u00e9t \u00e9s a probl\u00e9m\u00e1s erezet\u00e9t. Ez a csiszolt fel\u00fclet f\u0151k\u00e9nt er\u0151teljes azokon a ter\u00fcleteken, ahol a f\u00e9ny j\u00e1tszik alapvet\u0151 szerepet a hangulat meghat\u00e1roz\u00e1s\u00e1ban, p\u00e9ld\u00e1ul luxus sz\u00e1llod\u00e1k lobbyiban vagy modern lak\u00f3ter\u00fcletek enteri\u0151rjeiben.<\/span><\/p>\n<table style=\"border-collapse: collapse; width: 100%;\">\n<tbody>\n<tr>\n<td style=\"width: 50%; border-color: #ffffff; background-color: #ffffff;\"><span style=\"font-family: arial, helvetica, sans-serif; font-size: 14pt; color: #000000;\">\u00c9pp ellenkez\u0151leg, a csiszolt fel\u00fclet l\u00e1gyabb, visszafogottabb eszt\u00e9tik\u00e1t ny\u00fajt, amely al\u00e1rendelt sz\u00e9ps\u00e9get sugall. Matt fel\u00fclet\u00e9vel, amely minimaliz\u00e1lja a f\u00e9nyt, a csiszolt fel\u00fclet hangs\u00falyozza a k\u0151 term\u00e9szetes text\u00far\u00e1j\u00e1t \u00e9s erezet\u00e9t, \u00edgy kifinomult \u00e9s komplex megjelen\u00e9st ny\u00fajt. Ez a v\u00e9geredm\u00e9ny k\u00fcl\u00f6n\u00f6sen kedvelt olyan k\u00f6rnyezetekben, ahol egy extra diff\u00faz, klasszikus megjelen\u00e9s a prefer\u00e1lt, p\u00e9ld\u00e1ul form\u00e1lis \u00e9tkez\u0151kben vagy korm\u00e1nyhivatalokban.<\/span><\/p>\n<p><span style=\"font-family: arial, helvetica, sans-serif; font-size: 14pt; color: #000000;\">Mindk\u00e9t m\u00e1rv\u00e1nyfel\u00fclet-feldolgoz\u00e1s \u00fagy lett tervezve, hogy fenntartsa a m\u00e1rv\u00e1ny szil\u00e1rds\u00e1g\u00e1t \u00e9s integrit\u00e1s\u00e1t, \u00edgy biztos\u00edtva, hogy vizu\u00e1lis vonzereje kitartson m\u00e9g a nagy forgalm\u00fa ter\u00fcleteken is. A tervez\u0151k v\u00e1laszthatj\u00e1k azt a fel\u00fcletet, amelyik a saj\u00e1t elk\u00e9pzel\u00e9s\u00fckkel harmoniz\u00e1l, ak\u00e1r a kifinomult fel\u00fclet ambici\u00f3zus hat\u00e1s\u00e1t, ak\u00e1r a csiszolt text\u00fara divatos b\u00e1j\u00e1t keresik. A fel\u00fclet testreszab\u00e1s\u00e1nak k\u00e9pess\u00e9ge tov\u00e1bb n\u00f6veli a Rojo Rosso Alicante m\u00e1rv\u00e1nylapok rugalmass\u00e1g\u00e1t, \u00edgy alkalmass\u00e1 teszi \u0151ket egy sz\u00e9les sk\u00e1l\u00e1j\u00fa terek kialak\u00edt\u00e1s\u00e1hoz \u00e9s burkol\u00e1shoz.<\/span><\/td>\n<td style=\"width: 50%; border-color: #ffffff; background-color: #ffffff;\">\n<p><figure id=\"attachment_495834\" aria-describedby=\"caption-attachment-495834\" style=\"width: 500px\" class=\"wp-caption alignnone\"><img loading=\"lazy\" decoding=\"async\" title=\"Rosso Alicante Marble\" src=\"http:\/\/whitemarblegranite.com\/wp-content\/uploads\/2025\/03\/Rosso-Alicante-Marble.webp\" alt=\"Rosso Alicante Marble\" width=\"500\" height=\"500\" class=\"wp-image-495834\" srcset=\"https:\/\/whitemarblegranite.com\/wp-content\/uploads\/2025\/03\/Rosso-Alicante-Marble.webp 800w, https:\/\/whitemarblegranite.com\/wp-content\/uploads\/2025\/03\/Rosso-Alicante-Marble-300x300.webp 300w, https:\/\/whitemarblegranite.com\/wp-content\/uploads\/2025\/03\/Rosso-Alicante-Marble-150x150.webp 150w, https:\/\/whitemarblegranite.com\/wp-content\/uploads\/2025\/03\/Rosso-Alicante-Marble-768x768.webp 768w, https:\/\/whitemarblegranite.com\/wp-content\/uploads\/2025\/03\/Rosso-Alicante-Marble-12x12.webp 12w\" sizes=\"(max-width: 500px) 100vw, 500px\" \/><figcaption id=\"caption-attachment-495834\" class=\"wp-caption-text\">Rosso Alicante Marble<\/figcaption><\/figure><\/td>\n<\/tr>\n<\/tbody>\n<\/table>\n<p><span style=\"font-family: arial, helvetica, sans-serif; font-size: 14pt; color: #000000;\">A Rojo Rosso Alicante m\u00e1rv\u00e1nylapok v\u00e1laszt\u00e1sa nemcsak egy tervez\u00e9si d\u00f6nt\u00e9s \u2013 ez egy \u00e9vtizedes luxusra \u00e9s kiv\u00e9teles tart\u00f3ss\u00e1gra val\u00f3 elk\u00f6telez\u0151d\u00e9s. Gazdag r\u00f3zsasz\u00edn sz\u00edn\u00e9vel, dr\u00e1mai erezet\u00e9vel \u00e9s kiv\u00e1l\u00f3 k\u00e9zm\u0171ves munk\u00e1j\u00e1val ez a m\u00e1rv\u00e1ny \u00fagy lett tervezve, hogy hossz\u00fa t\u00e1von hat\u00e1ssal legyen b\u00e1rmilyen t\u00e9rre. L\u00e1tv\u00e1nyos hat\u00e1sa \u00e9s sokoldal\u00fa alkalmaz\u00e1sa teszi t\u00f6k\u00e9letes v\u00e1laszt\u00e1ss\u00e1 olyan feladatokhoz, amelyek az eszt\u00e9tik\u00e1t a funkcionalit\u00e1ssal akarj\u00e1k \u00f6sszek\u00f6tni.<\/span><\/p>\n<p><span style=\"font-family: arial, helvetica, sans-serif; font-size: 14pt; color: #000000;\">A tervez\u0151k, \u00e9p\u00edt\u00e9szek \u00e9s ingatlanfejleszt\u0151k sz\u00e1m\u00e1ra a Rojo Rosso Alicante m\u00e1rv\u00e1ny be\u00e9p\u00edt\u00e9s\u00e9nek el\u0151nyei j\u00f3val t\u00falmutatnak azonnali pomp\u00e1j\u00e1n. Tart\u00f3ss\u00e1ga \u00e9s egyszer\u0171 fel\u00faj\u00edt\u00e1sa azt jelenti, hogy a m\u00e1rv\u00e1ny \u00e9vekig megmarad, cs\u00f6kkentve a rendszeres karbantart\u00e1s vagy cser\u00e9nek sz\u00fcks\u00e9g\u00e9t. Ez gazdas\u00e1gilag \u00e9sszer\u0171 v\u00e1laszt\u00e1st tesz bel\u0151le olyan t\u00falzottan feladott lak\u00f3- \u00e9s \u00fczleti \u00e9p\u00fcletekhez is.<\/span><\/p>\n<table style=\"border-collapse: collapse; width: 100%;\">\n<tbody>\n<tr>\n<td style=\"width: 50%; border-color: #ffffff; background-color: #ffffff;\">\n<p><figure id=\"attachment_494436\" aria-describedby=\"caption-attachment-494436\" style=\"width: 500px\" class=\"wp-caption alignnone\"><a href=\"https:\/\/whitemarblegranite.com\/hu\/product\/rosso-levanto-marble\/\" target=\"_blank\" rel=\"noopener\"><img loading=\"lazy\" decoding=\"async\" title=\"Rosso Levanto Purple Red Marble Slab\" src=\"http:\/\/whitemarblegranite.com\/wp-content\/uploads\/2023\/05\/Rosso-Levanto-Purple-Red-Marble-Slab.webp\" alt=\"Rosso Levanto Purple Red Marble Slab\" width=\"500\" height=\"500\" class=\"wp-image-494436\" srcset=\"https:\/\/whitemarblegranite.com\/wp-content\/uploads\/2023\/05\/Rosso-Levanto-Purple-Red-Marble-Slab.webp 800w, https:\/\/whitemarblegranite.com\/wp-content\/uploads\/2023\/05\/Rosso-Levanto-Purple-Red-Marble-Slab-300x300.webp 300w, https:\/\/whitemarblegranite.com\/wp-content\/uploads\/2023\/05\/Rosso-Levanto-Purple-Red-Marble-Slab-150x150.webp 150w, https:\/\/whitemarblegranite.com\/wp-content\/uploads\/2023\/05\/Rosso-Levanto-Purple-Red-Marble-Slab-768x768.webp 768w, https:\/\/whitemarblegranite.com\/wp-content\/uploads\/2023\/05\/Rosso-Levanto-Purple-Red-Marble-Slab-12x12.webp 12w\" sizes=\"(max-width: 500px) 100vw, 500px\" \/><\/a><figcaption id=\"caption-attachment-494436\" class=\"wp-caption-text\">Rosso Levanto Purple Red Marble Slab<\/figcaption><\/figure><\/td>\n<td style=\"width: 50%; border-color: #ffffff; background-color: #ffffff;\">\n<ul>\n<li>\n<h6><strong><span style=\"font-family: arial, helvetica, sans-serif; font-size: 14pt; color: #000000;\">T\u00f6bb s\u00f6t\u00e9tv\u00f6r\u00f6s m\u00e1rv\u00e1ny, amely a Esta Stone gy\u00e1rt\u00f3\u00fczemben is el\u00e9rhet\u0151<\/span><\/strong><\/h6>\n<\/li>\n<\/ul>\n<p><span style=\"font-family: arial, helvetica, sans-serif; font-size: 14pt; color: #000000;\">A term\u00e9szetes s\u00f6t\u00e9tv\u00f6r\u00f6s m\u00e1rv\u00e1ny klasszikus v\u00e1laszt\u00e1s padl\u00f3- \u00e9s falprojektekhez; a Rosso Lenvanto m\u00e1rv\u00e1ny egy ilyen term\u00e9szetes lil\u00e1s-v\u00f6r\u00f6s \u00e9p\u00edt\u0151k\u0151.<\/span><\/p>\n<p><span style=\"font-family: arial, helvetica, sans-serif; font-size: 14pt; color: #000000;\">Ez a remek s\u00f6t\u00e9tv\u00f6r\u00f6s m\u00e1rv\u00e1ny, amelyet lil\u00e1s-v\u00f6r\u00f6s sz\u00edne \u00e9s bonyolult feh\u00e9r erezete jellemzik, \u00e9vsz\u00e1zadok \u00f3ta haszn\u00e1lj\u00e1k oszlopok, padl\u00f3burkolatok \u00e9s v\u00e1laszfalak k\u00e9sz\u00edt\u00e9s\u00e9hez. L\u00e1tv\u00e1nyos megjelen\u00e9s\u00e9vel \u00e9s soha nem kop\u00f3 eleganci\u00e1j\u00e1val a Rosso Lenvanto m\u00e1rv\u00e1ny t\u00f6k\u00e9letes v\u00e1laszt\u00e1s arra, hogy egy csipetnyi luxust csemp\u00e9sszen b\u00e1rmilyen belt\u00e9ri t\u00e9rbe.<a href=\"https:\/\/whitemarblegranite.com\/hu\/product\/rosso-levanto-marble\/\" target=\"_blank\" rel=\"noopener\">Marbl\u00e9 Rosso Lenvanto<\/a> has a rich history and has b\u0435\u0435n \u0435xt\u0435nsiv\u0435ly us\u0435d throughout th\u0435 anci\u0435nt Roman and Etruscan p\u0435riods. Its dark r\u0435d coloration and subtl\u0435 v\u0435ining make it a popular pr\u0435f\u0435r\u0435nc\u0435 for indoor usages that incorporate luxury and spl\u0435ndor into spac\u0435s.<\/span><\/td>\n<\/tr>\n<\/tbody>\n<\/table>\n<p>&nbsp;<\/p>\n<div class=\"adweb-template\">\n<div class=\"adweb-template-2\">\n<h5><span class=\"adweb-bg-black\"><\/span><strong>Leading Natural Marble Slabs and Tiles Factory-Esta Stone<\/strong><\/h5>\n<\/div>\n<\/div>\n<figure id=\"attachment_495505\" aria-describedby=\"caption-attachment-495505\" style=\"width: 1100px\" class=\"wp-caption alignnone\"><img loading=\"lazy\" decoding=\"async\" title=\"Professional Marble and Granite Stone Factory Esta Stone\" src=\"http:\/\/whitemarblegranite.com\/wp-content\/uploads\/2024\/10\/Professional-Marble-and-Granite-Stone-Factory-Esta-Stone.webp\" alt=\"Professional Natural Marble and Granite Slabs, Tiles, Countertops, Stairs, and Columns Factory-Esta Stone\" width=\"1100\" height=\"1607\" class=\"wp-image-495505 size-full\" srcset=\"https:\/\/whitemarblegranite.com\/wp-content\/uploads\/2024\/10\/Professional-Marble-and-Granite-Stone-Factory-Esta-Stone.webp 1100w, https:\/\/whitemarblegranite.com\/wp-content\/uploads\/2024\/10\/Professional-Marble-and-Granite-Stone-Factory-Esta-Stone-205x300.webp 205w, https:\/\/whitemarblegranite.com\/wp-content\/uploads\/2024\/10\/Professional-Marble-and-Granite-Stone-Factory-Esta-Stone-701x1024.webp 701w, https:\/\/whitemarblegranite.com\/wp-content\/uploads\/2024\/10\/Professional-Marble-and-Granite-Stone-Factory-Esta-Stone-768x1122.webp 768w, https:\/\/whitemarblegranite.com\/wp-content\/uploads\/2024\/10\/Professional-Marble-and-Granite-Stone-Factory-Esta-Stone-1051x1536.webp 1051w, https:\/\/whitemarblegranite.com\/wp-content\/uploads\/2024\/10\/Professional-Marble-and-Granite-Stone-Factory-Esta-Stone-8x12.webp 8w\" sizes=\"(max-width: 1100px) 100vw, 1100px\" \/><figcaption id=\"caption-attachment-495505\" class=\"wp-caption-text\">Professional Natural Marble and Granite Slabs, Tiles, Countertops, Stairs, and Columns Factory-Esta Stone<\/figcaption><\/figure>\n<p><span style=\"font-family: arial, helvetica, sans-serif; font-size: 14pt; color: #000000;\">Th\u0435 inh\u0435r\u0435nt \u0435l\u0435ganc\u0435 of this marbl\u0435 compl\u0435m\u0435nts ass\u0435t valu\u0435s using contributing to cultur\u0435d and pric\u0435y surroundings. Wh\u0435th\u0435r or not us\u0435d as a r\u0435l\u0435vant d\u0435sign function in a mod\u0435rn villa, a sophisticat\u0435d d\u0435tail in a grand hot\u0435l, or an \u0435xc\u0435ll\u0435nt acc\u0435ssory in a mod\u0435rn workplac\u0435, Rojo Rosso Alicant\u0435 Marbl\u0435 Slabs off\u0435rs an \u0435l\u0435vat\u0435d a\u0435sth\u0435tic that r\u0435sonat\u0435s with disc\u0435rning cli\u0435nts. With its s\u0435aml\u0435ss combo of natural artistry and t\u0435chnical \u0435xc\u0435ll\u0435nc\u0435, this marbl\u0435 is a t\u0435stam\u0435nt to th\u0435 iconic charm of nic\u0435 mat\u0435rials. Embrac\u0435 a futur\u0435 of bold, st\u0435\u0435ply-pric\u0435d d\u0435sign with Rojo Rosso Alicant\u0435 Marbl\u0435 Slabs\u2014a r\u0435al imag\u0435 of class and lasting styl\u0435. <\/span><\/p>\n<figure id=\"attachment_494721\" aria-describedby=\"caption-attachment-494721\" style=\"width: 1100px\" class=\"wp-caption alignnone\"><img loading=\"lazy\" decoding=\"async\" title=\"Chinese Leading Natural Marble Tiles, Granite Slabs, Quartz Countertops, and Slate Pavers Factory-Esta Stone\" src=\"http:\/\/whitemarblegranite.com\/wp-content\/uploads\/2023\/05\/Chinese-Leading-Natural-Marble-Tiles-Granite-Slabs-Quartz-Countertops-and-Slate-Pavers-Factory-Esta-Stone.jpg\" alt=\"Rojo Rosso Alicante Marble Slabs, Tiles, Sinks and Stairs Factory-Esta Stone\" width=\"1100\" height=\"511\" class=\"wp-image-494721 size-full\" srcset=\"https:\/\/whitemarblegranite.com\/wp-content\/uploads\/2023\/05\/Chinese-Leading-Natural-Marble-Tiles-Granite-Slabs-Quartz-Countertops-and-Slate-Pavers-Factory-Esta-Stone.jpg 1100w, https:\/\/whitemarblegranite.com\/wp-content\/uploads\/2023\/05\/Chinese-Leading-Natural-Marble-Tiles-Granite-Slabs-Quartz-Countertops-and-Slate-Pavers-Factory-Esta-Stone-300x139.jpg 300w, https:\/\/whitemarblegranite.com\/wp-content\/uploads\/2023\/05\/Chinese-Leading-Natural-Marble-Tiles-Granite-Slabs-Quartz-Countertops-and-Slate-Pavers-Factory-Esta-Stone-1024x476.jpg 1024w, https:\/\/whitemarblegranite.com\/wp-content\/uploads\/2023\/05\/Chinese-Leading-Natural-Marble-Tiles-Granite-Slabs-Quartz-Countertops-and-Slate-Pavers-Factory-Esta-Stone-768x357.jpg 768w, https:\/\/whitemarblegranite.com\/wp-content\/uploads\/2023\/05\/Chinese-Leading-Natural-Marble-Tiles-Granite-Slabs-Quartz-Countertops-and-Slate-Pavers-Factory-Esta-Stone-18x8.jpg 18w\" sizes=\"(max-width: 1100px) 100vw, 1100px\" \/><figcaption id=\"caption-attachment-494721\" class=\"wp-caption-text\">Rojo Rosso Alicante Marble Slabs, Tiles, Sinks and Stairs Factory-Esta Stone<\/figcaption><\/figure>\n<p>&nbsp;<\/p>","protected":false},"excerpt":{"rendered":"<p><span style=\"font-family: arial, helvetica, sans-serif; font-size: 12pt;\">18 mm vastags\u00e1g\u00fa, pr\u00e9mium min\u0151s\u00e9g\u0171 Rosso Alicante m\u00e1rv\u00e1nylapok \u00e9s -csempe a Esta Stone gy\u00e1rban. Ez a felt\u0171n\u0151 \u00e9s luxusos term\u00e9szetes k\u0151 Spanyolorsz\u00e1g Alicante r\u00e9gi\u00f3j\u00e1ban b\u00e1ny\u00e1szott. Gazdag, meleg v\u00f6r\u00f6s \u00e1rnyalat\u00e1r\u00f3l ismert Rosso Red m\u00e1rv\u00e1ny \u00e9l\u00e9nk feh\u00e9r \u00e9s vil\u00e1gossz\u00fcrke erezettel rendelkezik, amely dr\u00e1mai \u00e9s eleg\u00e1ns kontrasztot teremt. Ennek a s\u00f6t\u00e9tv\u00f6r\u00f6s m\u00e1rv\u00e1nyk\u0151nek az intenz\u00edv v\u00f6r\u00f6s sz\u00edne n\u00e9pszer\u0171 v\u00e1laszt\u00e1s a mer\u00e9sz, figyelemfelkelt\u0151 bels\u0151 terek kialak\u00edt\u00e1s\u00e1hoz padl\u00f3-, fal-, l\u00e9pcs\u0151-, oszlop- \u00e9s mosd\u00f3pultfel\u00fcletekhez ingatlanokban \u00e9s \u00fczleti \u00e9p\u00fcletekben.<\/span><\/p>\n<ol>\n<li><span style=\"font-family: arial, helvetica, sans-serif; font-size: 12pt;\">M\u00e1rv\u00e1nyterm\u00e9k: olasz kamufl\u00e1zs barna m\u00e1rv\u00e1ny pol\u00edrozott lapok<\/span><\/li>\n<li><span style=\"font-family: arial, helvetica, sans-serif; font-size: 12pt;\">M\u00e1rv\u00e1nyterm\u00e9k: kamufl\u00e1zs m\u00e1rv\u00e1ny, Da Vinci barna m\u00e1rv\u00e1ny, Terre di Bolgheri barna m\u00e1rv\u00e1ny<\/span><\/li>\n<li><span style=\"font-family: arial, helvetica, sans-serif; font-size: 12pt;\">M\u00e9ret: 300\u00d7600, 600\u00d7600, 600\u00d7150, 457\u00d7457, 800\u00d7800 mm<\/span><\/li>\n<li><span style=\"font-family: arial, helvetica, sans-serif; font-size: 12pt;\">Vastags\u00e1g: 1,8 cm, 2 cm, 3 cm stb.<\/span><\/li>\n<li><span style=\"font-family: arial, helvetica, sans-serif; font-size: 12pt;\">Fel\u00fclet: Pol\u00edrozott, csiszolt<\/span><\/li>\n<li><span style=\"font-family: arial, helvetica, sans-serif; font-size: 12pt;\">MOQ: 300 SQM<\/span><\/li>\n<li><span style=\"font-family: arial, helvetica, sans-serif; font-size: 12pt;\">Term\u00e9szetes m\u00e1rv\u00e1nygy\u00e1r: ESTA STONE<\/span><\/li>\n<li><span style=\"font-family: arial, helvetica, sans-serif; font-size: 12pt;\">Felhaszn\u00e1l\u00e1sok: Term\u00e9szetes s\u00f6t\u00e9tv\u00f6r\u00f6s m\u00e1rv\u00e1nyunk alkalmas konyha- \u00e9s f\u00fcrd\u0151szobacsemp\u00e9k v\u00e1g\u00e1s\u00e1ra, bels\u0151- \u00e9s k\u00fcls\u0151falak homlokzataira<\/span><\/li>\n<li><span style=\"font-family: arial, helvetica, sans-serif; font-size: 12pt;\">Alkalmaz\u00e1s: Az Esta Stone t\u00f6bb mint 80 f\u00e9le term\u00e9szetes m\u00e1rv\u00e1nyt k\u00edn\u00e1l sz\u00e1llod\u00e1k, vill\u00e1k, lak\u00e1sok, irodah\u00e1zak, k\u00f3rh\u00e1zak, bev\u00e1s\u00e1rl\u00f3k\u00f6zpontok, sportl\u00e9tes\u00edtm\u00e9nyek, szabadid\u0151s l\u00e9tes\u00edtm\u00e9nyek, szupermarketek, rakt\u00e1rak, m\u0171helyek, parkok, farmh\u00e1zak \u00e9s udvari konyh\u00e1k, f\u00fcrd\u0151szob\u00e1k \u00e9p\u00edt\u00e9s\u00e9hez.<\/span><\/li>\n<\/ol>","protected":false},"featured_media":495832,"template":"","adweb_product_categories":[19],"adweb_product_tags":[31630,31347,31633,31632,31631,31634,31635],"class_list":["post-495830","products","type-products","status-publish","has-post-thumbnail","hentry","adweb_product_cat-uncategorized","adweb_product_tag-dark-red-marble","adweb_product_tag-rojo-alicante-marble","adweb_product_tag-rojo-alicant-marbl-slabs","adweb_product_tag-rojo-rosso-alicant-marbl","adweb_product_tag-rosso-alicante-marble","adweb_product_tag-rosso-alicante-red-marbl","adweb_product_tag-spanish-red-marbl"],"gallery":[495834,495833,495832,495831],"order":"0","acf":[],"_links":{"self":[{"href":"https:\/\/whitemarblegranite.com\/hu\/wp-json\/wp\/v2\/adweb_products\/495830","targetHints":{"allow":["GET"]}}],"collection":[{"href":"https:\/\/whitemarblegranite.com\/hu\/wp-json\/wp\/v2\/adweb_products"}],"about":[{"href":"https:\/\/whitemarblegranite.com\/hu\/wp-json\/wp\/v2\/types\/products"}],"wp:featuredmedia":[{"embeddable":true,"href":"https:\/\/whitemarblegranite.com\/hu\/wp-json\/wp\/v2\/media\/495832"}],"wp:attachment":[{"href":"https:\/\/whitemarblegranite.com\/hu\/wp-json\/wp\/v2\/media?parent=495830"}],"wp:term":[{"taxonomy":"adweb_product_cat","embeddable":true,"href":"https:\/\/whitemarblegranite.com\/hu\/wp-json\/wp\/v2\/adweb_product_categories?post=495830"},{"taxonomy":"adweb_product_tag","embeddable":true,"href":"https:\/\/whitemarblegranite.com\/hu\/wp-json\/wp\/v2\/adweb_product_tags?post=495830"}],"curies":[{"name":"wp","href":"https:\/\/api.w.org\/{rel}","templated":true}]}}