{"id":8335,"date":"2023-05-04T10:44:11","date_gmt":"2023-05-04T02:44:11","guid":{"rendered":"https:\/\/230411wadmp3.adwebcloud.com\/%products_cat%\/arabescato-white-marble\/"},"modified":"2023-07-09T15:53:00","modified_gmt":"2023-07-09T07:53:00","slug":"arabescato-white-marble","status":"publish","type":"products","link":"https:\/\/whitemarblegranite.com\/hu\/product\/arabescato-white-marble\/","title":{"rendered":"Arabescato feh\u00e9r m\u00e1rv\u00e1ny"},"content":{"rendered":"<p><strong>Magas min\u0151s\u00e9g\u0171 olasz luxus Arabescato Corchia m\u00e1rv\u00e1nylapok csemp\u00e9khez \u00e9s munkalapokhoz<\/strong><\/p>\n<p><\/p>\n<p>Az Arabescato feh\u00e9r m\u00e1rv\u00e1ny gy\u00f6ny\u00f6r\u0171 kombin\u00e1ci\u00f3ja a l\u00e1gy feh\u00e9r \u00e9s poros sz\u00fcrke \u00e1rnyalatoknak, amelyek id\u0151tlen mint\u00e1zatban \u00f6sszekeverednek. Ez a csod\u00e1latos Arabescato Corchia m\u00e1rv\u00e1ny Olaszorsz\u00e1g \u00e9szaki Toszk\u00e1na r\u00e9gi\u00f3j\u00e1b\u00f3l sz\u00e1rmazik, Carrara v\u00e1ros k\u00f6zel\u00e9b\u0151l. Hasonl\u00f3an a Calacatt\u00e1hoz, ez a term\u00e9szetes k\u0151 sz\u00e9les v\u00e1ltozatoss\u00e1got mutat form\u00e1kban \u00e9s erezetben. Az Arabescato feh\u00e9r m\u00e1rv\u00e1ny lapok \u00e9s csemp\u00e9k mellett az Arabescato feh\u00e9r m\u00e1rv\u00e1ny sz\u00e1mos m\u00e9retre v\u00e1gott csempe, munkalap \u00e9s mozaikmint\u00e1ban is el\u00e9rhet\u0151 b\u00e1rmilyen lakoss\u00e1gi \u00e9s kereskedelmi projekt sz\u00e1m\u00e1ra.<\/p>\n<p>Ez a gy\u00f6ny\u00f6r\u0171 pol\u00edrozott Arabescato feh\u00e9r m\u00e1rv\u00e1nylap \u00e9s csempe haszn\u00e1lhat\u00f3 f\u00fcrd\u0151szob\u00e1ban, konyh\u00e1ban, nappaliban, el\u0151terekben, de ak\u00e1r forgalmi ter\u00fcleteken is, mint irod\u00e1k, hotelek, mag\u00e1norvosi rendel\u0151k stb. Fedezze fel teh\u00e1t az \u00faj Arabescato m\u00e1rv\u00e1ny burkol\u00f3lapot b\u00e1rmilyen padl\u00f3- \u00e9s falburkolati projekthez, vagy haszn\u00e1lja b\u00fatorokhoz. Egy t\u00e9nyt soha nem szabad elfelejteni: ez a term\u00e9szetes m\u00e1rv\u00e1nyk\u0151 \u00e1ttetsz\u0151, ami t\u00f6bb szabads\u00e1got \u00e9s \u00faj megold\u00e1sokat ny\u00fajt, p\u00e9ld\u00e1ul egy h\u00e1tt\u00e9rb\u0151l megvil\u00e1g\u00edtott Arabescato m\u00e1rv\u00e1ny falburkolat, amely kellemes \u00e9s diff\u00faz hangulatot teremthet, mik\u00f6zben a f\u00e9nyek \u00e9gnek.<\/p>\n<p><img loading=\"lazy\" decoding=\"async\" src=\"http:\/\/whitemarblegranite.com\/wp-content\/uploads\/2023\/product\/05\/2022021622405123ad6e2acaa648a6ae061b9798946fcc.jpg\" title=\"Arabescato Corchia feh\u00e9r m\u00e1rv\u00e1ny\" width=\"800\" height=\"800\" \/><\/p>\n<table style=\"width:100%\" border=\"0\" cellspacing=\"0\" cellpadding=\"0\" class=\"table\">\n<tbody>\n<tr class=\"firstRow\">\n<td>\n<p>T\u00e9tel sz\u00e1ma<\/p>\n<\/td>\n<td>\n<p>Gy\u00e1ri pol\u00edrozott Arabescato Corchia feh\u00e9r m\u00e1rv\u00e1ny lapok \u00e9s csemp\u00e9k<\/p>\n<\/td>\n<\/tr>\n<tr>\n<td>\n<p>N\u00e9v<\/p>\n<\/td>\n<td>\n<p>&nbsp;Feh\u00e9r \u00e9s sz\u00fcrke m\u00e1rv\u00e1ny&nbsp;<\/p>\n<\/td>\n<\/tr>\n<tr>\n<td>\n<p>Anyag<\/p>\n<\/td>\n<td>\n<p>100% term\u00e9szetes anyag (gr\u00e1nit, m\u00e1rv\u00e1ny vagy m\u00e1s haszn\u00e1lhat\u00f3 k\u0151anyag)<\/p>\n<\/td>\n<\/tr>\n<tr>\n<td>\n<p>Befejez\u00e9s<\/p>\n<\/td>\n<td>\n<p>Pol\u00edrozott, csiszolt, l\u00e1ngolt, homokf\u00fajt, durva kalap\u00e1csolt, bokkal kalap\u00e1csolt,&nbsp;<\/p>\n<p>Durva v\u00e1logatott, gomba stb.&nbsp;<\/p>\n<\/td>\n<\/tr>\n<tr>\n<td>\n<p>Norm\u00e1l m\u00e9ret (csempe)<\/p>\n<\/td>\n<td>\n<p>1) 305x305 mm vagy 12\"x12\"<\/p>\n<p>2) 400x400 mm vagy 16\"x16\"<\/p>\n<p>3) 457x457 mm vagy 18\"x18\"<\/p>\n<p>4) 600x600 mm vagy 24\"x24\"<\/p>\n<p>5) 600x1200 vagy nagyobb\/1500 vagy nagyobb\/1800 vagy nagyobb x 20\/30 mm<\/p>\n<p>6) V\u00e1g\u00f3\/f\u00e9l lap \u00e9s sorf\u0171r\u00e9sz lap 2\/3 cm<\/p>\n<p>7) M\u00e9retre v\u00e1gott vagy b\u00e1rmilyen egy\u00e9b testreszabott m\u00e9ret<\/p>\n<p>30,5\u00d730,5\u00d71,40x40x1 cm, egy\u00e9b k\u00e9rt<\/p>\n<\/td>\n<\/tr>\n<tr>\n<td>\n<p>N\u00e9pszer\u0171 vastags\u00e1g<\/p>\n<\/td>\n<td>\n<p>10 mm, 15 mm, 18 mm, 20 mm, 30 mm<\/p>\n<\/td>\n<\/tr>\n<tr>\n<td>\n<p>Haszn\u00e1lat<\/p>\n<\/td>\n<td>\n<p>Belt\u00e9ri \u00e9s k\u00fclt\u00e9ri d\u00edsz\u00edt\u00e9s \u00e9p\u00edt\u0151k\u0151 anyag.<\/p>\n<\/td>\n<\/tr>\n<tr>\n<td>\n<p>El\u0151ny\u00f6k<\/p>\n<\/td>\n<td>\n<p>Saj\u00e1t professzion\u00e1lis gy\u00e1r, nagy ki\u00e1ll\u00edt\u00f3terem \u00e9s jelent\u0151s k\u00e9szlet\u00fcnk van.<\/p>\n<p>100% magas min\u0151s\u00e9g biztos\u00edt\u00e1sa, \u00e9s minden darabot tapasztalt QC ellen\u0151riz.&nbsp;<\/p>\n<p>Megfizethet\u0151 \u00e1r+ j\u00f3 szolg\u00e1ltat\u00e1s+ ingyenes minta+ hat\u00e1rid\u0151re t\u00f6rt\u00e9n\u0151 sz\u00e1ll\u00edt\u00e1s.<\/p>\n<\/td>\n<\/tr>\n<tr>\n<td>\n<p>Fizet\u00e9si felt\u00e9tel<\/p>\n<\/td>\n<td>\n<p>T\/T, L\/C<\/p>\n<\/td>\n<\/tr>\n<tr>\n<td>\n<p>Csomagol\u00e1s<\/p>\n<\/td>\n<td>\n<p>Kartonokban vagy polifoam \u00e9s fa dobozokban<\/p>\n<\/td>\n<\/tr>\n<\/tbody>\n<\/table>\n<p><img loading=\"lazy\" decoding=\"async\" src=\"http:\/\/whitemarblegranite.com\/wp-content\/uploads\/2023\/product\/03\/20220216224051ce34d95dc42f46e49e35b3d6ff77c6db.jpg\" title=\"Arabescato feh\u00e9r m\u00e1rv\u00e1ny f\u00fcrd\u0151szoba mosd\u00f3pultokhoz\" width=\"800\" height=\"800\" \/><\/p>\n<p><img loading=\"lazy\" decoding=\"async\" src=\"http:\/\/whitemarblegranite.com\/wp-content\/uploads\/2023\/product\/04\/202202162240520bc63ec1caeb488796133744c3e734c2.jpg\" title=\"Arabescato feh\u00e9r m\u00e1rv\u00e1nylap\" width=\"800\" height=\"800\" \/><\/p>\n<p><img loading=\"lazy\" decoding=\"async\" src=\"http:\/\/whitemarblegranite.com\/wp-content\/uploads\/2023\/product\/05\/2022021622405510eaf28c0318498ba33fcfd133be4acf.jpg\" title=\"Arabescato feh\u00e9r m\u00e1rv\u00e1ny\" width=\"800\" height=\"800\" \/><\/p>\n<p><img decoding=\"async\" src=\"http:\/\/whitemarblegranite.com\/wp-content\/uploads\/2023\/product\/07\/2021080821362252631aae85db42fc820ea41407cefcff.jpg\" alt=\"ESTA K\u0150GY\u00c1R \" \/><\/p>\n<p><\/p>\n<p><img fetchpriority=\"high\" decoding=\"async\" src=\"http:\/\/whitemarblegranite.com\/wp-content\/uploads\/2023\/product\/07\/2022010214520638493f23c5664ba9846018cc3ee57862.jpg\" alt=\"1-FAQ\" width=\"900\" height=\"60\" \/><\/p>\n<p>1. k\u00e9rd\u00e9s: Mintasz\u00e1ll\u00edt\u00e1s<\/p>\n<p>V: A mint\u00e1k \u00e1ltal\u00e1ban ingyenesek, de a fuvard\u00edjat felsz\u00e1m\u00edtjuk. A megrendel\u00e9s meger\u0151s\u00edt\u00e9se ut\u00e1n visszafizetj\u00fck az expressz k\u00f6lts\u00e9get.<\/p>\n<p>2. k\u00e9rd\u00e9s: Mi a MOQ?<\/p>\n<p>V: MOQ-unk \u00e1ltal\u00e1ban 50 n\u00e9gyzetm\u00e9ter, a k\u00fcl\u00f6nb\u00f6z\u0151 anyagokt\u00f3l f\u00fcgg\u0151en.<\/p>\n<p>3. k\u00e9rd\u00e9s: Mennyi az \u00e1tfut\u00e1si id\u0151?<\/p>\n<p>V: A sz\u00e1ll\u00edt\u00e1si id\u0151 k\u00f6r\u00fclbel\u00fcl 10 ~ 30 a let\u00e9t be\u00e9rkez\u00e9se ut\u00e1n, a mennyis\u00e9gt\u0151l f\u00fcgg\u0151en is.<\/p>\n<p>4. k\u00e9rd\u00e9s: \u00d6n gy\u00e1rt\u00f3?<\/p>\n<p>V: Igen, gy\u00e1raink Fujianban tal\u00e1lhat\u00f3ak.<\/p>\n<p>5. k\u00e9rd\u00e9s: K\u00e9sz\u00edt egyedi terveket is?<\/p>\n<p>V: Igen. Az \u00fcgyf\u00e9l ig\u00e9nyei szerint tudunk tenni&#039;s k\u00f6vetelm\u00e9nyeket.<\/p>\n<p>6. k\u00e9rd\u00e9s: Amikor megrendel\u00e9st adunk le, megl\u00e1togathatom a gy\u00e1rat, hogy ellen\u0151rizzem az \u00e1rut?<\/p>\n<p>V: Igen, sz\u00edvesen l\u00e1tjuk, ha megl\u00e1togat minket.<\/p>\n<p><img decoding=\"async\" src=\"http:\/\/whitemarblegranite.com\/wp-content\/uploads\/2023\/product\/04\/202108082136224c6b99a3b6564b0287159326f0b4be2e.jpg\" title=\"2-Kapcsolatfelv\u00e9tel most az Esta Stone-n\u00e1l\" \/><\/p>\n<p><\/p>","protected":false},"excerpt":{"rendered":"<p>T\u00e9tel: Olaszorsz\u00e1g Arabescato Corchia feh\u00e9r m\u00e1rv\u00e1nylapok csemp\u00e9k \u00e9s munkalapok sz\u00e1m\u00e1ra<br \/>\nAnyag: Arabescato m\u00e1rv\u00e1ny<br \/>\nM\u00e9ret: 244upx1200up,2000upx1000 mm<br \/>\nVastags\u00e1g: 16,18,20,30mm<br \/>\nFel\u00fclet: Csiszolt, csiszolt, csiszolt<br \/>\nMOQ: 100 SQM<br \/>\nGy\u00e1r: Esta Stone<br \/>\nAlkalmaz\u00e1s: Lakoss\u00e1gi \u00e9s kereskedelmi projektekhez: Feh\u00e9r m\u00e1rv\u00e1ny padl\u00f3, fal, munkalapok<\/p>","protected":false},"featured_media":6061,"template":"","adweb_product_categories":[88],"adweb_product_tags":[470,406,471,321,446,36,35,405,295,34,38,33,37],"class_list":["post-8335","products","type-products","status-publish","has-post-thumbnail","hentry","adweb_product_cat-marble-slabs","adweb_product_tag-arabescato-white-marble","adweb_product_tag-bianco-carrara-white-marble","adweb_product_tag-black-slate-paving-slabs","adweb_product_tag-brazil-delicatus-granite","adweb_product_tag-brazil-via-lactea-granite-slab","adweb_product_tag-customized","adweb_product_tag-factory","adweb_product_tag-forest-green-marble-slab","adweb_product_tag-g603-grey-granite-tiles","adweb_product_tag-manufacturers","adweb_product_tag-projects","adweb_product_tag-suppliers","adweb_product_tag-wholesale"],"gallery":[6061,6061,6062,6063,6064],"order":null,"acf":[],"_links":{"self":[{"href":"https:\/\/whitemarblegranite.com\/hu\/wp-json\/wp\/v2\/adweb_products\/8335","targetHints":{"allow":["GET"]}}],"collection":[{"href":"https:\/\/whitemarblegranite.com\/hu\/wp-json\/wp\/v2\/adweb_products"}],"about":[{"href":"https:\/\/whitemarblegranite.com\/hu\/wp-json\/wp\/v2\/types\/products"}],"wp:featuredmedia":[{"embeddable":true,"href":"https:\/\/whitemarblegranite.com\/hu\/wp-json\/wp\/v2\/media\/6061"}],"wp:attachment":[{"href":"https:\/\/whitemarblegranite.com\/hu\/wp-json\/wp\/v2\/media?parent=8335"}],"wp:term":[{"taxonomy":"adweb_product_cat","embeddable":true,"href":"https:\/\/whitemarblegranite.com\/hu\/wp-json\/wp\/v2\/adweb_product_categories?post=8335"},{"taxonomy":"adweb_product_tag","embeddable":true,"href":"https:\/\/whitemarblegranite.com\/hu\/wp-json\/wp\/v2\/adweb_product_tags?post=8335"}],"curies":[{"name":"wp","href":"https:\/\/api.w.org\/{rel}","templated":true}]}}