{"id":8821,"date":"2023-05-04T11:09:07","date_gmt":"2023-05-04T03:09:07","guid":{"rendered":"https:\/\/230411wadmp3.adwebcloud.com\/%products_cat%\/bianco-carrara-marble-tile\/"},"modified":"2023-07-09T15:53:17","modified_gmt":"2023-07-09T07:53:17","slug":"bianco-carrara-marble-tile","status":"publish","type":"products","link":"https:\/\/whitemarblegranite.com\/hu\/product\/bianco-carrara-marble-tile\/","title":{"rendered":"Bianco Carrara m\u00e1rv\u00e1ny csempe"},"content":{"rendered":"<p><strong>Olaszorsz\u00e1g Bianco Carrara feh\u00e9r m\u00e1rv\u00e1ny padl\u00f3lapok<\/strong><\/p>\n<p>T\u00f6k\u00e9letes kieg\u00e9sz\u00edt\u0151je b\u00e1rmely bels\u0151 t\u00e9rnek a Bianco Carrara m\u00e1rv\u00e1ny csempe 12 in. x 12 in. vagy 24 in. x 24 in., vagy m\u00e1s egyedi m\u00e9retben. Ez a pazar m\u00e1rv\u00e1nycsempe finom feh\u00e9r \u00e1rnyalatokkal rendelkezik, \u00e9s pol\u00edrozott vagy magasf\u00e9ny\u0171 kivitelben k\u00e9sz\u00fcl. Eg\u00e9sz\u00edtse ki designj\u00e1t kifinomult eleganci\u00e1val, ha ezt a feh\u00e9r m\u00e1rv\u00e1ny csemp\u00e9t haszn\u00e1lja bels\u0151 tereiben. A carrarai m\u00e1rv\u00e1ny csempe v\u00e9gtelen dekor\u00e1ci\u00f3s lehet\u0151s\u00e9geket k\u00edn\u00e1l.<\/p>\n<p>A Bianco Carrara m\u00e1rv\u00e1ny csempe a vil\u00e1g legkit\u0171n\u0151bb \u00e9p\u00fcleteinek \u00e9s szobrainak megalkot\u00e1s\u00e1ra szolg\u00e1l, kezdve a gy\u00f6ny\u00f6r\u0171 feh\u00e9r m\u00e1rv\u00e1ny padl\u00f3csempek\u00e9nt val\u00f3 felhaszn\u00e1l\u00e1s\u00e1val. Napjainkban ez a feh\u00e9r carrarai m\u00e1rv\u00e1ny tov\u00e1bbra is a nagys\u00e1got \u00e9s a luxust jelk\u00e9pezi, \u00e9s a pompa elem\u00e9t hozza b\u00e1rmely designba.<\/p>\n<p>A Bianco Carrara feh\u00e9r m\u00e1rv\u00e1ny csempe kollekci\u00f3 a legfinomabb olasz m\u00e1rv\u00e1nyb\u00f3l v\u00e1logat, kiemelve a feh\u00e9r k\u0151 n\u00e9pszer\u0171 megjelen\u00e9s\u00e9t eleg\u00e1ns sz\u00fcrke erezettel. A hagyom\u00e1nyos m\u00e9retek mellett a carrarai m\u00e1rv\u00e1ny m\u00e1r modern 12\u00d724-es csempeform\u00e1tumban is kaphat\u00f3. V\u00e1lasszon otthona sz\u00e1m\u00e1ra csiszolt \u00e9s pol\u00edrozott kivitelek k\u00f6z\u00fcl.<\/p>\n<p><img decoding=\"async\" src=\"http:\/\/whitemarblegranite.com\/wp-content\/uploads\/2023\/product\/04\/202109222100227c4cce945fce4f80adbab652ae26b7f5.jpg\" title=\"Bianco Carrara m\u00e1rv\u00e1ny csempe\" \/><\/p>\n<table style=\"width:100%\" border=\"0\" cellspacing=\"0\" cellpadding=\"0\" class=\"table\">\n<tbody>\n<tr class=\"firstRow\">\n<td>Term\u00e9kek neve:  600\u00d7600 vagy 800\u00d7800 Olaszorsz\u00e1g Bianco feh\u00e9r Carrara m\u00e1rv\u00e1ny padl\u00f3lapok<\/td>\n<\/tr>\n<tr>\n<td>K\u0151b\u00e1nya helye: K\u00edna<\/td>\n<\/tr>\n<tr>\n<td>Sz\u00edn: Feh\u00e9r<\/td>\n<\/tr>\n<tr>\n<td>Befejez\u00e9s: pol\u00edroz\u00e1s, \u00e9lez\u00e9s, l\u00e1ngol\u00e1s, mechanikus f\u0171r\u00e9sz, l\u00e1ngol\u00e1s + napping, antikol\u00e1s, k\u00f6ny\u00f6kl\u00e9s, v\u00e9s\u00e9s, homokf\u00fav\u00e1s, v\u00edzpermetez\u00e9s stb.<\/td>\n<\/tr>\n<tr>\n<td>K\u0151term\u00e9kek: fix m\u00e9ret\u0171 lapok, v\u00e9letlenszer\u0171 kism\u00e9ret\u0171 t\u00e1bl\u00e1k, f\u0171r\u00e9szlapok, l\u00e9pcs\u0151k \u00e9s felmen\u0151k, munkalapok, mosd\u00f3pultok,<br \/>konyhai munkalapok, mosogat\u00f3k, szobrok, kerti kell\u00e9kek stb.<\/td>\n<\/tr>\n<tr>\n<td>Csempe m\u00e9rete: 12\" x12\" x3\/8\", 16\" x16\" x3\/8\", 300x600mm, 600x600mm, 30x90mm stb.<\/td>\n<\/tr>\n<tr>\n<td>Csomagol\u00e1s: er\u0151s fadoboz<\/td>\n<\/tr>\n<tr>\n<td>min\u0151s\u00e9g:<\/td>\n<\/tr>\n<tr>\n<td>(1) A v\u00e1g\u00e1st\u00f3l a csomagol\u00e1s min\u0151s\u00e9gellen\u0151rz\u00e9s\u00e9ig ellen\u0151rizze egyenk\u00e9nt.<\/td>\n<\/tr>\n<tr>\n<td>(2) Vastags\u00e1gt\u0171r\u00e9s +\/- 1 mm (v\u00e9kony ker\u00e1mia burkol\u00f3lapok eset\u00e9n +\/- 0,5 mm)<\/td>\n<\/tr>\n<tr>\n<td>(3) A piac szerint a pol\u00edroz\u00e1si fok 70-95,<\/td>\n<\/tr>\n<tr>\n<td>Gy\u00e1rt\u00e1si \u00e1tfut\u00e1si id\u0151: 1\u00d720&#039; tart\u00e1lyok 2-4 h\u00e9ten bel\u00fcl felhaszn\u00e1lhat\u00f3k.<\/td>\n<\/tr>\n<\/tbody>\n<\/table>\n<p><\/p>\n<p><img decoding=\"async\" src=\"http:\/\/whitemarblegranite.com\/wp-content\/uploads\/2023\/product\/03\/20210922210024de22240440ef4cfdae7823109912399f.jpg\" title=\"Bianco Carrara feh\u00e9r m\u00e1rv\u00e1ny padl\u00f3csempe\" \/><\/p>\n<p><img decoding=\"async\" src=\"http:\/\/whitemarblegranite.com\/wp-content\/uploads\/2023\/product\/03\/20210922210025dcc643372993449fa5fc6b6ded72ade7.jpg\" title=\"Bianco Carrara feh\u00e9r m\u00e1rv\u00e1ny csempe\" \/><\/p>\n<p><img decoding=\"async\" src=\"http:\/\/whitemarblegranite.com\/wp-content\/uploads\/2023\/product\/04\/202109032018330f9e76e1133a402e928cc60872143375.jpg\" alt=\"Konyhai munkalapok \u00e9lek profil\" \/><\/p>\n<p><img decoding=\"async\" src=\"http:\/\/whitemarblegranite.com\/wp-content\/uploads\/2023\/product\/03\/20210903201832e40b9c26554646698b9c031feaa433ab.jpg\" title=\"1-FAQ\" \/><\/p>\n<p>Melyek a k\u00fcl\u00f6nb\u00f6z\u0151 t\u00edpus\u00fa Carrara feh\u00e9r m\u00e1rv\u00e1nyok?<\/p>\n<p>A m\u00e1rv\u00e1ny fizikai jellemz\u0151it\u0151l f\u00fcgg\u0151en a carrarai m\u00e1rv\u00e1nyt k\u00fcl\u00f6nb\u00f6z\u0151 t\u00edpusokba sorolhatjuk, mint p\u00e9ld\u00e1ul a Bianco Carrara (feh\u00e9r Carrera) vagy a Statuario Carrara (Statuario Carrera). Az egyes m\u00e1rv\u00e1nyt\u00edpusoknak k\u00fcl\u00f6n neveket adnak, hogy megk\u00fcl\u00f6nb\u00f6ztess\u00e9k ezt a leny\u0171g\u00f6z\u0151 m\u00e1rv\u00e1nyt a hasonl\u00f3 term\u00e9kekt\u0151l, mint p\u00e9ld\u00e1ul a Calacatta, Dolomiti \u00e9s Venato.<\/p>\n<p><img decoding=\"async\" src=\"http:\/\/whitemarblegranite.com\/wp-content\/uploads\/2023\/product\/05\/2021090320183416aaab16a2b8476b93dc68e45389c791.jpg\" title=\"2-Kapcsolatfelv\u00e9tel most az Esta Stone-n\u00e1l\" \/><\/p>\n<p><\/p>","protected":false},"excerpt":{"rendered":"<p>Anyag: Bianco Carrara feh\u00e9r m\u00e1rv\u00e1ny<br \/>\nM\u00e9ret: 305 x 305mm vagy 12\u2033 x 12\u2033<br \/>\n400 x 400mm vagy 16\u2033 x 16\u2033<br \/>\n457 x 457mm vagy 18\u2033 x 18\u2033<br \/>\n600 x 600mm vagy 24\u2033 x 24\u2033 stb.<br \/>\nThickness:10,18,20,30mm<br \/>\nMOQ: 100 SQM<br \/>\nM\u00e1rka: ESTA STONE<\/p>","protected":false},"featured_media":6143,"template":"","adweb_product_categories":[46],"adweb_product_tags":[85,604,426,36,417,35,283,91,34,49,38,33,37],"class_list":["post-8821","products","type-products","status-publish","has-post-thumbnail","hentry","adweb_product_cat-marble-tiles","adweb_product_tag-bardiglio-marble-tiles","adweb_product_tag-bianco-carrara-marble-tile","adweb_product_tag-black-cosmic-granite-countertop-slab","adweb_product_tag-customized","adweb_product_tag-emerald-pearl-granite-tile","adweb_product_tag-factory","adweb_product_tag-granite-butterfly-green-stair","adweb_product_tag-granite-countertop-slabs","adweb_product_tag-manufacturers","adweb_product_tag-nero-portoro-black-marble-tile","adweb_product_tag-projects","adweb_product_tag-suppliers","adweb_product_tag-wholesale"],"gallery":[6143,6143,6144,6145],"order":null,"acf":[],"_links":{"self":[{"href":"https:\/\/whitemarblegranite.com\/hu\/wp-json\/wp\/v2\/adweb_products\/8821","targetHints":{"allow":["GET"]}}],"collection":[{"href":"https:\/\/whitemarblegranite.com\/hu\/wp-json\/wp\/v2\/adweb_products"}],"about":[{"href":"https:\/\/whitemarblegranite.com\/hu\/wp-json\/wp\/v2\/types\/products"}],"wp:featuredmedia":[{"embeddable":true,"href":"https:\/\/whitemarblegranite.com\/hu\/wp-json\/wp\/v2\/media\/6143"}],"wp:attachment":[{"href":"https:\/\/whitemarblegranite.com\/hu\/wp-json\/wp\/v2\/media?parent=8821"}],"wp:term":[{"taxonomy":"adweb_product_cat","embeddable":true,"href":"https:\/\/whitemarblegranite.com\/hu\/wp-json\/wp\/v2\/adweb_product_categories?post=8821"},{"taxonomy":"adweb_product_tag","embeddable":true,"href":"https:\/\/whitemarblegranite.com\/hu\/wp-json\/wp\/v2\/adweb_product_tags?post=8821"}],"curies":[{"name":"wp","href":"https:\/\/api.w.org\/{rel}","templated":true}]}}