{"id":8915,"date":"2023-05-04T11:13:43","date_gmt":"2023-05-04T03:13:43","guid":{"rendered":"https:\/\/230411wadmp3.adwebcloud.com\/%products_cat%\/black-marble-mosaic\/"},"modified":"2023-07-09T15:53:23","modified_gmt":"2023-07-09T07:53:23","slug":"black-marble-mosaic","status":"publish","type":"products","link":"https:\/\/whitemarblegranite.com\/hu\/product\/black-marble-mosaic\/","title":{"rendered":"Fekete m\u00e1rv\u00e1ny mozaik"},"content":{"rendered":"<p><strong>Csiszolt fel\u00fclet\u0171 Nero Marquina fekete m\u00e1rv\u00e1ny halpikkely alak\u00fa mozaikcsempe a f\u00fcrd\u0151szoba fal\u00e1hoz \u00e9s padl\u00f3j\u00e1hoz&nbsp;<\/strong><\/p>\n<p>Fish Scale Shape Designs Nero Marquina fekete m\u00e1rv\u00e1ny mozaik csempe sz\u00e9les k\u00f6rben haszn\u00e1lhat\u00f3, hogy leny\u0171g\u00f6z\u0151 a padl\u00f3, zuhanyz\u00f3, konyha backsplash, f\u00fcrd\u0151szoba falak, dekorat\u00edv fal, kandall\u00f3. M\u00e1rv\u00e1ny mozaik csempe term\u00e9szetes m\u00e1rv\u00e1nyok k\u00fcl\u00f6nb\u00f6z\u0151 k\u00e9szletek mint\u00e1k kiv\u00e1laszt\u00e1sa.<\/p>\n<p>Fekete m\u00e1rv\u00e1ny mozaik term\u00e9szetes k\u0151b\u0151l k\u00e9sz\u00fclt, z\u00f6ld \u00e9s k\u00f6rnyezetv\u00e9delem, term\u00e9szetes text\u00far\u00e1ja \u00e9s sz\u00ednk\u00fcl\u00f6nbs\u00e9ge fokozhatja a dekor\u00e1ci\u00f3 \u00e9rz\u00e9s\u00e9t. A st\u00edlus term\u00e9szetes, rusztikus \u00e9s eleg\u00e1ns, k\u00fcl\u00f6nb\u00f6z\u0151 specifik\u00e1ci\u00f3kban, szab\u00e1lytalan fel\u00fcletek, durva fel\u00fcletek stb. Megtartja a term\u00e9szetes k\u0151 term\u00e9szetes \u00edz\u00e9t, de egyszer\u0171s\u00e9get \u00e9s visszafogotts\u00e1got is mutat an\u00e9lk\u00fcl, hogy elvesz\u00edten\u00e9 a temperamentumot \u00e9s az \u00edzt.<\/p>\n<p>Nero Marquina m\u00e1rv\u00e1ny egy m\u00e9lyfekete m\u00e1rv\u00e1ny, jellegzetes feh\u00e9r erezet mint\u00e1zat\u00fa sz\u00edn\u0171 metamorf k\u0151zet. S\u00f6t\u00e9t t\u00f3nus\u00fa, szab\u00e1lytalan feh\u00e9r erek kompakt. Finomszemcs\u00e9s. K\u00edn\u00e1ban b\u00e1ny\u00e1szott. Az ESTA STONE fekete Nero Marquina m\u00e1rv\u00e1nylapokat \u00e9s fekete m\u00e1rv\u00e1nymozaikokat is k\u00edn\u00e1l k\u00fcl\u00f6nb\u00f6z\u0151 m\u00e9retekben.<\/p>\n<p><img decoding=\"async\" src=\"http:\/\/whitemarblegranite.com\/wp-content\/uploads\/2023\/product\/07\/202108151950033727526a9fd347378eb712f85dd86caf.jpg\" title=\"Nero Marquina Fekete legyez\u0151 alak\u00fa mozaik csempe\" \/><\/p>\n<table style=\"width:100%\" border=\"0\" cellspacing=\"0\" cellpadding=\"0\" class=\"table\">\n<tbody>\n<tr class=\"firstRow\">\n<td>C\u00e9gn\u00e9v<\/td>\n<td>ESTA STONE<\/td>\n<\/tr>\n<tr>\n<td>El\u00e9rhet\u0151 m\u00e9ret<\/td>\n<td>12 \"x12\", stb. k\u00e9r\u00e9s szerint<\/td>\n<\/tr>\n<tr>\n<td>Shape<\/td>\n<td>Hatsz\u00f6g, \u00e9kz\u00e1r, halsz\u00e1lk\u00e1s, n\u00e9gyzet, t\u00e9gla, gy\u00e9m\u00e1nt, kos\u00e1r, kocka stb. k\u00e9r\u00e9s szerint<\/td>\n<\/tr>\n<tr>\n<td>Chip m\u00e9rete<\/td>\n<td>1 \"x1\", 2 \"x2\", 3 \"x3\", stb. ig\u00e9ny szerint.<\/td>\n<\/tr>\n<tr>\n<td>Lap m\u00e9rete<\/td>\n<td>12 \"x12\", stb. ig\u00e9ny szerint<\/td>\n<\/tr>\n<tr>\n<td>Vastags\u00e1gt\u0171r\u00e9s<\/td>\n<td>+\/-0,5 mm<\/td>\n<\/tr>\n<tr>\n<td>Vastags\u00e1g<\/td>\n<td>8mm, 10mm, stb., ahogyan azt k\u00e9rt\u00e9k<\/td>\n<\/tr>\n<tr>\n<td>MOQ<\/td>\n<td>33,5 n\u00e9gyzetm\u00e9ter\/1 l\u00e1da<\/td>\n<\/tr>\n<tr>\n<td>Minta<\/td>\n<td>Ingyenes minta el\u00e9rhet\u0151<\/td>\n<\/tr>\n<tr>\n<td>Fel\u00fcletkezel\u00e9s<\/td>\n<td>Pol\u00edrozott, csiszolt, homokf\u00favott, bokorral kalap\u00e1lt, savval mosott stb. ig\u00e9ny szerint<\/td>\n<\/tr>\n<tr>\n<td>OEM szolg\u00e1ltat\u00e1s<\/td>\n<td>Testre szabhat\u00f3<\/td>\n<\/tr>\n<tr>\n<td>Haszn\u00e1lat<\/td>\n<td>\u00c9p\u00fclet, fal, konyha, f\u00fcrd\u0151szoba, kert stb.<\/td>\n<\/tr>\n<tr>\n<td>Ingatlan<\/td>\n<td>1. Fizikai stabilit\u00e1s; 2. M\u00e1rv\u00e1ny anyag; 3. K\u00f6nnyen tiszt\u00edthat\u00f3 \u00e9s moshat\u00f3; 4. Nulla v\u00edzfelv\u00e9tel.<\/td>\n<\/tr>\n<\/tbody>\n<\/table>\n<p><img decoding=\"async\" src=\"http:\/\/whitemarblegranite.com\/wp-content\/uploads\/2023\/product\/04\/202108151950043d8f82b049b14a78a814bd9a84dd8be0.jpg\" title=\"Nero Marquina fekete m\u00e1rv\u00e1ny halpikkely mozaik\" \/><\/p>\n<p><img decoding=\"async\" src=\"http:\/\/whitemarblegranite.com\/wp-content\/uploads\/2023\/product\/05\/2021081519500423cdd2b77cbb482b9ab68650ef6a5739.jpg\" title=\"Nero Marquina fekete m\u00e1rv\u00e1ny mozaik\" \/><\/p>\n<p><img decoding=\"async\" src=\"http:\/\/whitemarblegranite.com\/wp-content\/uploads\/2023\/05\/20210815194923f6ff7be9be534570be13918a73709a09.jpg\" alt=\"M\u00e1rv\u00e1ny mozaik gy\u00e1r \u00e9s feldolgoz\u00f3 \u00fczem\" \/><\/p>\n<p><img decoding=\"async\" src=\"http:\/\/whitemarblegranite.com\/wp-content\/uploads\/2023\/product\/04\/202108151949197dbe09e2f5da4e59b369aa450b3aedad.jpg\" title=\"1-FAQ\" \/><\/p>\n<p>Lehet-e m\u00e1rv\u00e1nymozaikot k\u00fclt\u00e9ren vagy medenc\u00e9ben elhelyezni?<\/p>\n<p>A mozaik az egyetlen olyan m\u0171v\u00e9szeti forma, amelyet nedves k\u00f6rnyezetben, p\u00e9ld\u00e1ul f\u00fcrd\u0151szob\u00e1kban vagy medenc\u00e9kben lehet elhelyezni, mik\u00f6zben meg\u0151rzi \u00e9l\u00e9nk sz\u00edneit \u00e9s min\u0151s\u00e9g\u00e9t.<\/p>\n<p>Milyen a m\u00e1rv\u00e1nymozaikok kivitelez\u00e9se?<\/p>\n<p>A mozaikjainkon k\u00e9tf\u00e9le fel\u00fcletkezel\u00e9st haszn\u00e1lunk: a norm\u00e1l fel\u00fcletkezel\u00e9st, ahol a mozaik k\u00f6veit \u00fagy tartjuk meg, ahogy a term\u00e9szetben vannak, vagy a pol\u00edrozott fel\u00fcletkezel\u00e9st, ahol a mozaikk\u00f6vek sim\u00e1ra vannak sim\u00edtva, ami \u00e9l\u00e9nk \u00e9s f\u00e9nyes megjelen\u00e9st eredm\u00e9nyez.<\/p>\n<p><\/p>\n<p><img decoding=\"async\" src=\"http:\/\/whitemarblegranite.com\/wp-content\/uploads\/2023\/product\/04\/202108151949230bd2e9e0f3d4465bb999ef9e2715e084.jpg\" title=\"2-Kapcsolatfelv\u00e9tel most az Esta Stone-n\u00e1l\" \/><\/p>\n<p><\/p>","protected":false},"excerpt":{"rendered":"<p>Anyag: Nero Marquina fekete m\u00e1rv\u00e1ny halpikkely mozaik<br \/>\nM\u00e9ret: 305x305x10mm<br \/>\nFel\u00fclet: Pol\u00edrozott vagy csiszolt<br \/>\nMOQ: 10-50 SQM<\/p>","protected":false},"featured_media":6299,"template":"","adweb_product_categories":[360],"adweb_product_tags":[517,260,642,36,35,34,38,486,124,196,33,118,37],"class_list":["post-8915","products","type-products","status-publish","has-post-thumbnail","hentry","adweb_product_cat-mosaic-tiles","adweb_product_tag-athens-white-wooden-marble-tiles","adweb_product_tag-bianco-carrara-marble","adweb_product_tag-black-marble-mosaic","adweb_product_tag-customized","adweb_product_tag-factory","adweb_product_tag-manufacturers","adweb_product_tag-projects","adweb_product_tag-sintered-surface-countertops","adweb_product_tag-sodalite-blue-granite-slabs","adweb_product_tag-super-white-quartzite-kitchen-countertops","adweb_product_tag-suppliers","adweb_product_tag-volakas-marble-column-facade-cladding-tiles","adweb_product_tag-wholesale"],"gallery":[6299,6299,6300,6301],"order":null,"acf":[],"_links":{"self":[{"href":"https:\/\/whitemarblegranite.com\/hu\/wp-json\/wp\/v2\/adweb_products\/8915","targetHints":{"allow":["GET"]}}],"collection":[{"href":"https:\/\/whitemarblegranite.com\/hu\/wp-json\/wp\/v2\/adweb_products"}],"about":[{"href":"https:\/\/whitemarblegranite.com\/hu\/wp-json\/wp\/v2\/types\/products"}],"wp:featuredmedia":[{"embeddable":true,"href":"https:\/\/whitemarblegranite.com\/hu\/wp-json\/wp\/v2\/media\/6299"}],"wp:attachment":[{"href":"https:\/\/whitemarblegranite.com\/hu\/wp-json\/wp\/v2\/media?parent=8915"}],"wp:term":[{"taxonomy":"adweb_product_cat","embeddable":true,"href":"https:\/\/whitemarblegranite.com\/hu\/wp-json\/wp\/v2\/adweb_product_categories?post=8915"},{"taxonomy":"adweb_product_tag","embeddable":true,"href":"https:\/\/whitemarblegranite.com\/hu\/wp-json\/wp\/v2\/adweb_product_tags?post=8915"}],"curies":[{"name":"wp","href":"https:\/\/api.w.org\/{rel}","templated":true}]}}