{"id":493990,"date":"2023-10-23T16:29:01","date_gmt":"2023-10-23T08:29:01","guid":{"rendered":"https:\/\/whitemarblegranite.com\/product\/pearl-black-granite\/"},"modified":"2023-12-25T14:36:18","modified_gmt":"2023-12-25T06:36:18","slug":"pearl-black-granite","status":"publish","type":"products","link":"https:\/\/whitemarblegranite.com\/tr\/product\/pearl-black-granite\/","title":{"rendered":"\u0130nci Siyah\u0131 Granit"},"content":{"rendered":"<p><span style=\"font-family: arial, helvetica, sans-serif; font-size: 18px; color: #000000;\"><input type=\"hidden\" id=\"productID\" name=\"productID\" value=\"163430524\" \/><\/span><\/p>\n<h2 style=\"font-size: 20px;\"><span style=\"font-family: arial, helvetica, sans-serif; font-size: 24px;\">Bina i\u00e7i ve d\u0131\u015fi projeler i\u00e7in \u0130nci Siyah Granit Ta\u015f\u0131<\/span><\/h2>\n<p><span style=\"font-family: arial, helvetica, sans-serif; font-size: 18px;\">\u0130nci Siyah Granit Ta\u015f\u0131, zarif ve l\u00fcks g\u00f6r\u00fcn\u00fcm\u00fcyle tan\u0131nan \u00e7arp\u0131c\u0131 bir do\u011fal ta\u015ft\u0131r. Derin siyah arka plan rengiyle karakterize olan bu granit t\u00fcr\u00fc, parlayan inci benzeri minerallerden olu\u015fan karma\u015f\u0131k desenlerle s\u00fcslenmi\u015ftir. Koyu tonlar\u0131n ve hassas irizasyonlu noktalar\u0131n bu kombinasyonu, \u0130nci Siyah Granit\u2019e dikkat \u00e7ekici ve sofistike bir estetik cazibe kazand\u0131r\u0131r.<\/span><\/p>\n<p><span style=\"font-family: arial, helvetica, sans-serif; font-size: 18px;\">T\u00fcm granitler gibi, \u0130nci Siyah Granit Ta\u015f\u0131 da D\u00fcnya\u2019n\u0131n kabu\u011funun derinliklerinde erimi\u015f magma\u2019n\u0131n yava\u015f kristalle\u015fmesi sonucunda olu\u015fur. Bu s\u00fcre\u00e7, \u0131s\u0131ya, \u00e7izilmeye ve lekelere kar\u015f\u0131 y\u00fcksek diren\u00e7 g\u00f6steren dayan\u0131kl\u0131 ve esnek bir ta\u015f ortaya \u00e7\u0131kar; bu da onu \u00e7ok \u00e7e\u015fitli uygulamalar i\u00e7in m\u00fckemmel bir tercih haline getirir.<\/span><\/p>\n<p><img fetchpriority=\"high\" decoding=\"async\" src=\"https:\/\/data.adwebcloud.com\/public\/material\/230411wadmp3\/product\/pearlblackgranite01_1698046841344.png\" width=\"800\" height=\"800\" alt=\"\" \/><\/p>\n<p><span style=\"font-family: arial, helvetica, sans-serif; font-size: 18px;\">\u0130nci Siyah Granit, hem bina i\u00e7i hem de d\u0131\u015fi projeler i\u00e7in estetik cazibesi, dayan\u0131kl\u0131l\u0131\u011f\u0131 ve \u00e7ok y\u00f6nl\u00fcl\u00fc\u011f\u00fc sayesinde m\u00fckemmel bir se\u00e7imdir. \u0130ster konut ister ticari alanlarda kullan\u0131ls\u0131n, genel tasar\u0131m\u0131 g\u00fczelle\u015ftirebilir ve zarafet ile sofistike bir his yaratabilir. \u0130\u015fte \u0130nci Siyah Granit\u2019in i\u00e7 ve d\u0131\u015f mekan uygulamalar\u0131nda kullan\u0131labilece\u011fi baz\u0131 y\u00f6ntemler:&nbsp;<\/span><span style=\"font-family: arial, helvetica, sans-serif; font-size: 18px;\"><\/span><\/p>\n<p><span style=\"font-family: arial, helvetica, sans-serif; font-size: 18px;\"><strong>Tezgahlar ve Lavabolar:<\/strong><\/span><\/p>\n<p><span style=\"font-family: arial, helvetica, sans-serif; font-size: 18px;\"> \u0130nci Siyah Granit, mutfak ve banyo tezgahlar\u0131 ile lavabolar i\u00e7in g\u00f6z al\u0131c\u0131 bir tercihtir. \u0130nci benzeri noktalarla s\u00fcslenmi\u015f koyu arka plan\u0131 mekana biraz l\u00fcks katarken, g\u00fczel bir odak noktas\u0131 olu\u015fturur.<\/span><\/p>\n<p><strong><span style=\"font-family: arial, helvetica, sans-serif; font-size: 18px;\">D\u00f6\u015feme: <\/span><\/strong><\/p>\n<p><span style=\"font-family: arial, helvetica, sans-serif; font-size: 18px;\">\u0130nci Siyah Granit, \u00e7arp\u0131c\u0131 ve dayan\u0131kl\u0131 zemin kaplamalar\u0131 olu\u015fturmak i\u00e7in kullan\u0131labilir. Koyu rengi kir ve a\u015f\u0131nmay\u0131 gizledi\u011finden, yo\u011fun trafi\u011fi olan alanlar i\u00e7in ideal bir se\u00e7imdir. Tasar\u0131m esteti\u011fine uygun \u015fekilde, fayans veya b\u00fcy\u00fck levhalar gibi \u00e7e\u015fitli desenlerde monte edilebilir.<\/span><\/p>\n<p><strong><span style=\"font-family: arial, helvetica, sans-serif; font-size: 18px;\">Duvar Kaplamas\u0131: <\/span><\/strong><\/p>\n<p><span style=\"font-family: arial, helvetica, sans-serif; font-size: 18px;\">\u0130nci Siyah Granit\u2019in duvar kaplamas\u0131 olarak montajlanmas\u0131, herhangi bir i\u00e7 veya d\u0131\u015f mekana biraz zarafet ve ihti\u015fam katar. \u00d6zellikli duvarlar, \u015f\u00f6minelerin etraf\u0131 veya vurgu duvarlar\u0131 olu\u015fturmak i\u00e7in kullan\u0131labilir; b\u00f6ylece g\u00f6rsel a\u00e7\u0131dan b\u00fcy\u00fcleyici bir atmosfer yarat\u0131l\u0131r.<\/span><\/p>\n<p><strong><span style=\"font-family: arial, helvetica, sans-serif; font-size: 18px;\">Merdivenler ve Basamaklar: <\/span><\/strong><\/p>\n<p><span style=\"font-family: arial, helvetica, sans-serif; font-size: 18px;\">\u0130nci Siyah Granit\u2019in dayan\u0131kl\u0131l\u0131\u011f\u0131, merdivenler ve basamaklar\u0131n in\u015fas\u0131na olduk\u00e7a uygundur. Parlayan aksesuarlar\u0131yla s\u00fcslenmi\u015f koyu rengi, mimari \u00f6\u011feye biraz sofistike bir dokunu\u015f ekler.<\/span><\/p>\n<p><strong><span style=\"font-family: arial, helvetica, sans-serif; font-size: 18px;\">D\u0131\u015f Cephe: <\/span><\/strong><\/p>\n<p><span style=\"font-family: arial, helvetica, sans-serif; font-size: 18px;\">\u0130nci Siyah Granit, binalar\u0131n d\u0131\u015f cephesini g\u00fczelle\u015ftirmek i\u00e7in kullan\u0131labilir; b\u00f6ylece \u00e7arp\u0131c\u0131 ve g\u00f6rsel a\u00e7\u0131dan \u00e7ekici bir g\u00f6r\u00fcn\u00fcm elde edilir. Kaplama veya vurgu par\u00e7alar\u0131 olarak kullan\u0131labilir; bina tasar\u0131m\u0131n\u0131n genel g\u00f6r\u00fcn\u00fcm\u00fcne derinlik ve doku kat\u0131l\u0131r.<\/span><\/p>\n<p><strong><span style=\"font-family: arial, helvetica, sans-serif; font-size: 18px;\">Peyzaj: <\/span><\/strong><\/p>\n<p><span style=\"font-family: arial, helvetica, sans-serif; font-size: 18px;\">\u0130nci Siyah Granit, ta\u015f patikalardan bah\u00e7e s\u0131n\u0131rlar\u0131na ya da dekoratif unsurlara kadar peyzaj \u00f6zelliklerine dahil edilebilir. Koyu rengi yemye\u015fil ye\u015filliklerle tamamlan\u0131r ve a\u00e7\u0131k hava alanlar\u0131nda uyumlu bir denge olu\u015fturur.<\/span><\/p>\n<p><span style=\"font-family: arial, helvetica, sans-serif; font-size: 18px;\">Genel olarak, \u0130nci Siyah Granit, hem bina i\u00e7i hem de d\u0131\u015fi projeler i\u00e7in zamans\u0131z ve sofistike bir se\u00e7enek sunar. Dayan\u0131kl\u0131l\u0131\u011f\u0131, \u00e7ok y\u00f6nl\u00fcl\u00fc\u011f\u00fc ve b\u00fcy\u00fcleyici g\u00f6r\u00fcn\u00fcm\u00fc, g\u00f6z al\u0131c\u0131 ve kal\u0131c\u0131 mek\u00e2nlar yaratmak isteyen mimarlar, tasar\u0131mc\u0131lar ve ev sahipleri aras\u0131nda pop\u00fcler bir tercih haline getirir.<\/span><\/p>\n<\/p>\n<p><span style=\"color: #000000; font-family: arial, helvetica, sans-serif; font-size: 18px;\"><iframe width=\"1100\" height=\"400\" src=\"https:\/\/www.youtube.com\/embed\/8sydO3xx0jc\" allowfullscreen=\"allowfullscreen\"><\/iframe><\/span><\/p>\n<div class=\"adweb-template-3\">\n<\/p>\n<div class=\"adweb-template-3\">\n<h5 class=\"adweb-border-blue\"><strong class=\"adweb-blue\">\u0130nci Siyah Granit Ta\u015f\u0131\u2019n\u0131n Boyutlar\u0131<\/strong><\/h5>\n<\/div>\n<p>&nbsp;<\/p>\n<table border=\"2\" cellpadding=\"2px\" style=\"border-collapse: collapse; width: 100%; height: 761px; border-color: #000000; border-style: solid;\">\n<tbody>\n<tr style=\"height: 22px;\">\n<td style=\"height: 22px; width: 20.9559%;\"><span style=\"font-family: arial, helvetica, sans-serif; font-size: 18px;\"><strong>\u00dcr\u00fcn Ad\u0131<\/strong><\/span><\/td>\n<td colspan=\"3\" style=\"height: 22px; width: 79.1558%;\"><span style=\"font-family: arial, helvetica, sans-serif; font-size: 18px;\">&nbsp;\u0130nci Siyah Granit Zemin ve Duvar Fayanslar\u0131<\/span><\/td>\n<\/tr>\n<tr style=\"height: 86px;\">\n<td rowspan=\"11\" style=\"height: 555px; width: 20.9559%;\">\n<p><span style=\"font-family: arial, helvetica, sans-serif; font-size: 18px;\">&nbsp;<\/span><\/p>\n<p><span style=\"font-family: arial, helvetica, sans-serif; font-size: 18px;\">&nbsp;<\/span><\/p>\n<p><span style=\"font-family: arial, helvetica, sans-serif; font-size: 18px;\">&nbsp;<\/span><\/p>\n<p><span style=\"font-family: arial, helvetica, sans-serif; font-size: 18px;\"><strong>Ortak Boyutlar<\/strong><\/span><\/p>\n<p><span style=\"font-family: arial, helvetica, sans-serif; font-size: 18px;\">&nbsp;&nbsp;&nbsp;<\/span><\/p>\n<p><span style=\"font-family: arial, helvetica, sans-serif; font-size: 18px;\">&nbsp;<\/span><\/p>\n<p><span style=\"font-family: arial, helvetica, sans-serif; font-size: 18px;\">&nbsp;&nbsp;<\/span><\/p>\n<p><span style=\"font-family: arial, helvetica, sans-serif; font-size: 18px;\">&nbsp;<\/span><\/p>\n<p><span style=\"font-family: arial, helvetica, sans-serif; font-size: 18px;\">&nbsp;<\/span><\/p>\n<p><span style=\"font-family: arial, helvetica, sans-serif; font-size: 18px;\">&nbsp;<\/span><\/td>\n<td rowspan=\"2\" style=\"height: 118px; width: 16.586%;\"><span style=\"font-family: arial, helvetica, sans-serif; font-size: 18px;\">D\u00f6\u015feme&nbsp;<\/span><\/td>\n<td style=\"height: 86px; width: 5.66108%;\"><span style=\"font-family: arial, helvetica, sans-serif; font-size: 18px;\">Boyut<\/span><\/td>\n<td style=\"height: 86px; width: 56.9087%;\">\n<p><span style=\"font-family: arial, helvetica, sans-serif; font-size: 18px;\">1800(yukar\u0131) x 600(yukar\u0131) mm<\/span><\/p>\n<p><span style=\"font-family: arial, helvetica, sans-serif; font-size: 18px;\">2400(yukar\u0131) x 1200(yukar\u0131) mm<\/span><\/p>\n<p><span style=\"font-family: arial, helvetica, sans-serif; font-size: 18px;\">2800(yukar\u0131) x 1500(yukar\u0131) mm vb.<\/span><\/p>\n<\/td>\n<\/tr>\n<tr style=\"height: 32px;\">\n<td style=\"height: 32px; width: 5.66108%;\"><span style=\"font-family: arial, helvetica, sans-serif; font-size: 18px;\">Te\u015fekk\u00fcrler<\/span><\/td>\n<td style=\"height: 32px; width: 56.9087%;\">\n<p><span style=\"font-family: arial, helvetica, sans-serif; font-size: 18px;\">15mm, 18mm, 20mm, 25mm, 30mm, vb.<\/span><\/p>\n<\/td>\n<\/tr>\n<tr style=\"height: 113px;\">\n<td rowspan=\"2\" style=\"height: 167px; width: 16.586%;\"><span style=\"font-family: arial, helvetica, sans-serif; font-size: 18px;\">&nbsp;<\/span><\/p>\n<p><span style=\"font-family: arial, helvetica, sans-serif; font-size: 18px;\">Fayanslar<\/span><\/p>\n<p><span style=\"font-family: arial, helvetica, sans-serif; font-size: 18px;\">&nbsp;<\/span><\/td>\n<td style=\"height: 113px; width: 5.66108%;\">\n<p><span style=\"font-family: arial, helvetica, sans-serif; font-size: 18px;\">Boyut<\/span><\/p>\n<\/td>\n<td style=\"height: 113px; width: 56.9087%;\">\n<p><span style=\"font-family: arial, helvetica, sans-serif; font-size: 18px;\">305 x 305mm veya 12\" x 12\"<\/span><\/p>\n<p><span style=\"font-family: arial, helvetica, sans-serif; font-size: 18px;\">400 x 400mm veya 16\" x 16\"<\/span><\/p>\n<p><span style=\"font-family: arial, helvetica, sans-serif; font-size: 18px;\">457 x 457mm veya 18\" x 18\"<\/span><\/p>\n<p><span style=\"font-family: arial, helvetica, sans-serif; font-size: 18px;\">600 x 600mm veya 24\" x 24\" vb.<\/span><\/p>\n<\/td>\n<\/tr>\n<tr style=\"height: 54px;\">\n<td style=\"height: 54px; width: 5.66108%;\"><span style=\"font-family: arial, helvetica, sans-serif; font-size: 18px;\">Te\u015fekk\u00fcrler<\/span><\/td>\n<td style=\"height: 54px; width: 56.9087%;\">\n<p><span style=\"font-family: arial, helvetica, sans-serif; font-size: 18px;\">10mm, 12mm, 15mm, 18mm, 20mm, 25mm, vb.<\/span><\/p>\n<\/td>\n<\/tr>\n<tr style=\"height: 32px;\">\n<td rowspan=\"2\" style=\"height: 54px; width: 16.586%;\">\n<p><span style=\"font-family: arial, helvetica, sans-serif; font-size: 18px;\">Tezgahlar<\/span><\/p>\n<p><span style=\"font-family: arial, helvetica, sans-serif; font-size: 18px;\">&nbsp;<\/span><\/td>\n<td style=\"height: 32px; width: 5.66108%;\">\n<p><span style=\"font-family: arial, helvetica, sans-serif; font-size: 18px;\">Boyut<\/span><\/p>\n<\/td>\n<td style=\"height: 32px; width: 56.9087%;\"><span style=\"font-family: arial, helvetica, sans-serif; font-size: 18px;\">&nbsp;96\u2033 x 26\u2033, 76\u2033x36\u2033, 98 \"x26\u2033, 108\u2033 x 26\u2033<\/span><\/td>\n<\/tr>\n<tr style=\"height: 22px;\">\n<td style=\"height: 22px; width: 5.66108%;\"><span style=\"font-family: arial, helvetica, sans-serif; font-size: 18px;\">Te\u015fekk\u00fcrler<\/span><\/td>\n<td style=\"height: 22px; width: 56.9087%;\"><span style=\"font-family: arial, helvetica, sans-serif; font-size: 18px;\">&nbsp;3\/4\u2033, 3\/8\u2033, 1\/2\"<\/span><\/td>\n<\/tr>\n<tr style=\"height: 38px;\">\n<td rowspan=\"2\" style=\"height: 76px; width: 16.586%;\">\n<p><span style=\"font-family: arial, helvetica, sans-serif; font-size: 18px;\">&nbsp;<\/span><\/p>\n<p><span style=\"font-family: arial, helvetica, sans-serif; font-size: 18px;\">Vanity \u00dcstler<\/span><\/p>\n<p><span style=\"font-family: arial, helvetica, sans-serif; font-size: 18px;\">&nbsp;<\/span><\/td>\n<td style=\"height: 38px; width: 5.66108%;\"><span style=\"font-family: arial, helvetica, sans-serif; font-size: 18px;\">Boyut<\/span><\/td>\n<td style=\"height: 38px; width: 56.9087%;\"><span style=\"font-family: arial, helvetica, sans-serif; font-size: 18px;\">25\u2033x22\u2033, 31\u2033x22\u2033, 37 \"x22\u2033, 49\u2033x22\u2033, 60\u2033 x22\"<\/span><\/td>\n<\/tr>\n<tr style=\"height: 38px;\">\n<td style=\"height: 38px; width: 5.66108%;\"><span style=\"font-family: arial, helvetica, sans-serif; font-size: 18px;\">Te\u015fekk\u00fcrler&nbsp;<\/span><\/td>\n<td style=\"height: 38px; width: 56.9087%;\"><span style=\"font-family: arial, helvetica, sans-serif; font-size: 18px;\">3\/4\u2033, 3\/8\u2033, 1\/2\"<\/span><\/td>\n<\/tr>\n<tr style=\"height: 54px;\">\n<td rowspan=\"2\" style=\"height: 108px; width: 16.586%;\">\n<p><span style=\"font-family: arial, helvetica, sans-serif; font-size: 18px;\">&nbsp;Asfaltlama<\/span><\/p>\n<\/td>\n<td style=\"height: 54px; width: 5.66108%;\"><span style=\"font-family: arial, helvetica, sans-serif; font-size: 18px;\">Boyut<\/span><\/td>\n<td style=\"height: 54px; width: 56.9087%;\">\n<p><span style=\"font-family: arial, helvetica, sans-serif; font-size: 18px;\">100X50, 100X100,100\u00d7200, 200X200,400X400mm, vb.<\/span><\/p>\n<\/td>\n<\/tr>\n<tr style=\"height: 54px;\">\n<td style=\"height: 54px; width: 5.66108%;\"><span style=\"font-family: arial, helvetica, sans-serif; font-size: 18px;\">Te\u015fekk\u00fcrler<\/span><\/td>\n<td style=\"height: 54px; width: 56.9087%;\">\n<p><span style=\"font-family: arial, helvetica, sans-serif; font-size: 18px;\">20mm, 30mm, 40mm, 50mm, 60mm, 80mm, 100mm, 120mm<\/span><\/p>\n<\/td>\n<\/tr>\n<tr style=\"height: 32px;\">\n<td style=\"height: 32px; width: 16.586%;\"><span style=\"font-family: arial, helvetica, sans-serif; font-size: 18px;\">Kerb<\/span><\/td>\n<td style=\"height: 32px; width: 5.66108%;\"><span style=\"font-family: arial, helvetica, sans-serif; font-size: 18px;\">Boyut<\/span><\/td>\n<td style=\"height: 32px; width: 56.9087%;\">\n<p><span style=\"font-family: arial, helvetica, sans-serif; font-size: 18px;\">1000x300x150\/200\/250mm<\/span><\/p>\n<\/td>\n<\/tr>\n<tr style=\"height: 22px;\">\n<td style=\"height: 22px; width: 20.9559%;\"><span style=\"font-family: arial, helvetica, sans-serif; font-size: 18px;\"><strong>Malzeme<\/strong><\/span><\/td>\n<td colspan=\"3\" style=\"height: 22px; width: 79.1558%;\"><span style=\"font-family: arial, helvetica, sans-serif; font-size: 18px;\"><strong>&nbsp;Granit<\/strong><\/span><\/td>\n<\/tr>\n<tr style=\"height: 22px;\">\n<td style=\"height: 22px; width: 20.9559%;\"><span style=\"font-family: arial, helvetica, sans-serif; font-size: 18px;\"><strong>Renk<\/strong><\/span><\/td>\n<td colspan=\"3\" style=\"height: 22px; width: 79.1558%;\"><span style=\"font-family: arial, helvetica, sans-serif; font-size: 18px;\">&nbsp; Siyah&nbsp;<\/span><\/td>\n<\/tr>\n<tr style=\"height: 54px;\">\n<td style=\"height: 54px; width: 20.9559%;\"><span style=\"font-family: arial, helvetica, sans-serif; font-size: 18px;\"><strong>Y\u00fczey \u0130\u015flemi<\/strong><\/span><\/td>\n<td colspan=\"3\" style=\"height: 54px; width: 79.1558%;\">\n<p><span style=\"font-family: arial, helvetica, sans-serif; font-size: 18px;\">&nbsp;Cilal\u0131, Honlanm\u0131\u015f,<strong>&nbsp;Antik, Asit y\u0131kama, Su itici, Alevli, vb.<\/strong><\/span><\/p>\n<\/td>\n<\/tr>\n<tr style=\"height: 54px;\">\n<td style=\"height: 54px; width: 20.9559%;\">\n<p><span style=\"font-family: arial, helvetica, sans-serif; font-size: 18px;\"><strong>Kal\u0131nl\u0131k Tolerans\u0131<\/strong><\/span><\/p>\n<\/td>\n<td style=\"height: 54px; width: 16.586%;\"><span style=\"font-family: arial, helvetica, sans-serif; font-size: 18px;\">&nbsp;&nbsp;\u00b11mm<\/span><\/td>\n<td style=\"height: 54px; width: 5.66108%;\"><span style=\"font-family: arial, helvetica, sans-serif; font-size: 18px;\"><strong>Fiyat<\/strong><\/span><\/td>\n<td style=\"height: 54px; width: 56.9087%;\"><span style=\"font-family: arial, helvetica, sans-serif;\">EXW, FOB, CNF, Pazarl\u0131k<\/span><\/td>\n<\/tr>\n<tr style=\"height: 32px;\">\n<td style=\"height: 32px; width: 20.9559%;\">\n<p><span style=\"font-family: arial, helvetica, sans-serif; font-size: 18px;\"><strong>Kullan\u0131m<\/strong><\/span><\/p>\n<\/td>\n<td style=\"height: 32px; width: 16.586%;\"><span style=\"font-family: arial, helvetica, sans-serif; font-size: 18px;\">&nbsp;&nbsp;\u0130\u00e7 ve d\u0131\u015f mekan&nbsp;<\/span><\/td>\n<td style=\"height: 32px; width: 5.66108%;\"><span style=\"font-family: arial, helvetica, sans-serif; font-size: 18px;\"><strong>Liman<\/strong><\/span><\/td>\n<td style=\"height: 32px; width: 56.9087%;\"><span style=\"font-family: arial, helvetica, sans-serif; font-size: 18px;\">Xiamen liman\u0131<\/span><\/td>\n<\/tr>\n<\/tbody>\n<\/table>\n<p><span style=\"font-family: arial, helvetica, sans-serif; font-size: 18px;\">&nbsp;<\/span><\/p>\n<p><span style=\"font-family: arial, helvetica, sans-serif; font-size: 18px;\"><strong class=\"adweb-blue\"><\/strong><\/span><\/p>\n<p><strong class=\"adweb-blue\"><\/strong><\/p>\n<p><strong class=\"adweb-blue\"><\/strong><\/p>\n<\/div>\n<div class=\"adweb-template-3\">\n<h5 class=\"adweb-border-blue\"><strong class=\"adweb-blue\">\u0130nci Siyah Granit Ta\u015f\u0131\u2019n\u0131n Avantajlar\u0131<\/strong><\/h5>\n<\/div>\n<p><span style=\"font-family: arial, helvetica, sans-serif; font-size: 18px;\">Do\u011fal Ta\u015f \u0130nci Siyah Granit, \u00e7e\u015fitli uygulamalar i\u00e7in pop\u00fcler bir tercih olmas\u0131n\u0131 sa\u011flayan birka\u00e7 avantaj sunar. \u0130\u015fte \u0130nci Siyah Granit\u2019in baz\u0131 \u00f6nemli avantajlar\u0131:<\/span><\/p>\n<p>&nbsp;<span style=\"color: #000000; font-family: arial, helvetica, sans-serif; font-size: 18px;\"><\/span><\/p>\n<div><span style=\"font-family: arial, helvetica, sans-serif; font-size: 18px;\"><img decoding=\"async\" src=\"https:\/\/data.adwebcloud.com\/public\/material\/230411wadmp3\/product\/pearlblackgranite03_1698048759982.png\" width=\"1000\" height=\"1000\" alt=\"\" \/><\/span><\/div>\n<div>\n<p><strong><span style=\"font-size: 18px; font-family: arial, helvetica, sans-serif;\">Estetik \u00c7ekicilik: <\/span><\/strong><\/p>\n<p><span style=\"font-size: 18px; font-family: arial, helvetica, sans-serif;\">\u0130nci Siyah Granit\u2019in en \u00f6nemli avantajlar\u0131ndan biri, \u00e7arp\u0131c\u0131 ve zarif g\u00f6r\u00fcn\u00fcm\u00fcd\u00fcr. Parlayan inci benzeri noktalarla s\u00fcslenmi\u015f derin siyah arka plan, l\u00fcks ve sofistike bir g\u00f6r\u00fcn\u00fcm yarat\u0131r. Herhangi bir mek\u00e2na biraz cazibe ve derinlik katar; genel estetik cazibesini art\u0131r\u0131r.<\/span><\/p>\n<p><strong><span style=\"font-size: 18px; font-family: arial, helvetica, sans-serif;\">Dayan\u0131kl\u0131l\u0131k: <\/span><\/strong><\/p>\n<p><span style=\"font-size: 18px; font-family: arial, helvetica, sans-serif;\">\u0130nci Siyah Granit, son derece dayan\u0131kl\u0131 bir do\u011fal ta\u015ft\u0131r. G\u00fc\u00e7l\u00fc ve diren\u00e7li olmas\u0131yla bilinir; a\u011f\u0131r kullan\u0131m ve a\u015f\u0131nmaya dayan\u0131kl\u0131d\u0131r. \u00c7izilmeye, \u0131s\u0131ya ve lekelere kar\u015f\u0131 diren\u00e7lidir; b\u00f6ylece zaman i\u00e7inde g\u00fczelli\u011fini ve b\u00fct\u00fcnl\u00fc\u011f\u00fcn\u00fc korur.<\/span><\/p>\n<p><strong><span style=\"font-size: 18px; font-family: arial, helvetica, sans-serif;\">\u00c7ok y\u00f6nl\u00fcl\u00fck:<\/span><\/strong><\/p>\n<p><span style=\"font-size: 18px; font-family: arial, helvetica, sans-serif;\"> \u0130nci Siyah Granit, \u00e7e\u015fitli uygulamalarda kullan\u0131labilen \u00e7ok y\u00f6nl\u00fc bir malzemedir. Hem bina i\u00e7i hem de d\u0131\u015fi projeler i\u00e7in uygundur; tezgahlar, zemin kaplamalar\u0131, duvar kaplamalar\u0131 ve daha fazlas\u0131 i\u00e7in esnek bir tercih olabilir. Zamans\u0131z cazibesi, gelenekselden \u00e7a\u011fda\u015fa kadar geni\u015f bir tasar\u0131m tarz\u0131n\u0131 tamamlayabilir.<\/span><\/p>\n<p><strong><span style=\"font-family: arial, helvetica, sans-serif; font-size: 18px;\">Kolay Bak\u0131m: <\/span><\/strong><\/p>\n<p><span style=\"font-family: arial, helvetica, sans-serif; font-size: 18px;\">\u0130nci Siyah Granit\u2019in bak\u0131m\u0131 nispeten kolayd\u0131r. Hafif, a\u015f\u0131nd\u0131rmayan temizleyicilerle d\u00fczenli temizlik ve periyodik s\u0131zd\u0131rmazl\u0131k i\u015flemleri, g\u00fczelli\u011fini korumaya ve y\u00fczeyini korumaya yard\u0131mc\u0131 olur. Leke ve \u00e7izilmelere kar\u015f\u0131 direnci de g\u00fcnl\u00fck bak\u0131m s\u00fcrecini kolayla\u015ft\u0131r\u0131r; bu da yo\u011fun kullan\u0131lan alanlar i\u00e7in pratik bir tercih yapar.<\/span><\/p>\n<p><strong><span style=\"font-family: arial, helvetica, sans-serif; font-size: 18px;\">Uzun \u00f6m\u00fcrl\u00fcl\u00fck: <\/span><\/strong><\/p>\n<p><span style=\"font-family: arial, helvetica, sans-serif; font-size: 18px;\">Uygun bak\u0131m ile \u0130nci Siyah Granit, estetik veya fonksiyonel niteliklerini kaybetmeden on y\u0131llarca dayanabilir. Zaman\u0131n testine dayanabilen uzun \u00f6m\u00fcrl\u00fc bir malzemedir; bu da konut ve ticari uygulamalar i\u00e7in uygun maliyetli bir yat\u0131r\u0131m anlam\u0131na gelir.<\/span><span style=\"font-family: arial, helvetica, sans-serif; font-size: 18px;\"><\/span><\/p>\n<p><span style=\"font-family: arial, helvetica, sans-serif; font-size: 18px; color: #000000;\"><\/span><\/div>\n<div>\n<div class=\"adweb-template-42\">\n<div class=\"adweb-flex-jc-sb adweb-text-align-c\">\n<div class=\"adweb-flex-item3 adweb-flex-item\">\n<div class=\"adweb-item-img\"><img decoding=\"async\" src=\"https:\/\/data.adwebcloud.com\/public\/material\/230411wadmp3\/product\/pearlblackgranite02_1698049031171.png\" width=\"400\" height=\"400\" alt=\"\" \/><\/div>\n<\/div>\n<div class=\"adweb-flex-item3 adweb-flex-item\">\n<div class=\"adweb-item-img\"><img loading=\"lazy\" decoding=\"async\" src=\"https:\/\/data.adwebcloud.com\/public\/material\/230411wadmp3\/product\/pearlblackgranite04_1698049047231.png\" width=\"400\" height=\"400\" alt=\"\" \/><\/div>\n<\/div>\n<div class=\"adweb-flex-item3 adweb-flex-item\">\n<div class=\"adweb-item-img\"><img loading=\"lazy\" decoding=\"async\" src=\"https:\/\/data.adwebcloud.com\/public\/material\/230411wadmp3\/product\/pearlblackgranite05_1698049106216.png\" width=\"400\" height=\"400\" alt=\"\" \/><\/div>\n<\/div>\n<\/div>\n<\/div>\n<\/div>\n<p><span style=\"font-family: arial, helvetica, sans-serif; font-size: 18px;\"><strong>\u00c7e\u015fitli Tasar\u0131m Tarzlar\u0131yla Uyum: <\/strong><\/span><\/p>\n<p><span style=\"font-family: arial, helvetica, sans-serif; font-size: 18px;\">\u0130nci Siyah Granit, gelenekselden \u00e7a\u011fda\u015fa kadar \u00e7e\u015fitli tasar\u0131m tarzlar\u0131yla iyi \u00e7al\u0131\u015f\u0131r. Farkl\u0131 renk paletleri ve malzemelerle uyum sa\u011flayabilir; b\u00f6ylece \u00e7ok y\u00f6nl\u00fc ve yarat\u0131c\u0131 tasar\u0131m se\u00e7enekleri sunar.<\/span><\/p>\n<p><strong><span style=\"font-family: arial, helvetica, sans-serif; font-size: 18px;\">M\u00fclk De\u011ferinin Artmas\u0131: <\/span><\/strong><\/p>\n<p><span style=\"font-family: arial, helvetica, sans-serif; font-size: 18px;\">Evinize veya m\u00fclk\u00fcn\u00fcze \u0130nci Siyah Granit eklemek, yeniden sat\u0131\u015f de\u011ferini art\u0131rabilir. Bu malzemenin l\u00fcks ve zamans\u0131z cazibesi, potansiyel al\u0131c\u0131lar\u0131 veya kirac\u0131lar\u0131 cezbedebilir ve onlara olumlu bir iz b\u0131rakabilir.<\/span><\/p>\n<p><span style=\"font-family: arial, helvetica, sans-serif; font-size: 18px;\"><\/span><\/p>\n<div class=\"adweb-template-3\">\n<h5 class=\"adweb-border-blue\"><strong class=\"adweb-blue\">Profesyonel \u0130nci Siyah Granit Ta\u015f\u0131 Fayans | Levha | Tezgah Fabrikas\u0131 \u00c7in\u2019de<\/strong><\/h5>\n<\/div>\n<p>&nbsp;<\/p>\n<p><span style=\"font-family: arial, helvetica, sans-serif; font-size: 18px; color: #000000;\"><img decoding=\"async\" src=\"https:\/\/data.adwebcloud.com\/public\/material\/230411wadmp3\/product\/imageFile_1684733123926.jpg\" alt=\"ESTA STONE Siyah Granit Fabrikas\u0131 \" style=\"white-space: normal;\" width=\"1100\" \/><\/span><\/p>\n<p><span style=\"font-family: arial, helvetica, sans-serif; font-size: 18px;\">\u0130nci Siyah Granit\u2019in g\u00fczelli\u011fini korumak ve uzun \u00f6m\u00fcrl\u00fcl\u00fc\u011f\u00fcn\u00fc sa\u011flamak i\u00e7in uygun bak\u0131m esast\u0131r. \u0130\u015fte \u0130nci Siyah Granit i\u00e7in baz\u0131 bak\u0131m ipu\u00e7lar\u0131:<\/span><\/p>\n<p><strong><span style=\"font-family: arial, helvetica, sans-serif; font-size: 18px;\">G\u00fcnl\u00fck Temizlik: <\/span><\/strong><\/p>\n<p><span style=\"font-family: arial, helvetica, sans-serif; font-size: 18px;\">\u0130nci Siyah Granit\u2019in y\u00fczeyini yumu\u015fak bir bez veya s\u00fcngerle, \u0131l\u0131k sabunlu suyla silin. Do\u011fal ta\u015flar i\u00e7in \u00f6zel olarak form\u00fcle edilmi\u015f hafif, pH n\u00f6tr bir temizleyici kullan\u0131n. A\u015f\u0131nd\u0131r\u0131c\u0131 veya asidik temizleyiciler ta\u015fa zarar verebilece\u011finden bunlardan ka\u00e7\u0131n\u0131n.<\/span><\/p>\n<p><strong><span style=\"font-family: arial, helvetica, sans-serif; font-size: 18px;\">D\u00f6k\u00fcnt\u00fc Temizli\u011fi:<\/span><\/strong><\/p>\n<p><span style=\"font-family: arial, helvetica, sans-serif; font-size: 18px;\"> Leke olu\u015fmas\u0131n\u0131 \u00f6nlemek i\u00e7in d\u00f6k\u00fcnt\u00fcleri hemen temizleyin. D\u00f6k\u00fcnt\u00fcy\u00fc yumu\u015fak bir bez veya ka\u011f\u0131t havluyla emin. Silme i\u015flemi s\u0131v\u0131y\u0131 yayabilir ve leke olu\u015fmas\u0131na yol a\u00e7abilir; bu nedenle m\u00fcmk\u00fcnse sert lekeler i\u00e7in hafif bir temizleyici kullan\u0131n.<\/span><\/p>\n<p><strong><span style=\"font-family: arial, helvetica, sans-serif; font-size: 18px;\">Profesyonel Bak\u0131m: <\/span><\/strong><\/p>\n<p><span style=\"font-family: arial, helvetica, sans-serif; font-size: 18px;\">Consider hiring a professional stone care specialist for deep cleaning, polishing, or restoration if necessary. They have the expertise and tools to properly care for and maintain the Pearl Black Granite surface.<\/span><\/p>\n<p><img loading=\"lazy\" decoding=\"async\" src=\"https:\/\/data.adwebcloud.com\/public\/material\/230411wadmp3\/product\/ContactUSkaobei_1689329255515.jpg\" width=\"1100\" height=\"511\" alt=\"Brezilya Via Lactea Siyah Granit Yer ve Duvar Karosu Tedarik\u00e7isi-Esta Stone\" \/><\/p>\n<\/p>\n<p><quillbot-extension-portal><\/quillbot-extension-portal><\/p>\n<p><quillbot-extension-portal><\/quillbot-extension-portal><\/p>","protected":false},"excerpt":{"rendered":"<p><span style=\"font-family: arial, helvetica, sans-serif; font-size: 18px;\">Peal Siyah Granit ile tan\u0131\u015f\u0131n: <\/span><\/p>\n<p><span style=\"font-family: arial, helvetica, sans-serif; font-size: 18px;\">\u0130nci Siyah\u0131 Granit, \u00e7arp\u0131c\u0131 g\u00f6r\u00fcn\u00fcm\u00fc ve benzersiz \u00f6zellikleriyle bilinen enfes bir do\u011fal ta\u015ft\u0131r. Bir granit t\u00fcr\u00fc olarak, milyonlarca y\u0131l boyunca magman\u0131n yava\u015f kristalle\u015fmesi yoluyla yer kabu\u011funun derinliklerinde olu\u015fur. Bu jeolojik s\u00fcre\u00e7, g\u00fczelli\u011fi ve i\u015flevselli\u011fi ile olduk\u00e7a de\u011ferli olan dayan\u0131kl\u0131 ve yo\u011fun bir malzeme ile sonu\u00e7lan\u0131r.<\/span><\/p>\n<p><span style=\"font-family: arial, helvetica, sans-serif; font-size: 18px;\">\u0130nci Siyah\u0131 Granit, genel g\u00f6r\u00fcn\u00fcm\u00fcne derinlik ve zarafet katan b\u00fcy\u00fcleyici inci benzeri mineral benekleri ve damarlar\u0131 ile zengin siyah bir arka plana sahiptir. Bu a\u00e7\u0131k renkli incilerin koyu zeminle etkile\u015fimi b\u00fcy\u00fcleyici bir kontrast yarat\u0131r ve hem konut hem de ticari uygulamalar i\u00e7in pop\u00fcler bir se\u00e7im haline getirir.<\/span><\/p>\n<p><span style=\"font-family: arial, helvetica, sans-serif; font-size: 18px;\">Granit \u00dcr\u00fcn: \u0130nci Siyah\u0131 Granit Plakalar Yer ve Duvar Karolar\u0131<\/span><br \/><span style=\"font-family: arial, helvetica, sans-serif; font-size: 18px;\">Granit Rengi: Siyah \u0130nci Siyah Granit ,G684Granit&nbsp;<\/span><br \/><span style=\"font-family: arial, helvetica, sans-serif; font-size: 18px;\">Granit Boyutu: 300\u00d7600, 600\u00d7600, 600\u00d7150, 457\u00d7457, 800\u00d7800 mm<\/span><br \/><span style=\"font-family: arial, helvetica, sans-serif; font-size: 18px;\">Kal\u0131nl\u0131k: 1.8cm, 2cm, 3cm, vb.<\/span><br \/><span style=\"font-family: arial, helvetica, sans-serif; font-size: 18px;\">Y\u00fczey: Cilal\u0131, Honlanm\u0131\u015f, Alevli, Derili<\/span><br \/><span style=\"font-family: arial, helvetica, sans-serif; font-size: 18px;\">ADEDI: 300 METREKARE<\/span><br \/><span style=\"font-family: arial, helvetica, sans-serif; font-size: 18px;\">Siyah Granit Fabrikas\u0131: ESTA STONE<\/span><br \/><span style=\"font-family: arial, helvetica, sans-serif; font-size: 18px;\">Kullan\u0131m Alanlar\u0131: \u0130nci Siyah\u0131 Granit Mutfak ve Banyo Tezgahlar\u0131, \u0130\u00e7 ve D\u0131\u015f Cephe Kesimi i\u00e7in uygundur<\/span><\/p>\n<p><span style=\"font-family: arial, helvetica, sans-serif; font-size: 18px;\">Uygulama: Esta Stone, Otel, Villa, Apartman, Ofis Binas\u0131, Hastane, Okul, Al\u0131\u015fveri\u015f Merkezi, Spor Mekanlar\u0131, Dinlenme Tesisleri, S\u00fcpermarket, depo, at\u00f6lye, park, \u00e7iftlik evi ve avlu mutfak ve banyo projeleri i\u00e7in 50+ Siyah Granit Ta\u015f sunmaktad\u0131r.<\/span><\/p>\n<p><quillbot-extension-portal><\/quillbot-extension-portal><\/p>\n<p><quillbot-extension-portal><\/quillbot-extension-portal><\/p>","protected":false},"featured_media":493991,"template":"","adweb_product_categories":[110,329],"adweb_product_tags":[29572,29579,705,29574,29577,29578,878,29573,29575,29576],"class_list":["post-493990","products","type-products","status-publish","has-post-thumbnail","hentry","adweb_product_cat-granite-stone","adweb_product_cat-granite-tiles","adweb_product_tag-black-granite-pearl","adweb_product_tag-black-pearl-antique-granite","adweb_product_tag-black-pearl-countertop","adweb_product_tag-black-pearl-granite-countertops","adweb_product_tag-black-pearl-granite-price","adweb_product_tag-black-pearl-granite-slab","adweb_product_tag-black-pearl-granite-tiles","adweb_product_tag-black-pearl-leathered-granite","adweb_product_tag-pearl-black-granite-factory","adweb_product_tag-pearl-black-granite-supplier"],"gallery":[493991,494382,494383,494384],"order":"0","acf":[],"_links":{"self":[{"href":"https:\/\/whitemarblegranite.com\/tr\/wp-json\/wp\/v2\/adweb_products\/493990","targetHints":{"allow":["GET"]}}],"collection":[{"href":"https:\/\/whitemarblegranite.com\/tr\/wp-json\/wp\/v2\/adweb_products"}],"about":[{"href":"https:\/\/whitemarblegranite.com\/tr\/wp-json\/wp\/v2\/types\/products"}],"wp:featuredmedia":[{"embeddable":true,"href":"https:\/\/whitemarblegranite.com\/tr\/wp-json\/wp\/v2\/media\/493991"}],"wp:attachment":[{"href":"https:\/\/whitemarblegranite.com\/tr\/wp-json\/wp\/v2\/media?parent=493990"}],"wp:term":[{"taxonomy":"adweb_product_cat","embeddable":true,"href":"https:\/\/whitemarblegranite.com\/tr\/wp-json\/wp\/v2\/adweb_product_categories?post=493990"},{"taxonomy":"adweb_product_tag","embeddable":true,"href":"https:\/\/whitemarblegranite.com\/tr\/wp-json\/wp\/v2\/adweb_product_tags?post=493990"}],"curies":[{"name":"wp","href":"https:\/\/api.w.org\/{rel}","templated":true}]}}